{"id":10179,"date":"2023-07-25T15:35:48","date_gmt":"2023-07-25T13:35:48","guid":{"rendered":"https:\/\/botrange.be\/?post_type=agenda&#038;p=10179"},"modified":"2023-09-19T09:39:36","modified_gmt":"2023-09-19T07:39:36","slug":"pilzfest-2023","status":"publish","type":"agenda","link":"https:\/\/botrange.be\/de\/agenda\/pilzfest-2023\/","title":{"rendered":"30 Jahre Pilzfest im Naturpark Hohes Venn-Eifel"},"content":{"rendered":"<p>Die erste Ausgabe der Pilzausstellung im Naturparkzentrum Botrange fand 1993 statt. Damals wurden Pilzmodelle aus verschiedenen Materialien ausgestellt. Diese k\u00fcnstlichen Pilze wurden nach einigen Jahren durch frische, im Gebiet des Naturparks hohes Venn-Eifel gepfl\u00fcckte Exemplare, ersetzt. Inzwischen werden jedes Jahr \u00fcber 100 verschiedene Pilzarten zusammengetragen. Dabei werden nicht nur die essbaren Sorten bevorzugt, sondern vor allen Dingen die Artenvielfalt und die unterschiedlichen Lebensr\u00e4ume dieser Organismen hervorgehoben.<\/p>\n<p>F\u00fcr alle, die nicht in den Wald gehen m\u00f6chten oder k\u00f6nnen, bietet diese Ausstellung eine gute Gelegenheit, Wissenswertes und Interessantes aus dem Reich der Pilze zu erfahren. Es besteht die M\u00f6glichkeit, mitgebrachte Pilze von erfahrenen Pilzkennern bestimmen zu lassen (bitte nur frische Pilze und nicht vermischt).<\/p>\n<p>F\u00fcr den Sonntag bieten wir zwei Pilzwanderungen an (ohne Pfl\u00fccken) und zwar von 10Uhr30 bis 13 Uhr und von 14Uhr bis 16Uhr30. Sprachen: DE, FR, NL.<\/p>\n<p>Anmeldung erw\u00fcnscht! Preis: 6,00 \u20ac ab 12 Jahre.<\/p>\n<p><img fetchpriority=\"high\" decoding=\"async\" class=\"alignleft size-full wp-image-8564\" src=\"https:\/\/botrange.be\/wp-content\/uploads\/2022\/06\/Pilzausstellung-scaled.jpg\" alt=\"F\u00eate des champignons \" width=\"2560\" height=\"1920\" srcset=\"https:\/\/botrange.be\/wp-content\/uploads\/2022\/06\/Pilzausstellung-scaled.jpg 2560w, https:\/\/botrange.be\/wp-content\/uploads\/2022\/06\/Pilzausstellung-300x225.jpg 300w, https:\/\/botrange.be\/wp-content\/uploads\/2022\/06\/Pilzausstellung-1024x768.jpg 1024w, https:\/\/botrange.be\/wp-content\/uploads\/2022\/06\/Pilzausstellung-768x576.jpg 768w, https:\/\/botrange.be\/wp-content\/uploads\/2022\/06\/Pilzausstellung-1536x1152.jpg 1536w, https:\/\/botrange.be\/wp-content\/uploads\/2022\/06\/Pilzausstellung-2048x1536.jpg 2048w\" sizes=\"(max-width: 2560px) 100vw, 2560px\" \/><\/p>\n","protected":false},"excerpt":{"rendered":"<p class=\"excerpt\">30 Jahre Pilzfest im Naturpark Hohes Venn-Eifel in Zusammenarbeit mit Natagora BNVS und dem Haus Ternell.<\/p>\n","protected":false},"author":6,"featured_media":8564,"template":"","categories":[],"tags":[],"class_list":["post-10179","agenda","type-agenda","status-publish","has-post-thumbnail","hentry"],"acf":[],"yoast_head":"<!-- This site is optimized with the Yoast SEO plugin v27.4 - https:\/\/yoast.com\/product\/yoast-seo-wordpress\/ -->\n<title>30 Jahre Pilzfest im Naturpark Hohes Venn-Eifel - Parc naturel Hautes Fagnes-Eifel<\/title>\n<meta name=\"robots\" content=\"index, follow, max-snippet:-1, max-image-preview:large, max-video-preview:-1\" \/>\n<link rel=\"canonical\" href=\"https:\/\/botrange.be\/de\/agenda\/pilzfest-2023\/\" \/>\n<meta property=\"og:locale\" content=\"de_DE\" \/>\n<meta property=\"og:type\" content=\"article\" \/>\n<meta property=\"og:title\" content=\"30 Jahre Pilzfest im Naturpark Hohes Venn-Eifel - Parc naturel Hautes Fagnes-Eifel\" \/>\n<meta property=\"og:description\" content=\"30 Jahre Pilzfest im Naturpark Hohes Venn-Eifel in Zusammenarbeit mit Natagora BNVS und dem Haus Ternell.\" \/>\n<meta property=\"og:url\" content=\"https:\/\/botrange.be\/de\/agenda\/pilzfest-2023\/\" \/>\n<meta property=\"og:site_name\" content=\"Parc naturel Hautes Fagnes-Eifel\" \/>\n<meta property=\"article:modified_time\" content=\"2023-09-19T07:39:36+00:00\" \/>\n<meta property=\"og:image\" content=\"https:\/\/botrange.be\/wp-content\/uploads\/2022\/06\/Pilzausstellung-scaled.jpg\" \/>\n\t<meta property=\"og:image:width\" content=\"2560\" \/>\n\t<meta property=\"og:image:height\" content=\"1920\" \/>\n\t<meta property=\"og:image:type\" content=\"image\/jpeg\" \/>\n<meta name=\"twitter:card\" content=\"summary_large_image\" \/>\n<meta name=\"twitter:label1\" content=\"Gesch\u00e4tzte Lesezeit\" \/>\n\t<meta name=\"twitter:data1\" content=\"1\u00a0Minute\" \/>\n<script type=\"application\/ld+json\" class=\"yoast-schema-graph\">{\"@context\":\"https:\\\/\\\/schema.org\",\"@graph\":[{\"@type\":\"WebPage\",\"@id\":\"https:\\\/\\\/botrange.be\\\/de\\\/agenda\\\/pilzfest-2023\\\/\",\"url\":\"https:\\\/\\\/botrange.be\\\/de\\\/agenda\\\/pilzfest-2023\\\/\",\"name\":\"30 Jahre Pilzfest im Naturpark Hohes Venn-Eifel - Parc naturel Hautes Fagnes-Eifel\",\"isPartOf\":{\"@id\":\"https:\\\/\\\/botrange.be\\\/de\\\/#website\"},\"primaryImageOfPage\":{\"@id\":\"https:\\\/\\\/botrange.be\\\/de\\\/agenda\\\/pilzfest-2023\\\/#primaryimage\"},\"image\":{\"@id\":\"https:\\\/\\\/botrange.be\\\/de\\\/agenda\\\/pilzfest-2023\\\/#primaryimage\"},\"thumbnailUrl\":\"https:\\\/\\\/botrange.be\\\/wp-content\\\/uploads\\\/2022\\\/06\\\/Pilzausstellung-scaled.jpg\",\"datePublished\":\"2023-07-25T13:35:48+00:00\",\"dateModified\":\"2023-09-19T07:39:36+00:00\",\"breadcrumb\":{\"@id\":\"https:\\\/\\\/botrange.be\\\/de\\\/agenda\\\/pilzfest-2023\\\/#breadcrumb\"},\"inLanguage\":\"de\",\"potentialAction\":[{\"@type\":\"ReadAction\",\"target\":[\"https:\\\/\\\/botrange.be\\\/de\\\/agenda\\\/pilzfest-2023\\\/\"]}]},{\"@type\":\"ImageObject\",\"inLanguage\":\"de\",\"@id\":\"https:\\\/\\\/botrange.be\\\/de\\\/agenda\\\/pilzfest-2023\\\/#primaryimage\",\"url\":\"https:\\\/\\\/botrange.be\\\/wp-content\\\/uploads\\\/2022\\\/06\\\/Pilzausstellung-scaled.jpg\",\"contentUrl\":\"https:\\\/\\\/botrange.be\\\/wp-content\\\/uploads\\\/2022\\\/06\\\/Pilzausstellung-scaled.jpg\",\"width\":2560,\"height\":1920,\"caption\":\"F\u00eate des champignons\"},{\"@type\":\"BreadcrumbList\",\"@id\":\"https:\\\/\\\/botrange.be\\\/de\\\/agenda\\\/pilzfest-2023\\\/#breadcrumb\",\"itemListElement\":[{\"@type\":\"ListItem\",\"position\":1,\"name\":\"Accueil\",\"item\":\"https:\\\/\\\/botrange.be\\\/de\\\/\"},{\"@type\":\"ListItem\",\"position\":2,\"name\":\"Agendas\",\"item\":\"https:\\\/\\\/botrange.be\\\/de\\\/agenda\\\/\"},{\"@type\":\"ListItem\",\"position\":3,\"name\":\"30 Jahre Pilzfest im Naturpark Hohes Venn-Eifel\"}]},{\"@type\":\"WebSite\",\"@id\":\"https:\\\/\\\/botrange.be\\\/de\\\/#website\",\"url\":\"https:\\\/\\\/botrange.be\\\/de\\\/\",\"name\":\"Parc naturel Hautes Fagnes-Eifel\",\"description\":\"50 ANS 1971-2021\",\"publisher\":{\"@id\":\"https:\\\/\\\/botrange.be\\\/de\\\/#organization\"},\"potentialAction\":[{\"@type\":\"SearchAction\",\"target\":{\"@type\":\"EntryPoint\",\"urlTemplate\":\"https:\\\/\\\/botrange.be\\\/de\\\/?s={search_term_string}\"},\"query-input\":{\"@type\":\"PropertyValueSpecification\",\"valueRequired\":true,\"valueName\":\"search_term_string\"}}],\"inLanguage\":\"de\"},{\"@type\":\"Organization\",\"@id\":\"https:\\\/\\\/botrange.be\\\/de\\\/#organization\",\"name\":\"Parc naturel Hautes Fagnes-Eifel\",\"url\":\"https:\\\/\\\/botrange.be\\\/de\\\/\",\"logo\":{\"@type\":\"ImageObject\",\"inLanguage\":\"de\",\"@id\":\"https:\\\/\\\/botrange.be\\\/de\\\/#\\\/schema\\\/logo\\\/image\\\/\",\"url\":\"https:\\\/\\\/botrange.be\\\/wp-content\\\/uploads\\\/2021\\\/06\\\/logo.svg\",\"contentUrl\":\"https:\\\/\\\/botrange.be\\\/wp-content\\\/uploads\\\/2021\\\/06\\\/logo.svg\",\"caption\":\"Parc naturel Hautes Fagnes-Eifel\"},\"image\":{\"@id\":\"https:\\\/\\\/botrange.be\\\/de\\\/#\\\/schema\\\/logo\\\/image\\\/\"}}]}<\/script>\n<!-- \/ Yoast SEO plugin. -->","yoast_head_json":{"title":"30 Jahre Pilzfest im Naturpark Hohes Venn-Eifel - Parc naturel Hautes Fagnes-Eifel","robots":{"index":"index","follow":"follow","max-snippet":"max-snippet:-1","max-image-preview":"max-image-preview:large","max-video-preview":"max-video-preview:-1"},"canonical":"https:\/\/botrange.be\/de\/agenda\/pilzfest-2023\/","og_locale":"de_DE","og_type":"article","og_title":"30 Jahre Pilzfest im Naturpark Hohes Venn-Eifel - Parc naturel Hautes Fagnes-Eifel","og_description":"30 Jahre Pilzfest im Naturpark Hohes Venn-Eifel in Zusammenarbeit mit Natagora BNVS und dem Haus Ternell.","og_url":"https:\/\/botrange.be\/de\/agenda\/pilzfest-2023\/","og_site_name":"Parc naturel Hautes Fagnes-Eifel","article_modified_time":"2023-09-19T07:39:36+00:00","og_image":[{"width":2560,"height":1920,"url":"https:\/\/botrange.be\/wp-content\/uploads\/2022\/06\/Pilzausstellung-scaled.jpg","type":"image\/jpeg"}],"twitter_card":"summary_large_image","twitter_misc":{"Gesch\u00e4tzte Lesezeit":"1\u00a0Minute"},"schema":{"@context":"https:\/\/schema.org","@graph":[{"@type":"WebPage","@id":"https:\/\/botrange.be\/de\/agenda\/pilzfest-2023\/","url":"https:\/\/botrange.be\/de\/agenda\/pilzfest-2023\/","name":"30 Jahre Pilzfest im Naturpark Hohes Venn-Eifel - Parc naturel Hautes Fagnes-Eifel","isPartOf":{"@id":"https:\/\/botrange.be\/de\/#website"},"primaryImageOfPage":{"@id":"https:\/\/botrange.be\/de\/agenda\/pilzfest-2023\/#primaryimage"},"image":{"@id":"https:\/\/botrange.be\/de\/agenda\/pilzfest-2023\/#primaryimage"},"thumbnailUrl":"https:\/\/botrange.be\/wp-content\/uploads\/2022\/06\/Pilzausstellung-scaled.jpg","datePublished":"2023-07-25T13:35:48+00:00","dateModified":"2023-09-19T07:39:36+00:00","breadcrumb":{"@id":"https:\/\/botrange.be\/de\/agenda\/pilzfest-2023\/#breadcrumb"},"inLanguage":"de","potentialAction":[{"@type":"ReadAction","target":["https:\/\/botrange.be\/de\/agenda\/pilzfest-2023\/"]}]},{"@type":"ImageObject","inLanguage":"de","@id":"https:\/\/botrange.be\/de\/agenda\/pilzfest-2023\/#primaryimage","url":"https:\/\/botrange.be\/wp-content\/uploads\/2022\/06\/Pilzausstellung-scaled.jpg","contentUrl":"https:\/\/botrange.be\/wp-content\/uploads\/2022\/06\/Pilzausstellung-scaled.jpg","width":2560,"height":1920,"caption":"F\u00eate des champignons"},{"@type":"BreadcrumbList","@id":"https:\/\/botrange.be\/de\/agenda\/pilzfest-2023\/#breadcrumb","itemListElement":[{"@type":"ListItem","position":1,"name":"Accueil","item":"https:\/\/botrange.be\/de\/"},{"@type":"ListItem","position":2,"name":"Agendas","item":"https:\/\/botrange.be\/de\/agenda\/"},{"@type":"ListItem","position":3,"name":"30 Jahre Pilzfest im Naturpark Hohes Venn-Eifel"}]},{"@type":"WebSite","@id":"https:\/\/botrange.be\/de\/#website","url":"https:\/\/botrange.be\/de\/","name":"Parc naturel Hautes Fagnes-Eifel","description":"50 ANS 1971-2021","publisher":{"@id":"https:\/\/botrange.be\/de\/#organization"},"potentialAction":[{"@type":"SearchAction","target":{"@type":"EntryPoint","urlTemplate":"https:\/\/botrange.be\/de\/?s={search_term_string}"},"query-input":{"@type":"PropertyValueSpecification","valueRequired":true,"valueName":"search_term_string"}}],"inLanguage":"de"},{"@type":"Organization","@id":"https:\/\/botrange.be\/de\/#organization","name":"Parc naturel Hautes Fagnes-Eifel","url":"https:\/\/botrange.be\/de\/","logo":{"@type":"ImageObject","inLanguage":"de","@id":"https:\/\/botrange.be\/de\/#\/schema\/logo\/image\/","url":"https:\/\/botrange.be\/wp-content\/uploads\/2021\/06\/logo.svg","contentUrl":"https:\/\/botrange.be\/wp-content\/uploads\/2021\/06\/logo.svg","caption":"Parc naturel Hautes Fagnes-Eifel"},"image":{"@id":"https:\/\/botrange.be\/de\/#\/schema\/logo\/image\/"}}]}},"_links":{"self":[{"href":"https:\/\/botrange.be\/de\/wp-json\/wp\/v2\/agenda\/10179","targetHints":{"allow":["GET"]}}],"collection":[{"href":"https:\/\/botrange.be\/de\/wp-json\/wp\/v2\/agenda"}],"about":[{"href":"https:\/\/botrange.be\/de\/wp-json\/wp\/v2\/types\/agenda"}],"author":[{"embeddable":true,"href":"https:\/\/botrange.be\/de\/wp-json\/wp\/v2\/users\/6"}],"version-history":[{"count":6,"href":"https:\/\/botrange.be\/de\/wp-json\/wp\/v2\/agenda\/10179\/revisions"}],"predecessor-version":[{"id":10257,"href":"https:\/\/botrange.be\/de\/wp-json\/wp\/v2\/agenda\/10179\/revisions\/10257"}],"wp:featuredmedia":[{"embeddable":true,"href":"https:\/\/botrange.be\/de\/wp-json\/wp\/v2\/media\/8564"}],"wp:attachment":[{"href":"https:\/\/botrange.be\/de\/wp-json\/wp\/v2\/media?parent=10179"}],"wp:term":[{"taxonomy":"category","embeddable":true,"href":"https:\/\/botrange.be\/de\/wp-json\/wp\/v2\/categories?post=10179"},{"taxonomy":"post_tag","embeddable":true,"href":"https:\/\/botrange.be\/de\/wp-json\/wp\/v2\/tags?post=10179"}],"curies":[{"name":"wp","href":"https:\/\/api.w.org\/{rel}","templated":true}]}}