{"id":10327,"date":"2023-10-06T09:55:22","date_gmt":"2023-10-06T07:55:22","guid":{"rendered":"https:\/\/botrange.be\/?post_type=agenda&#038;p=10327"},"modified":"2023-10-06T10:02:40","modified_gmt":"2023-10-06T08:02:40","slug":"netzwerk-natur-praesentiert-meister-bockert-landschaftsarchitekt-par-excellence","status":"publish","type":"agenda","link":"https:\/\/botrange.be\/de\/agenda\/netzwerk-natur-praesentiert-meister-bockert-landschaftsarchitekt-par-excellence\/","title":{"rendered":"Netzwerk Natur pr\u00e4sentiert: Biber-Vortrag"},"content":{"rendered":"<p>Nachdem Biber weltweit nahezu ausgerottet waren, kehren sie in vielen Regionen Europas dank umfangreicher Schutzma\u00dfnahmen wieder in ihre angestammten Gebiete zur\u00fcck.<\/p>\n<p>Als \u00d6kosystem-Ingenieure gestalten sie Gew\u00e4sser und ganze Landschaften nach eigenen Anspr\u00fcchen. Sie stellen damit unsere Vorstellungen, wie nat\u00fcrliche Flie\u00dfgew\u00e4sser aussehen, in Frage, wenn sie mit zahllosen Biberd\u00e4mmen B\u00e4che zu Teichkaskaden aufstauen, beschattende B\u00e4ume entlang der Ufer f\u00e4llen und Kan\u00e4le zum Fl\u00f6\u00dfen von Holz graben.<\/p>\n<p>Doch wie wirkt sich das auf Natur und Artenvielfalt aus? Welche Effekte hat das f\u00fcr den Wasserhaushalt und das Abflussverhalten der Gew\u00e4sser? Welche Konflikte entstehen und was f\u00fcr Chancen bieten Biber vor dem Hintergrund einer sich \u00e4ndernden Welt?<\/p>\n<p>Diese Fragen greift der Vortrag auf Basis eigener Untersuchungen in der Nordeifel und aktueller internationaler Studien anhand von Beispielen auf.<\/p>\n<p><img fetchpriority=\"high\" decoding=\"async\" class=\"alignleft size-full wp-image-9302\" src=\"https:\/\/botrange.be\/wp-content\/uploads\/2022\/11\/Logos-netzwerk-natur-ostbelgien.png\" alt=\"Netzwerk Natur Ostbelgien\" width=\"675\" height=\"144\" srcset=\"https:\/\/botrange.be\/wp-content\/uploads\/2022\/11\/Logos-netzwerk-natur-ostbelgien.png 675w, https:\/\/botrange.be\/wp-content\/uploads\/2022\/11\/Logos-netzwerk-natur-ostbelgien-300x64.png 300w\" sizes=\"(max-width: 675px) 100vw, 675px\" \/><img decoding=\"async\" class=\"alignleft size-full wp-image-10328\" src=\"https:\/\/botrange.be\/wp-content\/uploads\/2023\/10\/Biber-\u00a9-Jean-Marie-Poncelet.jpg\" alt=\"\" width=\"1772\" height=\"1181\" srcset=\"https:\/\/botrange.be\/wp-content\/uploads\/2023\/10\/Biber-\u00a9-Jean-Marie-Poncelet.jpg 1772w, https:\/\/botrange.be\/wp-content\/uploads\/2023\/10\/Biber-\u00a9-Jean-Marie-Poncelet-300x200.jpg 300w, https:\/\/botrange.be\/wp-content\/uploads\/2023\/10\/Biber-\u00a9-Jean-Marie-Poncelet-1024x682.jpg 1024w, https:\/\/botrange.be\/wp-content\/uploads\/2023\/10\/Biber-\u00a9-Jean-Marie-Poncelet-768x512.jpg 768w, https:\/\/botrange.be\/wp-content\/uploads\/2023\/10\/Biber-\u00a9-Jean-Marie-Poncelet-1536x1024.jpg 1536w\" sizes=\"(max-width: 1772px) 100vw, 1772px\" \/><\/p>\n","protected":false},"excerpt":{"rendered":"<p class=\"excerpt\">Informationsabend zum Thema &#8222;Biber&#8220; mit dem Biologen Dr. Lutz Dalbeck von der Biostation D\u00fcren.<\/p>\n","protected":false},"author":6,"featured_media":10328,"template":"","categories":[],"tags":[],"class_list":["post-10327","agenda","type-agenda","status-publish","has-post-thumbnail","hentry"],"acf":[],"yoast_head":"<!-- This site is optimized with the Yoast SEO plugin v27.4 - https:\/\/yoast.com\/product\/yoast-seo-wordpress\/ -->\n<title>Netzwerk Natur pr\u00e4sentiert: Biber-Vortrag - Parc naturel Hautes Fagnes-Eifel<\/title>\n<meta name=\"robots\" content=\"index, follow, max-snippet:-1, max-image-preview:large, max-video-preview:-1\" \/>\n<link rel=\"canonical\" href=\"https:\/\/botrange.be\/de\/agenda\/netzwerk-natur-praesentiert-meister-bockert-landschaftsarchitekt-par-excellence\/\" \/>\n<meta property=\"og:locale\" content=\"de_DE\" \/>\n<meta property=\"og:type\" content=\"article\" \/>\n<meta property=\"og:title\" content=\"Netzwerk Natur pr\u00e4sentiert: Biber-Vortrag - Parc naturel Hautes Fagnes-Eifel\" \/>\n<meta property=\"og:description\" content=\"Informationsabend zum Thema &quot;Biber&quot; mit dem Biologen Dr. Lutz Dalbeck von der Biostation D\u00fcren.\" \/>\n<meta property=\"og:url\" content=\"https:\/\/botrange.be\/de\/agenda\/netzwerk-natur-praesentiert-meister-bockert-landschaftsarchitekt-par-excellence\/\" \/>\n<meta property=\"og:site_name\" content=\"Parc naturel Hautes Fagnes-Eifel\" \/>\n<meta property=\"article:modified_time\" content=\"2023-10-06T08:02:40+00:00\" \/>\n<meta property=\"og:image\" content=\"https:\/\/botrange.be\/wp-content\/uploads\/2023\/10\/Biber-\u00a9-Jean-Marie-Poncelet-1024x682.jpg\" \/>\n\t<meta property=\"og:image:width\" content=\"1024\" \/>\n\t<meta property=\"og:image:height\" content=\"682\" \/>\n\t<meta property=\"og:image:type\" content=\"image\/jpeg\" \/>\n<meta name=\"twitter:card\" content=\"summary_large_image\" \/>\n<meta name=\"twitter:label1\" content=\"Gesch\u00e4tzte Lesezeit\" \/>\n\t<meta name=\"twitter:data1\" content=\"1\u00a0Minute\" \/>\n<script type=\"application\/ld+json\" class=\"yoast-schema-graph\">{\"@context\":\"https:\\\/\\\/schema.org\",\"@graph\":[{\"@type\":\"WebPage\",\"@id\":\"https:\\\/\\\/botrange.be\\\/de\\\/agenda\\\/netzwerk-natur-praesentiert-meister-bockert-landschaftsarchitekt-par-excellence\\\/\",\"url\":\"https:\\\/\\\/botrange.be\\\/de\\\/agenda\\\/netzwerk-natur-praesentiert-meister-bockert-landschaftsarchitekt-par-excellence\\\/\",\"name\":\"Netzwerk Natur pr\u00e4sentiert: Biber-Vortrag - Parc naturel Hautes Fagnes-Eifel\",\"isPartOf\":{\"@id\":\"https:\\\/\\\/botrange.be\\\/de\\\/#website\"},\"primaryImageOfPage\":{\"@id\":\"https:\\\/\\\/botrange.be\\\/de\\\/agenda\\\/netzwerk-natur-praesentiert-meister-bockert-landschaftsarchitekt-par-excellence\\\/#primaryimage\"},\"image\":{\"@id\":\"https:\\\/\\\/botrange.be\\\/de\\\/agenda\\\/netzwerk-natur-praesentiert-meister-bockert-landschaftsarchitekt-par-excellence\\\/#primaryimage\"},\"thumbnailUrl\":\"https:\\\/\\\/botrange.be\\\/wp-content\\\/uploads\\\/2023\\\/10\\\/Biber-\u00a9-Jean-Marie-Poncelet.jpg\",\"datePublished\":\"2023-10-06T07:55:22+00:00\",\"dateModified\":\"2023-10-06T08:02:40+00:00\",\"breadcrumb\":{\"@id\":\"https:\\\/\\\/botrange.be\\\/de\\\/agenda\\\/netzwerk-natur-praesentiert-meister-bockert-landschaftsarchitekt-par-excellence\\\/#breadcrumb\"},\"inLanguage\":\"de\",\"potentialAction\":[{\"@type\":\"ReadAction\",\"target\":[\"https:\\\/\\\/botrange.be\\\/de\\\/agenda\\\/netzwerk-natur-praesentiert-meister-bockert-landschaftsarchitekt-par-excellence\\\/\"]}]},{\"@type\":\"ImageObject\",\"inLanguage\":\"de\",\"@id\":\"https:\\\/\\\/botrange.be\\\/de\\\/agenda\\\/netzwerk-natur-praesentiert-meister-bockert-landschaftsarchitekt-par-excellence\\\/#primaryimage\",\"url\":\"https:\\\/\\\/botrange.be\\\/wp-content\\\/uploads\\\/2023\\\/10\\\/Biber-\u00a9-Jean-Marie-Poncelet.jpg\",\"contentUrl\":\"https:\\\/\\\/botrange.be\\\/wp-content\\\/uploads\\\/2023\\\/10\\\/Biber-\u00a9-Jean-Marie-Poncelet.jpg\",\"width\":1772,\"height\":1181},{\"@type\":\"BreadcrumbList\",\"@id\":\"https:\\\/\\\/botrange.be\\\/de\\\/agenda\\\/netzwerk-natur-praesentiert-meister-bockert-landschaftsarchitekt-par-excellence\\\/#breadcrumb\",\"itemListElement\":[{\"@type\":\"ListItem\",\"position\":1,\"name\":\"Accueil\",\"item\":\"https:\\\/\\\/botrange.be\\\/de\\\/\"},{\"@type\":\"ListItem\",\"position\":2,\"name\":\"Agendas\",\"item\":\"https:\\\/\\\/botrange.be\\\/de\\\/agenda\\\/\"},{\"@type\":\"ListItem\",\"position\":3,\"name\":\"Netzwerk Natur pr\u00e4sentiert: Biber-Vortrag\"}]},{\"@type\":\"WebSite\",\"@id\":\"https:\\\/\\\/botrange.be\\\/de\\\/#website\",\"url\":\"https:\\\/\\\/botrange.be\\\/de\\\/\",\"name\":\"Parc naturel Hautes Fagnes-Eifel\",\"description\":\"50 ANS 1971-2021\",\"publisher\":{\"@id\":\"https:\\\/\\\/botrange.be\\\/de\\\/#organization\"},\"potentialAction\":[{\"@type\":\"SearchAction\",\"target\":{\"@type\":\"EntryPoint\",\"urlTemplate\":\"https:\\\/\\\/botrange.be\\\/de\\\/?s={search_term_string}\"},\"query-input\":{\"@type\":\"PropertyValueSpecification\",\"valueRequired\":true,\"valueName\":\"search_term_string\"}}],\"inLanguage\":\"de\"},{\"@type\":\"Organization\",\"@id\":\"https:\\\/\\\/botrange.be\\\/de\\\/#organization\",\"name\":\"Parc naturel Hautes Fagnes-Eifel\",\"url\":\"https:\\\/\\\/botrange.be\\\/de\\\/\",\"logo\":{\"@type\":\"ImageObject\",\"inLanguage\":\"de\",\"@id\":\"https:\\\/\\\/botrange.be\\\/de\\\/#\\\/schema\\\/logo\\\/image\\\/\",\"url\":\"https:\\\/\\\/botrange.be\\\/wp-content\\\/uploads\\\/2021\\\/06\\\/logo.svg\",\"contentUrl\":\"https:\\\/\\\/botrange.be\\\/wp-content\\\/uploads\\\/2021\\\/06\\\/logo.svg\",\"caption\":\"Parc naturel Hautes Fagnes-Eifel\"},\"image\":{\"@id\":\"https:\\\/\\\/botrange.be\\\/de\\\/#\\\/schema\\\/logo\\\/image\\\/\"}}]}<\/script>\n<!-- \/ Yoast SEO plugin. -->","yoast_head_json":{"title":"Netzwerk Natur pr\u00e4sentiert: Biber-Vortrag - Parc naturel Hautes Fagnes-Eifel","robots":{"index":"index","follow":"follow","max-snippet":"max-snippet:-1","max-image-preview":"max-image-preview:large","max-video-preview":"max-video-preview:-1"},"canonical":"https:\/\/botrange.be\/de\/agenda\/netzwerk-natur-praesentiert-meister-bockert-landschaftsarchitekt-par-excellence\/","og_locale":"de_DE","og_type":"article","og_title":"Netzwerk Natur pr\u00e4sentiert: Biber-Vortrag - Parc naturel Hautes Fagnes-Eifel","og_description":"Informationsabend zum Thema \"Biber\" mit dem Biologen Dr. Lutz Dalbeck von der Biostation D\u00fcren.","og_url":"https:\/\/botrange.be\/de\/agenda\/netzwerk-natur-praesentiert-meister-bockert-landschaftsarchitekt-par-excellence\/","og_site_name":"Parc naturel Hautes Fagnes-Eifel","article_modified_time":"2023-10-06T08:02:40+00:00","og_image":[{"width":1024,"height":682,"url":"https:\/\/botrange.be\/wp-content\/uploads\/2023\/10\/Biber-\u00a9-Jean-Marie-Poncelet-1024x682.jpg","type":"image\/jpeg"}],"twitter_card":"summary_large_image","twitter_misc":{"Gesch\u00e4tzte Lesezeit":"1\u00a0Minute"},"schema":{"@context":"https:\/\/schema.org","@graph":[{"@type":"WebPage","@id":"https:\/\/botrange.be\/de\/agenda\/netzwerk-natur-praesentiert-meister-bockert-landschaftsarchitekt-par-excellence\/","url":"https:\/\/botrange.be\/de\/agenda\/netzwerk-natur-praesentiert-meister-bockert-landschaftsarchitekt-par-excellence\/","name":"Netzwerk Natur pr\u00e4sentiert: Biber-Vortrag - Parc naturel Hautes Fagnes-Eifel","isPartOf":{"@id":"https:\/\/botrange.be\/de\/#website"},"primaryImageOfPage":{"@id":"https:\/\/botrange.be\/de\/agenda\/netzwerk-natur-praesentiert-meister-bockert-landschaftsarchitekt-par-excellence\/#primaryimage"},"image":{"@id":"https:\/\/botrange.be\/de\/agenda\/netzwerk-natur-praesentiert-meister-bockert-landschaftsarchitekt-par-excellence\/#primaryimage"},"thumbnailUrl":"https:\/\/botrange.be\/wp-content\/uploads\/2023\/10\/Biber-\u00a9-Jean-Marie-Poncelet.jpg","datePublished":"2023-10-06T07:55:22+00:00","dateModified":"2023-10-06T08:02:40+00:00","breadcrumb":{"@id":"https:\/\/botrange.be\/de\/agenda\/netzwerk-natur-praesentiert-meister-bockert-landschaftsarchitekt-par-excellence\/#breadcrumb"},"inLanguage":"de","potentialAction":[{"@type":"ReadAction","target":["https:\/\/botrange.be\/de\/agenda\/netzwerk-natur-praesentiert-meister-bockert-landschaftsarchitekt-par-excellence\/"]}]},{"@type":"ImageObject","inLanguage":"de","@id":"https:\/\/botrange.be\/de\/agenda\/netzwerk-natur-praesentiert-meister-bockert-landschaftsarchitekt-par-excellence\/#primaryimage","url":"https:\/\/botrange.be\/wp-content\/uploads\/2023\/10\/Biber-\u00a9-Jean-Marie-Poncelet.jpg","contentUrl":"https:\/\/botrange.be\/wp-content\/uploads\/2023\/10\/Biber-\u00a9-Jean-Marie-Poncelet.jpg","width":1772,"height":1181},{"@type":"BreadcrumbList","@id":"https:\/\/botrange.be\/de\/agenda\/netzwerk-natur-praesentiert-meister-bockert-landschaftsarchitekt-par-excellence\/#breadcrumb","itemListElement":[{"@type":"ListItem","position":1,"name":"Accueil","item":"https:\/\/botrange.be\/de\/"},{"@type":"ListItem","position":2,"name":"Agendas","item":"https:\/\/botrange.be\/de\/agenda\/"},{"@type":"ListItem","position":3,"name":"Netzwerk Natur pr\u00e4sentiert: Biber-Vortrag"}]},{"@type":"WebSite","@id":"https:\/\/botrange.be\/de\/#website","url":"https:\/\/botrange.be\/de\/","name":"Parc naturel Hautes Fagnes-Eifel","description":"50 ANS 1971-2021","publisher":{"@id":"https:\/\/botrange.be\/de\/#organization"},"potentialAction":[{"@type":"SearchAction","target":{"@type":"EntryPoint","urlTemplate":"https:\/\/botrange.be\/de\/?s={search_term_string}"},"query-input":{"@type":"PropertyValueSpecification","valueRequired":true,"valueName":"search_term_string"}}],"inLanguage":"de"},{"@type":"Organization","@id":"https:\/\/botrange.be\/de\/#organization","name":"Parc naturel Hautes Fagnes-Eifel","url":"https:\/\/botrange.be\/de\/","logo":{"@type":"ImageObject","inLanguage":"de","@id":"https:\/\/botrange.be\/de\/#\/schema\/logo\/image\/","url":"https:\/\/botrange.be\/wp-content\/uploads\/2021\/06\/logo.svg","contentUrl":"https:\/\/botrange.be\/wp-content\/uploads\/2021\/06\/logo.svg","caption":"Parc naturel Hautes Fagnes-Eifel"},"image":{"@id":"https:\/\/botrange.be\/de\/#\/schema\/logo\/image\/"}}]}},"_links":{"self":[{"href":"https:\/\/botrange.be\/de\/wp-json\/wp\/v2\/agenda\/10327","targetHints":{"allow":["GET"]}}],"collection":[{"href":"https:\/\/botrange.be\/de\/wp-json\/wp\/v2\/agenda"}],"about":[{"href":"https:\/\/botrange.be\/de\/wp-json\/wp\/v2\/types\/agenda"}],"author":[{"embeddable":true,"href":"https:\/\/botrange.be\/de\/wp-json\/wp\/v2\/users\/6"}],"version-history":[{"count":6,"href":"https:\/\/botrange.be\/de\/wp-json\/wp\/v2\/agenda\/10327\/revisions"}],"predecessor-version":[{"id":10337,"href":"https:\/\/botrange.be\/de\/wp-json\/wp\/v2\/agenda\/10327\/revisions\/10337"}],"wp:featuredmedia":[{"embeddable":true,"href":"https:\/\/botrange.be\/de\/wp-json\/wp\/v2\/media\/10328"}],"wp:attachment":[{"href":"https:\/\/botrange.be\/de\/wp-json\/wp\/v2\/media?parent=10327"}],"wp:term":[{"taxonomy":"category","embeddable":true,"href":"https:\/\/botrange.be\/de\/wp-json\/wp\/v2\/categories?post=10327"},{"taxonomy":"post_tag","embeddable":true,"href":"https:\/\/botrange.be\/de\/wp-json\/wp\/v2\/tags?post=10327"}],"curies":[{"name":"wp","href":"https:\/\/api.w.org\/{rel}","templated":true}]}}