{"id":10914,"date":"2024-02-13T18:27:24","date_gmt":"2024-02-13T17:27:24","guid":{"rendered":"https:\/\/botrange.be\/agenda\/les-journees-wallonnes-de-leau\/"},"modified":"2024-03-13T10:40:05","modified_gmt":"2024-03-13T09:40:05","slug":"les-journees-wallonnes-de-leau-2","status":"publish","type":"agenda","link":"https:\/\/botrange.be\/de\/agenda\/les-journees-wallonnes-de-leau-2\/","title":{"rendered":"Die Wallonischen Tage des Wassers"},"content":{"rendered":"<p>Wie jedes Jahr finden die Wallonischen Wassertage Ende M\u00e4rz statt und bieten die Gelegenheit, die \u00d6ffentlichkeit f\u00fcr unser kostbares WASSER zu sensibilisieren!<\/p>\n<p>Auch in diesem Jahr bieten der Flussvertrag Mosel (koordiniert vom Naturpark) und der Flussvertrag Amel zahlreiche Aktivit\u00e4ten an: gef\u00fchrte Naturwanderungen, Besuche von Naturschutzgebieten und Wasserentnahmestellen, Workshops zu \u00f6kologischen Reinigungsmitteln, Fotoausstellungen, Auff\u00fchrungen, Animationen und vieles mehr!<\/p>\n<p>&nbsp;<\/p>\n<h3>Aktivit\u00e4ten Naturpark<\/h3>\n<h3>16\/03<\/h3>\n<p><strong>[AUSGEBUCHT] Gef\u00fchrter Spaziergang: Flussperlmuscheln, Schirmarten<\/strong><\/p>\n<p>Gef\u00fchrte Wanderung zu den Themen S\u00fc\u00dfwassermuscheln (Flussperlmuscheln, Bachmuscheln), Renaturierung von Wasserl\u00e4ufen, Wasserqualit\u00e4t (ca. 5 km).<\/p>\n<p><em>Treffpunkt<\/em>: An der Stra\u00dfe zwischen Lommersweiler und Hasselbach, am Zusammenfluss von Hasselbach und Braunlauf.<br \/>\n<em>Dauer<\/em>: von 10.00 bis 12.00 Uhr<br \/>\n<em>F\u00fchrung<\/em>: Dominik Arens, Beauftragter f\u00fcr das LIFE Vall\u00e9es Ardennaises<\/p>\n<p><strong>[AUSGEBUCHT] Workshop zur Herstellung von \u00f6kologischen Reinigungsmitteln<\/strong><\/p>\n<p><em>Treffpunkt<\/em>: Naturparkzentrum &#8211; Route de Botrange 131, 4650 Weismes.<br \/>\n<em>Dauer<\/em>: von 10 bis 12 Uhr<br \/>\n<em>Leitung<\/em>: Nahla Schaus, Beauftragte f\u00fcr den Flussvertrag Mosel<\/p>\n<p>&nbsp;<\/p>\n<h3>23\/03<\/h3>\n<p><strong>Einf\u00fchrender Vortrag \u00fcber Wasserv\u00f6gel<\/strong><\/p>\n<p>\u00d6kologie der Wasserl\u00e4ufe, Bedeutung der Wasservogelz\u00e4hlung mit Schwerpunkt auf den Arten des Gebietes. Abschlie\u00dfend werden einige praktische Tipps f\u00fcr die Z\u00e4hlung gegeben.<\/p>\n<p><em>Treffpunkt<\/em>: Naturparkzentrum &#8211; Route de Botrange 131, 4650 Weismes<br \/>\n<em>Dauer<\/em>: von 10.00 bis 12.00 Uhr<br \/>\n<em>Referent<\/em>: Gerhard Reuter, Ornithologe bei AVES-Ostkantone<\/p>\n<h3>30\/03<\/h3>\n<p><strong>Wanderung entlang der Our und Z\u00e4hlung von Wasserv\u00f6geln (12 km)<\/strong><\/p>\n<p><em>Treffpunkt<\/em>: Ourbr\u00fccke in Sch\u00f6nberg<br \/>\n<em>Dauer<\/em>: von 8:00 bis 13:00 Uhr<br \/>\n<em>F\u00fchrung<\/em>: Gerhard Reuter, Ornithologe bei AVES-Ostkantone<\/p>\n<p>Alle Details: <a href=\"https:\/\/botrange.be\/wp-content\/uploads\/2024\/02\/2024-01-10-Einladung-Wasservogelzahlung-2024.pdf\">Einladung Wasservogelz\u00e4hlung 2024<\/a><\/p>\n<h2><a href=\"https:\/\/www.crambleve.com\/journees-wallonnes-de-l-eau\">Vollst\u00e4ndiges Programm des Flussvertrags Amel<\/a><\/h2>\n<h2><\/h2>\n","protected":false},"excerpt":{"rendered":"<p class=\"excerpt\">Wie jedes Jahr finden die Wallonischen Wassertage Ende M\u00e4rz statt und bieten die Gelegenheit, die \u00d6ffentlichkeit f\u00fcr unser kostbares WASSER zu sensibilisieren! Auch in diesem Jahr bieten der Flussvertrag Mosel (koordiniert vom Naturpark) und der Flussvertrag Amel zahlreiche Aktivit\u00e4ten an: gef\u00fchrte Naturwanderungen, Besuche von Naturschutzgebieten und Wasserentnahmestellen, Workshops zu \u00f6kologischen Reinigungsmitteln, Fotoausstellungen, Auff\u00fchrungen, Animationen und vieles mehr!<\/p>\n","protected":false},"author":6,"featured_media":8995,"template":"","categories":[],"tags":[],"class_list":["post-10914","agenda","type-agenda","status-publish","has-post-thumbnail","hentry"],"acf":[],"yoast_head":"<!-- This site is optimized with the Yoast SEO plugin v27.4 - https:\/\/yoast.com\/product\/yoast-seo-wordpress\/ -->\n<title>Die Wallonischen Tage des Wassers - Parc naturel Hautes Fagnes-Eifel<\/title>\n<meta name=\"description\" content=\"Wie jedes Jahr finden die Wallonischen Wassertage Ende M\u00e4rz statt und bieten die Gelegenheit, die \u00d6ffentlichkeit f\u00fcr unser kostbares WASSER zu sensibilisieren! Auch in diesem Jahr bieten der Flussvertrag Mosel (koordiniert vom Naturpark) und der Flussvertrag Amel zahlreiche Aktivit\u00e4ten an: gef\u00fchrte Naturwanderungen, Besuche von Naturschutzgebieten und Wasserentnahmestellen, Workshops zu \u00f6kologischen Reinigungsmitteln, Fotoausstellungen, Auff\u00fchrungen, Animationen und vieles mehr!\" \/>\n<meta name=\"robots\" content=\"index, follow, max-snippet:-1, max-image-preview:large, max-video-preview:-1\" \/>\n<link rel=\"canonical\" href=\"https:\/\/botrange.be\/de\/agenda\/les-journees-wallonnes-de-leau-2\/\" \/>\n<meta property=\"og:locale\" content=\"de_DE\" \/>\n<meta property=\"og:type\" content=\"article\" \/>\n<meta property=\"og:title\" content=\"Die Wallonischen Tage des Wassers - Parc naturel Hautes Fagnes-Eifel\" \/>\n<meta property=\"og:description\" content=\"Wie jedes Jahr finden die Wallonischen Wassertage Ende M\u00e4rz statt und bieten die Gelegenheit, die \u00d6ffentlichkeit f\u00fcr unser kostbares WASSER zu sensibilisieren! Auch in diesem Jahr bieten der Flussvertrag Mosel (koordiniert vom Naturpark) und der Flussvertrag Amel zahlreiche Aktivit\u00e4ten an: gef\u00fchrte Naturwanderungen, Besuche von Naturschutzgebieten und Wasserentnahmestellen, Workshops zu \u00f6kologischen Reinigungsmitteln, Fotoausstellungen, Auff\u00fchrungen, Animationen und vieles mehr!\" \/>\n<meta property=\"og:url\" content=\"https:\/\/botrange.be\/de\/agenda\/les-journees-wallonnes-de-leau-2\/\" \/>\n<meta property=\"og:site_name\" content=\"Parc naturel Hautes Fagnes-Eifel\" \/>\n<meta property=\"article:modified_time\" content=\"2024-03-13T09:40:05+00:00\" \/>\n<meta property=\"og:image\" content=\"https:\/\/botrange.be\/wp-content\/uploads\/2022\/11\/kazuend-cCthPLHmrzI-unsplash-1-1.jpg\" \/>\n\t<meta property=\"og:image:width\" content=\"640\" \/>\n\t<meta property=\"og:image:height\" content=\"427\" \/>\n\t<meta property=\"og:image:type\" content=\"image\/jpeg\" \/>\n<meta name=\"twitter:card\" content=\"summary_large_image\" \/>\n<meta name=\"twitter:label1\" content=\"Gesch\u00e4tzte Lesezeit\" \/>\n\t<meta name=\"twitter:data1\" content=\"1\u00a0Minute\" \/>\n<script type=\"application\/ld+json\" class=\"yoast-schema-graph\">{\"@context\":\"https:\\\/\\\/schema.org\",\"@graph\":[{\"@type\":\"WebPage\",\"@id\":\"https:\\\/\\\/botrange.be\\\/de\\\/agenda\\\/les-journees-wallonnes-de-leau-2\\\/\",\"url\":\"https:\\\/\\\/botrange.be\\\/de\\\/agenda\\\/les-journees-wallonnes-de-leau-2\\\/\",\"name\":\"Die Wallonischen Tage des Wassers - Parc naturel Hautes Fagnes-Eifel\",\"isPartOf\":{\"@id\":\"https:\\\/\\\/botrange.be\\\/de\\\/#website\"},\"primaryImageOfPage\":{\"@id\":\"https:\\\/\\\/botrange.be\\\/de\\\/agenda\\\/les-journees-wallonnes-de-leau-2\\\/#primaryimage\"},\"image\":{\"@id\":\"https:\\\/\\\/botrange.be\\\/de\\\/agenda\\\/les-journees-wallonnes-de-leau-2\\\/#primaryimage\"},\"thumbnailUrl\":\"https:\\\/\\\/botrange.be\\\/wp-content\\\/uploads\\\/2022\\\/11\\\/kazuend-cCthPLHmrzI-unsplash-1-1.jpg\",\"datePublished\":\"2024-02-13T17:27:24+00:00\",\"dateModified\":\"2024-03-13T09:40:05+00:00\",\"description\":\"Wie jedes Jahr finden die Wallonischen Wassertage Ende M\u00e4rz statt und bieten die Gelegenheit, die \u00d6ffentlichkeit f\u00fcr unser kostbares WASSER zu sensibilisieren! Auch in diesem Jahr bieten der Flussvertrag Mosel (koordiniert vom Naturpark) und der Flussvertrag Amel zahlreiche Aktivit\u00e4ten an: gef\u00fchrte Naturwanderungen, Besuche von Naturschutzgebieten und Wasserentnahmestellen, Workshops zu \u00f6kologischen Reinigungsmitteln, Fotoausstellungen, Auff\u00fchrungen, Animationen und vieles mehr!\",\"breadcrumb\":{\"@id\":\"https:\\\/\\\/botrange.be\\\/de\\\/agenda\\\/les-journees-wallonnes-de-leau-2\\\/#breadcrumb\"},\"inLanguage\":\"de\",\"potentialAction\":[{\"@type\":\"ReadAction\",\"target\":[\"https:\\\/\\\/botrange.be\\\/de\\\/agenda\\\/les-journees-wallonnes-de-leau-2\\\/\"]}]},{\"@type\":\"ImageObject\",\"inLanguage\":\"de\",\"@id\":\"https:\\\/\\\/botrange.be\\\/de\\\/agenda\\\/les-journees-wallonnes-de-leau-2\\\/#primaryimage\",\"url\":\"https:\\\/\\\/botrange.be\\\/wp-content\\\/uploads\\\/2022\\\/11\\\/kazuend-cCthPLHmrzI-unsplash-1-1.jpg\",\"contentUrl\":\"https:\\\/\\\/botrange.be\\\/wp-content\\\/uploads\\\/2022\\\/11\\\/kazuend-cCthPLHmrzI-unsplash-1-1.jpg\",\"width\":640,\"height\":427,\"caption\":\"Vortrag Netzwerk\"},{\"@type\":\"BreadcrumbList\",\"@id\":\"https:\\\/\\\/botrange.be\\\/de\\\/agenda\\\/les-journees-wallonnes-de-leau-2\\\/#breadcrumb\",\"itemListElement\":[{\"@type\":\"ListItem\",\"position\":1,\"name\":\"Accueil\",\"item\":\"https:\\\/\\\/botrange.be\\\/de\\\/\"},{\"@type\":\"ListItem\",\"position\":2,\"name\":\"Agendas\",\"item\":\"https:\\\/\\\/botrange.be\\\/de\\\/agenda\\\/\"},{\"@type\":\"ListItem\",\"position\":3,\"name\":\"Die Wallonischen Tage des Wassers\"}]},{\"@type\":\"WebSite\",\"@id\":\"https:\\\/\\\/botrange.be\\\/de\\\/#website\",\"url\":\"https:\\\/\\\/botrange.be\\\/de\\\/\",\"name\":\"Parc naturel Hautes Fagnes-Eifel\",\"description\":\"50 ANS 1971-2021\",\"publisher\":{\"@id\":\"https:\\\/\\\/botrange.be\\\/de\\\/#organization\"},\"potentialAction\":[{\"@type\":\"SearchAction\",\"target\":{\"@type\":\"EntryPoint\",\"urlTemplate\":\"https:\\\/\\\/botrange.be\\\/de\\\/?s={search_term_string}\"},\"query-input\":{\"@type\":\"PropertyValueSpecification\",\"valueRequired\":true,\"valueName\":\"search_term_string\"}}],\"inLanguage\":\"de\"},{\"@type\":\"Organization\",\"@id\":\"https:\\\/\\\/botrange.be\\\/de\\\/#organization\",\"name\":\"Parc naturel Hautes Fagnes-Eifel\",\"url\":\"https:\\\/\\\/botrange.be\\\/de\\\/\",\"logo\":{\"@type\":\"ImageObject\",\"inLanguage\":\"de\",\"@id\":\"https:\\\/\\\/botrange.be\\\/de\\\/#\\\/schema\\\/logo\\\/image\\\/\",\"url\":\"https:\\\/\\\/botrange.be\\\/wp-content\\\/uploads\\\/2021\\\/06\\\/logo.svg\",\"contentUrl\":\"https:\\\/\\\/botrange.be\\\/wp-content\\\/uploads\\\/2021\\\/06\\\/logo.svg\",\"caption\":\"Parc naturel Hautes Fagnes-Eifel\"},\"image\":{\"@id\":\"https:\\\/\\\/botrange.be\\\/de\\\/#\\\/schema\\\/logo\\\/image\\\/\"}}]}<\/script>\n<!-- \/ Yoast SEO plugin. -->","yoast_head_json":{"title":"Die Wallonischen Tage des Wassers - Parc naturel Hautes Fagnes-Eifel","description":"Wie jedes Jahr finden die Wallonischen Wassertage Ende M\u00e4rz statt und bieten die Gelegenheit, die \u00d6ffentlichkeit f\u00fcr unser kostbares WASSER zu sensibilisieren! Auch in diesem Jahr bieten der Flussvertrag Mosel (koordiniert vom Naturpark) und der Flussvertrag Amel zahlreiche Aktivit\u00e4ten an: gef\u00fchrte Naturwanderungen, Besuche von Naturschutzgebieten und Wasserentnahmestellen, Workshops zu \u00f6kologischen Reinigungsmitteln, Fotoausstellungen, Auff\u00fchrungen, Animationen und vieles mehr!","robots":{"index":"index","follow":"follow","max-snippet":"max-snippet:-1","max-image-preview":"max-image-preview:large","max-video-preview":"max-video-preview:-1"},"canonical":"https:\/\/botrange.be\/de\/agenda\/les-journees-wallonnes-de-leau-2\/","og_locale":"de_DE","og_type":"article","og_title":"Die Wallonischen Tage des Wassers - Parc naturel Hautes Fagnes-Eifel","og_description":"Wie jedes Jahr finden die Wallonischen Wassertage Ende M\u00e4rz statt und bieten die Gelegenheit, die \u00d6ffentlichkeit f\u00fcr unser kostbares WASSER zu sensibilisieren! Auch in diesem Jahr bieten der Flussvertrag Mosel (koordiniert vom Naturpark) und der Flussvertrag Amel zahlreiche Aktivit\u00e4ten an: gef\u00fchrte Naturwanderungen, Besuche von Naturschutzgebieten und Wasserentnahmestellen, Workshops zu \u00f6kologischen Reinigungsmitteln, Fotoausstellungen, Auff\u00fchrungen, Animationen und vieles mehr!","og_url":"https:\/\/botrange.be\/de\/agenda\/les-journees-wallonnes-de-leau-2\/","og_site_name":"Parc naturel Hautes Fagnes-Eifel","article_modified_time":"2024-03-13T09:40:05+00:00","og_image":[{"width":640,"height":427,"url":"https:\/\/botrange.be\/wp-content\/uploads\/2022\/11\/kazuend-cCthPLHmrzI-unsplash-1-1.jpg","type":"image\/jpeg"}],"twitter_card":"summary_large_image","twitter_misc":{"Gesch\u00e4tzte Lesezeit":"1\u00a0Minute"},"schema":{"@context":"https:\/\/schema.org","@graph":[{"@type":"WebPage","@id":"https:\/\/botrange.be\/de\/agenda\/les-journees-wallonnes-de-leau-2\/","url":"https:\/\/botrange.be\/de\/agenda\/les-journees-wallonnes-de-leau-2\/","name":"Die Wallonischen Tage des Wassers - Parc naturel Hautes Fagnes-Eifel","isPartOf":{"@id":"https:\/\/botrange.be\/de\/#website"},"primaryImageOfPage":{"@id":"https:\/\/botrange.be\/de\/agenda\/les-journees-wallonnes-de-leau-2\/#primaryimage"},"image":{"@id":"https:\/\/botrange.be\/de\/agenda\/les-journees-wallonnes-de-leau-2\/#primaryimage"},"thumbnailUrl":"https:\/\/botrange.be\/wp-content\/uploads\/2022\/11\/kazuend-cCthPLHmrzI-unsplash-1-1.jpg","datePublished":"2024-02-13T17:27:24+00:00","dateModified":"2024-03-13T09:40:05+00:00","description":"Wie jedes Jahr finden die Wallonischen Wassertage Ende M\u00e4rz statt und bieten die Gelegenheit, die \u00d6ffentlichkeit f\u00fcr unser kostbares WASSER zu sensibilisieren! Auch in diesem Jahr bieten der Flussvertrag Mosel (koordiniert vom Naturpark) und der Flussvertrag Amel zahlreiche Aktivit\u00e4ten an: gef\u00fchrte Naturwanderungen, Besuche von Naturschutzgebieten und Wasserentnahmestellen, Workshops zu \u00f6kologischen Reinigungsmitteln, Fotoausstellungen, Auff\u00fchrungen, Animationen und vieles mehr!","breadcrumb":{"@id":"https:\/\/botrange.be\/de\/agenda\/les-journees-wallonnes-de-leau-2\/#breadcrumb"},"inLanguage":"de","potentialAction":[{"@type":"ReadAction","target":["https:\/\/botrange.be\/de\/agenda\/les-journees-wallonnes-de-leau-2\/"]}]},{"@type":"ImageObject","inLanguage":"de","@id":"https:\/\/botrange.be\/de\/agenda\/les-journees-wallonnes-de-leau-2\/#primaryimage","url":"https:\/\/botrange.be\/wp-content\/uploads\/2022\/11\/kazuend-cCthPLHmrzI-unsplash-1-1.jpg","contentUrl":"https:\/\/botrange.be\/wp-content\/uploads\/2022\/11\/kazuend-cCthPLHmrzI-unsplash-1-1.jpg","width":640,"height":427,"caption":"Vortrag Netzwerk"},{"@type":"BreadcrumbList","@id":"https:\/\/botrange.be\/de\/agenda\/les-journees-wallonnes-de-leau-2\/#breadcrumb","itemListElement":[{"@type":"ListItem","position":1,"name":"Accueil","item":"https:\/\/botrange.be\/de\/"},{"@type":"ListItem","position":2,"name":"Agendas","item":"https:\/\/botrange.be\/de\/agenda\/"},{"@type":"ListItem","position":3,"name":"Die Wallonischen Tage des Wassers"}]},{"@type":"WebSite","@id":"https:\/\/botrange.be\/de\/#website","url":"https:\/\/botrange.be\/de\/","name":"Parc naturel Hautes Fagnes-Eifel","description":"50 ANS 1971-2021","publisher":{"@id":"https:\/\/botrange.be\/de\/#organization"},"potentialAction":[{"@type":"SearchAction","target":{"@type":"EntryPoint","urlTemplate":"https:\/\/botrange.be\/de\/?s={search_term_string}"},"query-input":{"@type":"PropertyValueSpecification","valueRequired":true,"valueName":"search_term_string"}}],"inLanguage":"de"},{"@type":"Organization","@id":"https:\/\/botrange.be\/de\/#organization","name":"Parc naturel Hautes Fagnes-Eifel","url":"https:\/\/botrange.be\/de\/","logo":{"@type":"ImageObject","inLanguage":"de","@id":"https:\/\/botrange.be\/de\/#\/schema\/logo\/image\/","url":"https:\/\/botrange.be\/wp-content\/uploads\/2021\/06\/logo.svg","contentUrl":"https:\/\/botrange.be\/wp-content\/uploads\/2021\/06\/logo.svg","caption":"Parc naturel Hautes Fagnes-Eifel"},"image":{"@id":"https:\/\/botrange.be\/de\/#\/schema\/logo\/image\/"}}]}},"_links":{"self":[{"href":"https:\/\/botrange.be\/de\/wp-json\/wp\/v2\/agenda\/10914","targetHints":{"allow":["GET"]}}],"collection":[{"href":"https:\/\/botrange.be\/de\/wp-json\/wp\/v2\/agenda"}],"about":[{"href":"https:\/\/botrange.be\/de\/wp-json\/wp\/v2\/types\/agenda"}],"author":[{"embeddable":true,"href":"https:\/\/botrange.be\/de\/wp-json\/wp\/v2\/users\/6"}],"version-history":[{"count":3,"href":"https:\/\/botrange.be\/de\/wp-json\/wp\/v2\/agenda\/10914\/revisions"}],"predecessor-version":[{"id":11175,"href":"https:\/\/botrange.be\/de\/wp-json\/wp\/v2\/agenda\/10914\/revisions\/11175"}],"wp:featuredmedia":[{"embeddable":true,"href":"https:\/\/botrange.be\/de\/wp-json\/wp\/v2\/media\/8995"}],"wp:attachment":[{"href":"https:\/\/botrange.be\/de\/wp-json\/wp\/v2\/media?parent=10914"}],"wp:term":[{"taxonomy":"category","embeddable":true,"href":"https:\/\/botrange.be\/de\/wp-json\/wp\/v2\/categories?post=10914"},{"taxonomy":"post_tag","embeddable":true,"href":"https:\/\/botrange.be\/de\/wp-json\/wp\/v2\/tags?post=10914"}],"curies":[{"name":"wp","href":"https:\/\/api.w.org\/{rel}","templated":true}]}}