{"id":11292,"date":"2024-03-20T13:42:40","date_gmt":"2024-03-20T12:42:40","guid":{"rendered":"https:\/\/botrange.be\/agenda\/wollsammlung\/"},"modified":"2024-04-15T12:04:05","modified_gmt":"2024-04-15T10:04:05","slug":"wollsammlung","status":"publish","type":"agenda","link":"https:\/\/botrange.be\/de\/agenda\/wollsammlung\/","title":{"rendered":"Wollsammlung"},"content":{"rendered":"<p>Wie jedes Jahr findet die Wollsammlung am letzten Samstag in Juni vor dem Naturparkzentrum und in der Halle von Natagora\/BNVS statt! Zwischen 2 und 5 Tonnen regionaler Wolle werden jedes Jahr gesammelt.<\/p>\n<p>Unser Ziel ist es, eine m\u00f6glichst direkte Verwendung f\u00fcr die Wolle zu finden und gleichzeitig zu verhindern, dass sie im M\u00fcll landet \u2026 Ganz im Sinne der Kreislaufwirtschaft! Das Ergebnis: Wir arbeiten mit Toiture Zanzen aus Sourbrodt (dem Gr\u00fcnder von\u00a0<a class=\"fui-Link ___1rxvrpe f2hkw1w f3rmtva f1ewtqcl fyind8e f1k6fduh f1w7gpdv fk6fouc fjoy568 figsok6 f1hu3pq6 f11qmguv f19f4twv f1tyq0we f1g0x7ka fhxju0i f1qch9an f1cnd47f fqv5qza f1vmzxwi f1o700av f13mvf36 f1cmlufx f9n3di6 f1ids18y f1tx3yz7 f1deo86v f1eh06m1 f1iescvh fhgqx19 f1olyrje f1p93eir f1nev41a f1h8hb77 f1lqvz6u f10aw75t fsle3fq f17ae5zn\" title=\"https:\/\/woolconcept.be\/\" href=\"https:\/\/woolconcept.be\/\" target=\"_blank\" rel=\"noreferrer noopener\" aria-label=\"Lien Woolconcept\">Woolconcept<\/a>) zusammen, der die Wolle sammelt, sie zum Waschen nach Verviers schickt und sie schlie\u00dflich in Flandern zu D\u00e4mmmaterial und Geotextilien verarbeiten l\u00e4sst!<\/p>\n","protected":false},"excerpt":{"rendered":"<p class=\"excerpt\">Wie jedes Jahr findet die Wollsammlung am letzten Samstag in Juni vor dem Naturparkzentrum und in der Halle von Natagora\/BNVS statt! Zwischen 2 und 5 Tonnen regionaler Wolle werden jedes Jahr gesammelt.<br \/>\nUnser Ziel ist es, eine m\u00f6glichst direkte Verwendung f\u00fcr die Wolle zu finden und gleichzeitig zu verhindern, dass sie im M\u00fcll landet \u2026 Ganz im Sinne der Kreislaufwirtschaft! Das Ergebnis: Wir arbeiten mit Toiture Zanzen aus Sourbrodt (dem Gr\u00fcnder von Woolconcept) zusammen, der die Wolle sammelt, sie zum Waschen nach Verviers schickt und sie schlie\u00dflich in Flandern zu D\u00e4mmmaterial und Geotextilien verarbeiten l\u00e4sst!<\/p>\n<p class=\"excerpt\">Unser Ziel ist es, eine m\u00f6glichst direkte Verwendung f\u00fcr die Wolle zu finden und gleichzeitig zu verhindern, dass sie im M\u00fcll landet &#8230; Ganz im Sinne der Kreislaufwirtschaft! Das Ergebnis: Wir arbeiten mit Toiture Zanzen (dem Gr\u00fcnder von Woolconcept) zusammen, der die Wolle sammelt, sie zum Waschen nach Verviers schickt und sie schlie\u00dflich in Sourbrodt, ganz in der N\u00e4he des Naturparkzentrums, zu D\u00e4mmmaterial verarbeitet!<\/p>\n","protected":false},"author":6,"featured_media":11287,"template":"","categories":[],"tags":[],"class_list":["post-11292","agenda","type-agenda","status-publish","has-post-thumbnail","hentry"],"acf":[],"yoast_head":"<!-- This site is optimized with the Yoast SEO plugin v27.4 - https:\/\/yoast.com\/product\/yoast-seo-wordpress\/ -->\n<title>Wollsammlung - Parc naturel Hautes Fagnes-Eifel<\/title>\n<meta name=\"description\" content=\"Wie jedes Jahr fand die Wollsammlung am letzten Samstag in Juni im Naturparkzentrums und im Geb\u00e4ude von Natagora\/BNVS statt! Zwischen 2 und 5 Tonnen werden jedes Jahr von den Z\u00fcchtern in der Region gekauft. Unser Ziel ist es, eine m\u00f6glichst direkte Verwendung f\u00fcr die Wolle zu finden und gleichzeitig zu verhindern, dass sie im M\u00fcll landet ... Ganz im Sinne der Kreislaufwirtschaft! Das Ergebnis: Wir arbeiten mit Toiture Zanzen (dem Gr\u00fcnder von Woolconcept) zusammen, der die Wolle sammelt, sie zum Waschen nach Verviers schickt und sie schlie\u00dflich in Sourbrodt, ganz in der N\u00e4he des Naturparkzentrums, zu D\u00e4mmmaterial verarbeitet!\" \/>\n<meta name=\"robots\" content=\"index, follow, max-snippet:-1, max-image-preview:large, max-video-preview:-1\" \/>\n<link rel=\"canonical\" href=\"https:\/\/botrange.be\/de\/agenda\/wollsammlung\/\" \/>\n<meta property=\"og:locale\" content=\"de_DE\" \/>\n<meta property=\"og:type\" content=\"article\" \/>\n<meta property=\"og:title\" content=\"Wollsammlung - Parc naturel Hautes Fagnes-Eifel\" \/>\n<meta property=\"og:description\" content=\"Wie jedes Jahr fand die Wollsammlung am letzten Samstag in Juni im Naturparkzentrums und im Geb\u00e4ude von Natagora\/BNVS statt! Zwischen 2 und 5 Tonnen werden jedes Jahr von den Z\u00fcchtern in der Region gekauft. Unser Ziel ist es, eine m\u00f6glichst direkte Verwendung f\u00fcr die Wolle zu finden und gleichzeitig zu verhindern, dass sie im M\u00fcll landet ... Ganz im Sinne der Kreislaufwirtschaft! Das Ergebnis: Wir arbeiten mit Toiture Zanzen (dem Gr\u00fcnder von Woolconcept) zusammen, der die Wolle sammelt, sie zum Waschen nach Verviers schickt und sie schlie\u00dflich in Sourbrodt, ganz in der N\u00e4he des Naturparkzentrums, zu D\u00e4mmmaterial verarbeitet!\" \/>\n<meta property=\"og:url\" content=\"https:\/\/botrange.be\/de\/agenda\/wollsammlung\/\" \/>\n<meta property=\"og:site_name\" content=\"Parc naturel Hautes Fagnes-Eifel\" \/>\n<meta property=\"article:modified_time\" content=\"2024-04-15T10:04:05+00:00\" \/>\n<meta property=\"og:image\" content=\"https:\/\/botrange.be\/wp-content\/uploads\/2024\/03\/P1030113-2048x1153-1.jpg\" \/>\n\t<meta property=\"og:image:width\" content=\"2048\" \/>\n\t<meta property=\"og:image:height\" content=\"1153\" \/>\n\t<meta property=\"og:image:type\" content=\"image\/jpeg\" \/>\n<meta name=\"twitter:card\" content=\"summary_large_image\" \/>\n<meta name=\"twitter:label1\" content=\"Gesch\u00e4tzte Lesezeit\" \/>\n\t<meta name=\"twitter:data1\" content=\"1\u00a0Minute\" \/>\n<script type=\"application\/ld+json\" class=\"yoast-schema-graph\">{\"@context\":\"https:\\\/\\\/schema.org\",\"@graph\":[{\"@type\":\"WebPage\",\"@id\":\"https:\\\/\\\/botrange.be\\\/de\\\/agenda\\\/wollsammlung\\\/\",\"url\":\"https:\\\/\\\/botrange.be\\\/de\\\/agenda\\\/wollsammlung\\\/\",\"name\":\"Wollsammlung - Parc naturel Hautes Fagnes-Eifel\",\"isPartOf\":{\"@id\":\"https:\\\/\\\/botrange.be\\\/de\\\/#website\"},\"primaryImageOfPage\":{\"@id\":\"https:\\\/\\\/botrange.be\\\/de\\\/agenda\\\/wollsammlung\\\/#primaryimage\"},\"image\":{\"@id\":\"https:\\\/\\\/botrange.be\\\/de\\\/agenda\\\/wollsammlung\\\/#primaryimage\"},\"thumbnailUrl\":\"https:\\\/\\\/botrange.be\\\/wp-content\\\/uploads\\\/2024\\\/03\\\/P1030113-2048x1153-1.jpg\",\"datePublished\":\"2024-03-20T12:42:40+00:00\",\"dateModified\":\"2024-04-15T10:04:05+00:00\",\"description\":\"Wie jedes Jahr fand die Wollsammlung am letzten Samstag in Juni im Naturparkzentrums und im Geb\u00e4ude von Natagora\\\/BNVS statt! Zwischen 2 und 5 Tonnen werden jedes Jahr von den Z\u00fcchtern in der Region gekauft. Unser Ziel ist es, eine m\u00f6glichst direkte Verwendung f\u00fcr die Wolle zu finden und gleichzeitig zu verhindern, dass sie im M\u00fcll landet ... Ganz im Sinne der Kreislaufwirtschaft! Das Ergebnis: Wir arbeiten mit Toiture Zanzen (dem Gr\u00fcnder von Woolconcept) zusammen, der die Wolle sammelt, sie zum Waschen nach Verviers schickt und sie schlie\u00dflich in Sourbrodt, ganz in der N\u00e4he des Naturparkzentrums, zu D\u00e4mmmaterial verarbeitet!\",\"breadcrumb\":{\"@id\":\"https:\\\/\\\/botrange.be\\\/de\\\/agenda\\\/wollsammlung\\\/#breadcrumb\"},\"inLanguage\":\"de\",\"potentialAction\":[{\"@type\":\"ReadAction\",\"target\":[\"https:\\\/\\\/botrange.be\\\/de\\\/agenda\\\/wollsammlung\\\/\"]}]},{\"@type\":\"ImageObject\",\"inLanguage\":\"de\",\"@id\":\"https:\\\/\\\/botrange.be\\\/de\\\/agenda\\\/wollsammlung\\\/#primaryimage\",\"url\":\"https:\\\/\\\/botrange.be\\\/wp-content\\\/uploads\\\/2024\\\/03\\\/P1030113-2048x1153-1.jpg\",\"contentUrl\":\"https:\\\/\\\/botrange.be\\\/wp-content\\\/uploads\\\/2024\\\/03\\\/P1030113-2048x1153-1.jpg\",\"width\":2048,\"height\":1153},{\"@type\":\"BreadcrumbList\",\"@id\":\"https:\\\/\\\/botrange.be\\\/de\\\/agenda\\\/wollsammlung\\\/#breadcrumb\",\"itemListElement\":[{\"@type\":\"ListItem\",\"position\":1,\"name\":\"Accueil\",\"item\":\"https:\\\/\\\/botrange.be\\\/de\\\/\"},{\"@type\":\"ListItem\",\"position\":2,\"name\":\"Agendas\",\"item\":\"https:\\\/\\\/botrange.be\\\/de\\\/agenda\\\/\"},{\"@type\":\"ListItem\",\"position\":3,\"name\":\"Wollsammlung\"}]},{\"@type\":\"WebSite\",\"@id\":\"https:\\\/\\\/botrange.be\\\/de\\\/#website\",\"url\":\"https:\\\/\\\/botrange.be\\\/de\\\/\",\"name\":\"Parc naturel Hautes Fagnes-Eifel\",\"description\":\"50 ANS 1971-2021\",\"publisher\":{\"@id\":\"https:\\\/\\\/botrange.be\\\/de\\\/#organization\"},\"potentialAction\":[{\"@type\":\"SearchAction\",\"target\":{\"@type\":\"EntryPoint\",\"urlTemplate\":\"https:\\\/\\\/botrange.be\\\/de\\\/?s={search_term_string}\"},\"query-input\":{\"@type\":\"PropertyValueSpecification\",\"valueRequired\":true,\"valueName\":\"search_term_string\"}}],\"inLanguage\":\"de\"},{\"@type\":\"Organization\",\"@id\":\"https:\\\/\\\/botrange.be\\\/de\\\/#organization\",\"name\":\"Parc naturel Hautes Fagnes-Eifel\",\"url\":\"https:\\\/\\\/botrange.be\\\/de\\\/\",\"logo\":{\"@type\":\"ImageObject\",\"inLanguage\":\"de\",\"@id\":\"https:\\\/\\\/botrange.be\\\/de\\\/#\\\/schema\\\/logo\\\/image\\\/\",\"url\":\"https:\\\/\\\/botrange.be\\\/wp-content\\\/uploads\\\/2021\\\/06\\\/logo.svg\",\"contentUrl\":\"https:\\\/\\\/botrange.be\\\/wp-content\\\/uploads\\\/2021\\\/06\\\/logo.svg\",\"caption\":\"Parc naturel Hautes Fagnes-Eifel\"},\"image\":{\"@id\":\"https:\\\/\\\/botrange.be\\\/de\\\/#\\\/schema\\\/logo\\\/image\\\/\"}}]}<\/script>\n<!-- \/ Yoast SEO plugin. -->","yoast_head_json":{"title":"Wollsammlung - Parc naturel Hautes Fagnes-Eifel","description":"Wie jedes Jahr fand die Wollsammlung am letzten Samstag in Juni im Naturparkzentrums und im Geb\u00e4ude von Natagora\/BNVS statt! Zwischen 2 und 5 Tonnen werden jedes Jahr von den Z\u00fcchtern in der Region gekauft. Unser Ziel ist es, eine m\u00f6glichst direkte Verwendung f\u00fcr die Wolle zu finden und gleichzeitig zu verhindern, dass sie im M\u00fcll landet ... Ganz im Sinne der Kreislaufwirtschaft! Das Ergebnis: Wir arbeiten mit Toiture Zanzen (dem Gr\u00fcnder von Woolconcept) zusammen, der die Wolle sammelt, sie zum Waschen nach Verviers schickt und sie schlie\u00dflich in Sourbrodt, ganz in der N\u00e4he des Naturparkzentrums, zu D\u00e4mmmaterial verarbeitet!","robots":{"index":"index","follow":"follow","max-snippet":"max-snippet:-1","max-image-preview":"max-image-preview:large","max-video-preview":"max-video-preview:-1"},"canonical":"https:\/\/botrange.be\/de\/agenda\/wollsammlung\/","og_locale":"de_DE","og_type":"article","og_title":"Wollsammlung - Parc naturel Hautes Fagnes-Eifel","og_description":"Wie jedes Jahr fand die Wollsammlung am letzten Samstag in Juni im Naturparkzentrums und im Geb\u00e4ude von Natagora\/BNVS statt! Zwischen 2 und 5 Tonnen werden jedes Jahr von den Z\u00fcchtern in der Region gekauft. Unser Ziel ist es, eine m\u00f6glichst direkte Verwendung f\u00fcr die Wolle zu finden und gleichzeitig zu verhindern, dass sie im M\u00fcll landet ... Ganz im Sinne der Kreislaufwirtschaft! Das Ergebnis: Wir arbeiten mit Toiture Zanzen (dem Gr\u00fcnder von Woolconcept) zusammen, der die Wolle sammelt, sie zum Waschen nach Verviers schickt und sie schlie\u00dflich in Sourbrodt, ganz in der N\u00e4he des Naturparkzentrums, zu D\u00e4mmmaterial verarbeitet!","og_url":"https:\/\/botrange.be\/de\/agenda\/wollsammlung\/","og_site_name":"Parc naturel Hautes Fagnes-Eifel","article_modified_time":"2024-04-15T10:04:05+00:00","og_image":[{"width":2048,"height":1153,"url":"https:\/\/botrange.be\/wp-content\/uploads\/2024\/03\/P1030113-2048x1153-1.jpg","type":"image\/jpeg"}],"twitter_card":"summary_large_image","twitter_misc":{"Gesch\u00e4tzte Lesezeit":"1\u00a0Minute"},"schema":{"@context":"https:\/\/schema.org","@graph":[{"@type":"WebPage","@id":"https:\/\/botrange.be\/de\/agenda\/wollsammlung\/","url":"https:\/\/botrange.be\/de\/agenda\/wollsammlung\/","name":"Wollsammlung - Parc naturel Hautes Fagnes-Eifel","isPartOf":{"@id":"https:\/\/botrange.be\/de\/#website"},"primaryImageOfPage":{"@id":"https:\/\/botrange.be\/de\/agenda\/wollsammlung\/#primaryimage"},"image":{"@id":"https:\/\/botrange.be\/de\/agenda\/wollsammlung\/#primaryimage"},"thumbnailUrl":"https:\/\/botrange.be\/wp-content\/uploads\/2024\/03\/P1030113-2048x1153-1.jpg","datePublished":"2024-03-20T12:42:40+00:00","dateModified":"2024-04-15T10:04:05+00:00","description":"Wie jedes Jahr fand die Wollsammlung am letzten Samstag in Juni im Naturparkzentrums und im Geb\u00e4ude von Natagora\/BNVS statt! Zwischen 2 und 5 Tonnen werden jedes Jahr von den Z\u00fcchtern in der Region gekauft. Unser Ziel ist es, eine m\u00f6glichst direkte Verwendung f\u00fcr die Wolle zu finden und gleichzeitig zu verhindern, dass sie im M\u00fcll landet ... Ganz im Sinne der Kreislaufwirtschaft! Das Ergebnis: Wir arbeiten mit Toiture Zanzen (dem Gr\u00fcnder von Woolconcept) zusammen, der die Wolle sammelt, sie zum Waschen nach Verviers schickt und sie schlie\u00dflich in Sourbrodt, ganz in der N\u00e4he des Naturparkzentrums, zu D\u00e4mmmaterial verarbeitet!","breadcrumb":{"@id":"https:\/\/botrange.be\/de\/agenda\/wollsammlung\/#breadcrumb"},"inLanguage":"de","potentialAction":[{"@type":"ReadAction","target":["https:\/\/botrange.be\/de\/agenda\/wollsammlung\/"]}]},{"@type":"ImageObject","inLanguage":"de","@id":"https:\/\/botrange.be\/de\/agenda\/wollsammlung\/#primaryimage","url":"https:\/\/botrange.be\/wp-content\/uploads\/2024\/03\/P1030113-2048x1153-1.jpg","contentUrl":"https:\/\/botrange.be\/wp-content\/uploads\/2024\/03\/P1030113-2048x1153-1.jpg","width":2048,"height":1153},{"@type":"BreadcrumbList","@id":"https:\/\/botrange.be\/de\/agenda\/wollsammlung\/#breadcrumb","itemListElement":[{"@type":"ListItem","position":1,"name":"Accueil","item":"https:\/\/botrange.be\/de\/"},{"@type":"ListItem","position":2,"name":"Agendas","item":"https:\/\/botrange.be\/de\/agenda\/"},{"@type":"ListItem","position":3,"name":"Wollsammlung"}]},{"@type":"WebSite","@id":"https:\/\/botrange.be\/de\/#website","url":"https:\/\/botrange.be\/de\/","name":"Parc naturel Hautes Fagnes-Eifel","description":"50 ANS 1971-2021","publisher":{"@id":"https:\/\/botrange.be\/de\/#organization"},"potentialAction":[{"@type":"SearchAction","target":{"@type":"EntryPoint","urlTemplate":"https:\/\/botrange.be\/de\/?s={search_term_string}"},"query-input":{"@type":"PropertyValueSpecification","valueRequired":true,"valueName":"search_term_string"}}],"inLanguage":"de"},{"@type":"Organization","@id":"https:\/\/botrange.be\/de\/#organization","name":"Parc naturel Hautes Fagnes-Eifel","url":"https:\/\/botrange.be\/de\/","logo":{"@type":"ImageObject","inLanguage":"de","@id":"https:\/\/botrange.be\/de\/#\/schema\/logo\/image\/","url":"https:\/\/botrange.be\/wp-content\/uploads\/2021\/06\/logo.svg","contentUrl":"https:\/\/botrange.be\/wp-content\/uploads\/2021\/06\/logo.svg","caption":"Parc naturel Hautes Fagnes-Eifel"},"image":{"@id":"https:\/\/botrange.be\/de\/#\/schema\/logo\/image\/"}}]}},"_links":{"self":[{"href":"https:\/\/botrange.be\/de\/wp-json\/wp\/v2\/agenda\/11292","targetHints":{"allow":["GET"]}}],"collection":[{"href":"https:\/\/botrange.be\/de\/wp-json\/wp\/v2\/agenda"}],"about":[{"href":"https:\/\/botrange.be\/de\/wp-json\/wp\/v2\/types\/agenda"}],"author":[{"embeddable":true,"href":"https:\/\/botrange.be\/de\/wp-json\/wp\/v2\/users\/6"}],"version-history":[{"count":7,"href":"https:\/\/botrange.be\/de\/wp-json\/wp\/v2\/agenda\/11292\/revisions"}],"predecessor-version":[{"id":11397,"href":"https:\/\/botrange.be\/de\/wp-json\/wp\/v2\/agenda\/11292\/revisions\/11397"}],"wp:featuredmedia":[{"embeddable":true,"href":"https:\/\/botrange.be\/de\/wp-json\/wp\/v2\/media\/11287"}],"wp:attachment":[{"href":"https:\/\/botrange.be\/de\/wp-json\/wp\/v2\/media?parent=11292"}],"wp:term":[{"taxonomy":"category","embeddable":true,"href":"https:\/\/botrange.be\/de\/wp-json\/wp\/v2\/categories?post=11292"},{"taxonomy":"post_tag","embeddable":true,"href":"https:\/\/botrange.be\/de\/wp-json\/wp\/v2\/tags?post=11292"}],"curies":[{"name":"wp","href":"https:\/\/api.w.org\/{rel}","templated":true}]}}