{"id":12233,"date":"2024-07-04T10:47:23","date_gmt":"2024-07-04T08:47:23","guid":{"rendered":"https:\/\/botrange.be\/agenda\/planwagenfahrt-bis-november\/"},"modified":"2026-04-07T11:29:11","modified_gmt":"2026-04-07T09:29:11","slug":"planwagenfahrt-bis-november","status":"publish","type":"agenda","link":"https:\/\/botrange.be\/de\/agenda\/planwagenfahrt-bis-november\/","title":{"rendered":"Planwagenfahrt: April &#8211; November"},"content":{"rendered":"<h3>Entfliehen Sie in ein einzigartiges St\u00fcck Natur in Belgien!<\/h3>\n<p>Entdecken Sie die Gipfel unseres Landes auf originelle Weise, indem Sie an Bord unseres Planwagens Platz nehmen, in Anlehnung an die Karren, die fr\u00fcher von Zugpferden gezogen und f\u00fcr den Weg zur Messe verwendet wurden. Die doppelte Originalit\u00e4t: Unser Planwagen mit 22 Sitzpl\u00e4tzen wird von einem Traktor gezogen!<\/p>\n<p>Wir schlagen Ihnen eine kommentierte Rundfahrt von 18 km vor, die Sie in 2 Stunden \u00fcber Waldwege und durch die Heidegebiete des Venns zur\u00fccklegen k\u00f6nnen. Es sind mehrere Zwischenstopps vorgesehen, damit Sie au\u00dfergew\u00f6hnliche Orte entdecken k\u00f6nnen, wie den Wasserfall von Bayehon, das Fliegerdenkmal mit einer wundersch\u00f6nen Vennlandschaft im Hintergrund, das wallonische Venn&#8230;<\/p>\n<p>Sie werden nicht nur eine angenehme Zeit der Entspannung und Geselligkeit verbringen, sondern dank des Kommentars auch Kenntnisse \u00fcber Heiden, Moore, das Klima, die Wasserl\u00e4ufe des Venns, die typischen Hecken unserer D\u00f6rfer und andere Besonderheiten des Hochplateaus erwerben k\u00f6nnen.<\/p>\n","protected":false},"excerpt":{"rendered":"<p class=\"excerpt\">Entfliehen Sie in ein einzigartiges St\u00fcck Natur in Belgien!<br \/>\nEntdecken Sie die Gipfel unseres Landes auf originelle Weise, indem Sie an Bord unseres Planwagens Platz nehmen, in Anlehnung an die Karren, die fr\u00fcher von Zugpferden gezogen und f\u00fcr den Weg zur Messe verwendet wurden. Die doppelte Originalit\u00e4t: Unser Planwagen mit 22 Sitzpl\u00e4tzen wird von einem Traktor gezogen!<\/p>\n","protected":false},"author":13,"featured_media":3825,"template":"","categories":[],"tags":[],"class_list":["post-12233","agenda","type-agenda","status-publish","has-post-thumbnail","hentry"],"acf":[],"yoast_head":"<!-- This site is optimized with the Yoast SEO plugin v27.4 - https:\/\/yoast.com\/product\/yoast-seo-wordpress\/ -->\n<title>Planwagenfahrt: April - November - Parc naturel Hautes Fagnes-Eifel<\/title>\n<meta name=\"description\" content=\"Entfliehen Sie in ein einzigartiges St\u00fcck Natur in Belgien! Entdecken Sie die Gipfel unseres Landes auf originelle Weise, indem Sie an Bord unseres Planwagens Platz nehmen, in Anlehnung an die Karren, die fr\u00fcher von Zugpferden gezogen und f\u00fcr den Weg zur Messe verwendet wurden. Die doppelte Originalit\u00e4t: Unser Planwagen mit 22 Sitzpl\u00e4tzen wird von einem Traktor gezogen!\" \/>\n<meta name=\"robots\" content=\"index, follow, max-snippet:-1, max-image-preview:large, max-video-preview:-1\" \/>\n<link rel=\"canonical\" href=\"https:\/\/botrange.be\/de\/agenda\/planwagenfahrt-bis-november\/\" \/>\n<meta property=\"og:locale\" content=\"de_DE\" \/>\n<meta property=\"og:type\" content=\"article\" \/>\n<meta property=\"og:title\" content=\"Planwagenfahrt: April - November - Parc naturel Hautes Fagnes-Eifel\" \/>\n<meta property=\"og:description\" content=\"Entfliehen Sie in ein einzigartiges St\u00fcck Natur in Belgien! Entdecken Sie die Gipfel unseres Landes auf originelle Weise, indem Sie an Bord unseres Planwagens Platz nehmen, in Anlehnung an die Karren, die fr\u00fcher von Zugpferden gezogen und f\u00fcr den Weg zur Messe verwendet wurden. Die doppelte Originalit\u00e4t: Unser Planwagen mit 22 Sitzpl\u00e4tzen wird von einem Traktor gezogen!\" \/>\n<meta property=\"og:url\" content=\"https:\/\/botrange.be\/de\/agenda\/planwagenfahrt-bis-november\/\" \/>\n<meta property=\"og:site_name\" content=\"Parc naturel Hautes Fagnes-Eifel\" \/>\n<meta property=\"article:modified_time\" content=\"2026-04-07T09:29:11+00:00\" \/>\n<meta property=\"og:image\" content=\"https:\/\/botrange.be\/wp-content\/uploads\/2021\/09\/char-a-bancs-fagnes-ardenne.jpg\" \/>\n\t<meta property=\"og:image:width\" content=\"2000\" \/>\n\t<meta property=\"og:image:height\" content=\"1333\" \/>\n\t<meta property=\"og:image:type\" content=\"image\/jpeg\" \/>\n<meta name=\"twitter:card\" content=\"summary_large_image\" \/>\n<meta name=\"twitter:label1\" content=\"Gesch\u00e4tzte Lesezeit\" \/>\n\t<meta name=\"twitter:data1\" content=\"1\u00a0Minute\" \/>\n<script type=\"application\/ld+json\" class=\"yoast-schema-graph\">{\"@context\":\"https:\\\/\\\/schema.org\",\"@graph\":[{\"@type\":\"WebPage\",\"@id\":\"https:\\\/\\\/botrange.be\\\/de\\\/agenda\\\/planwagenfahrt-bis-november\\\/\",\"url\":\"https:\\\/\\\/botrange.be\\\/de\\\/agenda\\\/planwagenfahrt-bis-november\\\/\",\"name\":\"Planwagenfahrt: April - November - Parc naturel Hautes Fagnes-Eifel\",\"isPartOf\":{\"@id\":\"https:\\\/\\\/botrange.be\\\/de\\\/#website\"},\"primaryImageOfPage\":{\"@id\":\"https:\\\/\\\/botrange.be\\\/de\\\/agenda\\\/planwagenfahrt-bis-november\\\/#primaryimage\"},\"image\":{\"@id\":\"https:\\\/\\\/botrange.be\\\/de\\\/agenda\\\/planwagenfahrt-bis-november\\\/#primaryimage\"},\"thumbnailUrl\":\"https:\\\/\\\/botrange.be\\\/wp-content\\\/uploads\\\/2021\\\/09\\\/char-a-bancs-fagnes-ardenne.jpg\",\"datePublished\":\"2024-07-04T08:47:23+00:00\",\"dateModified\":\"2026-04-07T09:29:11+00:00\",\"description\":\"Entfliehen Sie in ein einzigartiges St\u00fcck Natur in Belgien! Entdecken Sie die Gipfel unseres Landes auf originelle Weise, indem Sie an Bord unseres Planwagens Platz nehmen, in Anlehnung an die Karren, die fr\u00fcher von Zugpferden gezogen und f\u00fcr den Weg zur Messe verwendet wurden. Die doppelte Originalit\u00e4t: Unser Planwagen mit 22 Sitzpl\u00e4tzen wird von einem Traktor gezogen!\",\"breadcrumb\":{\"@id\":\"https:\\\/\\\/botrange.be\\\/de\\\/agenda\\\/planwagenfahrt-bis-november\\\/#breadcrumb\"},\"inLanguage\":\"de\",\"potentialAction\":[{\"@type\":\"ReadAction\",\"target\":[\"https:\\\/\\\/botrange.be\\\/de\\\/agenda\\\/planwagenfahrt-bis-november\\\/\"]}]},{\"@type\":\"ImageObject\",\"inLanguage\":\"de\",\"@id\":\"https:\\\/\\\/botrange.be\\\/de\\\/agenda\\\/planwagenfahrt-bis-november\\\/#primaryimage\",\"url\":\"https:\\\/\\\/botrange.be\\\/wp-content\\\/uploads\\\/2021\\\/09\\\/char-a-bancs-fagnes-ardenne.jpg\",\"contentUrl\":\"https:\\\/\\\/botrange.be\\\/wp-content\\\/uploads\\\/2021\\\/09\\\/char-a-bancs-fagnes-ardenne.jpg\",\"width\":2000,\"height\":1333,\"caption\":\"Char \u00e0 bancs - Fagnes Ardenne\"},{\"@type\":\"BreadcrumbList\",\"@id\":\"https:\\\/\\\/botrange.be\\\/de\\\/agenda\\\/planwagenfahrt-bis-november\\\/#breadcrumb\",\"itemListElement\":[{\"@type\":\"ListItem\",\"position\":1,\"name\":\"Accueil\",\"item\":\"https:\\\/\\\/botrange.be\\\/de\\\/\"},{\"@type\":\"ListItem\",\"position\":2,\"name\":\"Agendas\",\"item\":\"https:\\\/\\\/botrange.be\\\/de\\\/agenda\\\/\"},{\"@type\":\"ListItem\",\"position\":3,\"name\":\"Planwagenfahrt: April &#8211; November\"}]},{\"@type\":\"WebSite\",\"@id\":\"https:\\\/\\\/botrange.be\\\/de\\\/#website\",\"url\":\"https:\\\/\\\/botrange.be\\\/de\\\/\",\"name\":\"Parc naturel Hautes Fagnes-Eifel\",\"description\":\"50 ANS 1971-2021\",\"publisher\":{\"@id\":\"https:\\\/\\\/botrange.be\\\/de\\\/#organization\"},\"potentialAction\":[{\"@type\":\"SearchAction\",\"target\":{\"@type\":\"EntryPoint\",\"urlTemplate\":\"https:\\\/\\\/botrange.be\\\/de\\\/?s={search_term_string}\"},\"query-input\":{\"@type\":\"PropertyValueSpecification\",\"valueRequired\":true,\"valueName\":\"search_term_string\"}}],\"inLanguage\":\"de\"},{\"@type\":\"Organization\",\"@id\":\"https:\\\/\\\/botrange.be\\\/de\\\/#organization\",\"name\":\"Parc naturel Hautes Fagnes-Eifel\",\"url\":\"https:\\\/\\\/botrange.be\\\/de\\\/\",\"logo\":{\"@type\":\"ImageObject\",\"inLanguage\":\"de\",\"@id\":\"https:\\\/\\\/botrange.be\\\/de\\\/#\\\/schema\\\/logo\\\/image\\\/\",\"url\":\"https:\\\/\\\/botrange.be\\\/wp-content\\\/uploads\\\/2021\\\/06\\\/logo.svg\",\"contentUrl\":\"https:\\\/\\\/botrange.be\\\/wp-content\\\/uploads\\\/2021\\\/06\\\/logo.svg\",\"caption\":\"Parc naturel Hautes Fagnes-Eifel\"},\"image\":{\"@id\":\"https:\\\/\\\/botrange.be\\\/de\\\/#\\\/schema\\\/logo\\\/image\\\/\"}}]}<\/script>\n<!-- \/ Yoast SEO plugin. -->","yoast_head_json":{"title":"Planwagenfahrt: April - November - Parc naturel Hautes Fagnes-Eifel","description":"Entfliehen Sie in ein einzigartiges St\u00fcck Natur in Belgien! Entdecken Sie die Gipfel unseres Landes auf originelle Weise, indem Sie an Bord unseres Planwagens Platz nehmen, in Anlehnung an die Karren, die fr\u00fcher von Zugpferden gezogen und f\u00fcr den Weg zur Messe verwendet wurden. Die doppelte Originalit\u00e4t: Unser Planwagen mit 22 Sitzpl\u00e4tzen wird von einem Traktor gezogen!","robots":{"index":"index","follow":"follow","max-snippet":"max-snippet:-1","max-image-preview":"max-image-preview:large","max-video-preview":"max-video-preview:-1"},"canonical":"https:\/\/botrange.be\/de\/agenda\/planwagenfahrt-bis-november\/","og_locale":"de_DE","og_type":"article","og_title":"Planwagenfahrt: April - November - Parc naturel Hautes Fagnes-Eifel","og_description":"Entfliehen Sie in ein einzigartiges St\u00fcck Natur in Belgien! Entdecken Sie die Gipfel unseres Landes auf originelle Weise, indem Sie an Bord unseres Planwagens Platz nehmen, in Anlehnung an die Karren, die fr\u00fcher von Zugpferden gezogen und f\u00fcr den Weg zur Messe verwendet wurden. Die doppelte Originalit\u00e4t: Unser Planwagen mit 22 Sitzpl\u00e4tzen wird von einem Traktor gezogen!","og_url":"https:\/\/botrange.be\/de\/agenda\/planwagenfahrt-bis-november\/","og_site_name":"Parc naturel Hautes Fagnes-Eifel","article_modified_time":"2026-04-07T09:29:11+00:00","og_image":[{"width":2000,"height":1333,"url":"https:\/\/botrange.be\/wp-content\/uploads\/2021\/09\/char-a-bancs-fagnes-ardenne.jpg","type":"image\/jpeg"}],"twitter_card":"summary_large_image","twitter_misc":{"Gesch\u00e4tzte Lesezeit":"1\u00a0Minute"},"schema":{"@context":"https:\/\/schema.org","@graph":[{"@type":"WebPage","@id":"https:\/\/botrange.be\/de\/agenda\/planwagenfahrt-bis-november\/","url":"https:\/\/botrange.be\/de\/agenda\/planwagenfahrt-bis-november\/","name":"Planwagenfahrt: April - November - Parc naturel Hautes Fagnes-Eifel","isPartOf":{"@id":"https:\/\/botrange.be\/de\/#website"},"primaryImageOfPage":{"@id":"https:\/\/botrange.be\/de\/agenda\/planwagenfahrt-bis-november\/#primaryimage"},"image":{"@id":"https:\/\/botrange.be\/de\/agenda\/planwagenfahrt-bis-november\/#primaryimage"},"thumbnailUrl":"https:\/\/botrange.be\/wp-content\/uploads\/2021\/09\/char-a-bancs-fagnes-ardenne.jpg","datePublished":"2024-07-04T08:47:23+00:00","dateModified":"2026-04-07T09:29:11+00:00","description":"Entfliehen Sie in ein einzigartiges St\u00fcck Natur in Belgien! Entdecken Sie die Gipfel unseres Landes auf originelle Weise, indem Sie an Bord unseres Planwagens Platz nehmen, in Anlehnung an die Karren, die fr\u00fcher von Zugpferden gezogen und f\u00fcr den Weg zur Messe verwendet wurden. Die doppelte Originalit\u00e4t: Unser Planwagen mit 22 Sitzpl\u00e4tzen wird von einem Traktor gezogen!","breadcrumb":{"@id":"https:\/\/botrange.be\/de\/agenda\/planwagenfahrt-bis-november\/#breadcrumb"},"inLanguage":"de","potentialAction":[{"@type":"ReadAction","target":["https:\/\/botrange.be\/de\/agenda\/planwagenfahrt-bis-november\/"]}]},{"@type":"ImageObject","inLanguage":"de","@id":"https:\/\/botrange.be\/de\/agenda\/planwagenfahrt-bis-november\/#primaryimage","url":"https:\/\/botrange.be\/wp-content\/uploads\/2021\/09\/char-a-bancs-fagnes-ardenne.jpg","contentUrl":"https:\/\/botrange.be\/wp-content\/uploads\/2021\/09\/char-a-bancs-fagnes-ardenne.jpg","width":2000,"height":1333,"caption":"Char \u00e0 bancs - Fagnes Ardenne"},{"@type":"BreadcrumbList","@id":"https:\/\/botrange.be\/de\/agenda\/planwagenfahrt-bis-november\/#breadcrumb","itemListElement":[{"@type":"ListItem","position":1,"name":"Accueil","item":"https:\/\/botrange.be\/de\/"},{"@type":"ListItem","position":2,"name":"Agendas","item":"https:\/\/botrange.be\/de\/agenda\/"},{"@type":"ListItem","position":3,"name":"Planwagenfahrt: April &#8211; November"}]},{"@type":"WebSite","@id":"https:\/\/botrange.be\/de\/#website","url":"https:\/\/botrange.be\/de\/","name":"Parc naturel Hautes Fagnes-Eifel","description":"50 ANS 1971-2021","publisher":{"@id":"https:\/\/botrange.be\/de\/#organization"},"potentialAction":[{"@type":"SearchAction","target":{"@type":"EntryPoint","urlTemplate":"https:\/\/botrange.be\/de\/?s={search_term_string}"},"query-input":{"@type":"PropertyValueSpecification","valueRequired":true,"valueName":"search_term_string"}}],"inLanguage":"de"},{"@type":"Organization","@id":"https:\/\/botrange.be\/de\/#organization","name":"Parc naturel Hautes Fagnes-Eifel","url":"https:\/\/botrange.be\/de\/","logo":{"@type":"ImageObject","inLanguage":"de","@id":"https:\/\/botrange.be\/de\/#\/schema\/logo\/image\/","url":"https:\/\/botrange.be\/wp-content\/uploads\/2021\/06\/logo.svg","contentUrl":"https:\/\/botrange.be\/wp-content\/uploads\/2021\/06\/logo.svg","caption":"Parc naturel Hautes Fagnes-Eifel"},"image":{"@id":"https:\/\/botrange.be\/de\/#\/schema\/logo\/image\/"}}]}},"_links":{"self":[{"href":"https:\/\/botrange.be\/de\/wp-json\/wp\/v2\/agenda\/12233","targetHints":{"allow":["GET"]}}],"collection":[{"href":"https:\/\/botrange.be\/de\/wp-json\/wp\/v2\/agenda"}],"about":[{"href":"https:\/\/botrange.be\/de\/wp-json\/wp\/v2\/types\/agenda"}],"author":[{"embeddable":true,"href":"https:\/\/botrange.be\/de\/wp-json\/wp\/v2\/users\/13"}],"version-history":[{"count":3,"href":"https:\/\/botrange.be\/de\/wp-json\/wp\/v2\/agenda\/12233\/revisions"}],"predecessor-version":[{"id":16261,"href":"https:\/\/botrange.be\/de\/wp-json\/wp\/v2\/agenda\/12233\/revisions\/16261"}],"wp:featuredmedia":[{"embeddable":true,"href":"https:\/\/botrange.be\/de\/wp-json\/wp\/v2\/media\/3825"}],"wp:attachment":[{"href":"https:\/\/botrange.be\/de\/wp-json\/wp\/v2\/media?parent=12233"}],"wp:term":[{"taxonomy":"category","embeddable":true,"href":"https:\/\/botrange.be\/de\/wp-json\/wp\/v2\/categories?post=12233"},{"taxonomy":"post_tag","embeddable":true,"href":"https:\/\/botrange.be\/de\/wp-json\/wp\/v2\/tags?post=12233"}],"curies":[{"name":"wp","href":"https:\/\/api.w.org\/{rel}","templated":true}]}}