{"id":14473,"date":"2025-05-15T09:03:47","date_gmt":"2025-05-15T07:03:47","guid":{"rendered":"https:\/\/botrange.be\/?post_type=agenda&#038;p=14473"},"modified":"2025-05-15T09:34:18","modified_gmt":"2025-05-15T07:34:18","slug":"dach-und-fassadenbegruenung-infoabend-wettbewerb","status":"publish","type":"agenda","link":"https:\/\/botrange.be\/de\/agenda\/dach-und-fassadenbegruenung-infoabend-wettbewerb\/","title":{"rendered":"Dach- und Fassadenbegr\u00fcnung: Infoabend &#038; Wettbewerb"},"content":{"rendered":"<div class=\"x11i5rnm xat24cr x1mh8g0r x1vvkbs xtlvy1s x126k92a\">\n<div dir=\"auto\">M\u00f6chten Sie Ihre Umgebung gr\u00fcner gestalten und aktiv etwas f\u00fcr Klima, Umwelt und Lebensqualit\u00e4t tun? Dann laden wir Sie herzlich zu unserem Infoabend ein \u2013 und zur Teilnahme am Wettbewerb f\u00fcr begr\u00fcnte Geb\u00e4ude und \u00f6ffentliche R\u00e4ume!<\/div>\n<\/div>\n<div class=\"x11i5rnm xat24cr x1mh8g0r x1vvkbs xtlvy1s x126k92a\">\n<div dir=\"auto\"><\/div>\n<div dir=\"auto\"><strong> Was Sie erwartet:<\/strong><\/div>\n<\/div>\n<div class=\"x11i5rnm xat24cr x1mh8g0r x1vvkbs xtlvy1s x126k92a\">\n<div dir=\"auto\"><span class=\"html-span xexx8yu x4uap5 x18d9i69 xkhd6sd x1hl2dhg x16tdsg8 x1vvkbs x3nfvp2 x1j61x8r x1fcty0u xdj266r xat24cr xgzva0m xhhsvwb xxymvpz xlup9mm x1kky2od\"><img decoding=\"async\" class=\"xz74otr x168nmei x13lgxp2 x5pf9jr xo71vjh\" src=\"https:\/\/static.xx.fbcdn.net\/images\/emoji.php\/v9\/t51\/1\/16\/2714.png\" alt=\"\u2714\ufe0f\" width=\"16\" height=\"16\" \/><\/span> Fachvortr\u00e4ge zu \u00f6kologischen, klimatischen und gestalterischen Aspekten<\/div>\n<div dir=\"auto\"><span class=\"html-span xexx8yu x4uap5 x18d9i69 xkhd6sd x1hl2dhg x16tdsg8 x1vvkbs x3nfvp2 x1j61x8r x1fcty0u xdj266r xat24cr xgzva0m xhhsvwb xxymvpz xlup9mm x1kky2od\"><img decoding=\"async\" class=\"xz74otr x168nmei x13lgxp2 x5pf9jr xo71vjh\" src=\"https:\/\/static.xx.fbcdn.net\/images\/emoji.php\/v9\/t51\/1\/16\/2714.png\" alt=\"\u2714\ufe0f\" width=\"16\" height=\"16\" \/><\/span> Inspirierende Praxisbeispiele aus der Region<\/div>\n<div dir=\"auto\"><span class=\"html-span xexx8yu x4uap5 x18d9i69 xkhd6sd x1hl2dhg x16tdsg8 x1vvkbs x3nfvp2 x1j61x8r x1fcty0u xdj266r xat24cr xgzva0m xhhsvwb xxymvpz xlup9mm x1kky2od\"><img decoding=\"async\" class=\"xz74otr x168nmei x13lgxp2 x5pf9jr xo71vjh\" src=\"https:\/\/static.xx.fbcdn.net\/images\/emoji.php\/v9\/t51\/1\/16\/2714.png\" alt=\"\u2714\ufe0f\" width=\"16\" height=\"16\" \/><\/span> Informationen zur Energiepr\u00e4mie der DG<\/div>\n<div dir=\"auto\"><span class=\"html-span xexx8yu x4uap5 x18d9i69 xkhd6sd x1hl2dhg x16tdsg8 x1vvkbs x3nfvp2 x1j61x8r x1fcty0u xdj266r xat24cr xgzva0m xhhsvwb xxymvpz xlup9mm x1kky2od\"><img decoding=\"async\" class=\"xz74otr x168nmei x13lgxp2 x5pf9jr xo71vjh\" src=\"https:\/\/static.xx.fbcdn.net\/images\/emoji.php\/v9\/t51\/1\/16\/2714.png\" alt=\"\u2714\ufe0f\" width=\"16\" height=\"16\" \/><\/span> Vorstellung des neuen Wettbewerbs \u201eDach- und Fassadenbegr\u00fcnung\u201c<\/div>\n<\/div>\n<div class=\"x11i5rnm xat24cr x1mh8g0r x1vvkbs xtlvy1s x126k92a\">\n<div dir=\"auto\"><\/div>\n<div dir=\"auto\">Machen Sie mit beim Wettbewerb!<\/div>\n<div dir=\"auto\">Gesucht werden Gruppen, die gemeinsam Geb\u00e4ude oder \u00f6ffentliche Orte begr\u00fcnen \u2013 z. B. Jugendgruppen, Vereine, Nachbarschaften, Bildungseinrichtungen&#8230;<\/div>\n<div dir=\"auto\"><\/div>\n<\/div>\n<div class=\"x11i5rnm xat24cr x1mh8g0r x1vvkbs xtlvy1s x126k92a\">\n<div dir=\"auto\"><strong>Die \u00fcberzeugendsten Projekte erhalten:<\/strong><\/div>\n<div dir=\"auto\"><span class=\"html-span xexx8yu x4uap5 x18d9i69 xkhd6sd x1hl2dhg x16tdsg8 x1vvkbs x3nfvp2 x1j61x8r x1fcty0u xdj266r xat24cr xgzva0m xhhsvwb xxymvpz xlup9mm x1kky2od\"><img decoding=\"async\" class=\"xz74otr x168nmei x13lgxp2 x5pf9jr xo71vjh\" src=\"https:\/\/static.xx.fbcdn.net\/images\/emoji.php\/v9\/t33\/1\/16\/2705.png\" alt=\"\u2705\" width=\"16\" height=\"16\" \/><\/span> Eine finanzielle F\u00f6rderung von bis zu 2.500 \u20ac<\/div>\n<div dir=\"auto\"><span class=\"html-span xexx8yu x4uap5 x18d9i69 xkhd6sd x1hl2dhg x16tdsg8 x1vvkbs x3nfvp2 x1j61x8r x1fcty0u xdj266r xat24cr xgzva0m xhhsvwb xxymvpz xlup9mm x1kky2od\"><img decoding=\"async\" class=\"xz74otr x168nmei x13lgxp2 x5pf9jr xo71vjh\" src=\"https:\/\/static.xx.fbcdn.net\/images\/emoji.php\/v9\/t33\/1\/16\/2705.png\" alt=\"\u2705\" width=\"16\" height=\"16\" \/><\/span> Fachliche Beratung durch den Naturpark Hohes Venn\u2013Eifel<\/div>\n<\/div>\n<div class=\"x11i5rnm xat24cr x1mh8g0r x1vvkbs xtlvy1s x126k92a\">\n<div dir=\"auto\"><\/div>\n<div dir=\"auto\"><strong>Bitte melden Sie sich bis 05.06.2025 zum Infoabend an<\/strong>: <a href=\"mailto:anmeldung@wfg.be\">anmeldung@wfg.be<\/a> oder 087\/568201<\/div>\n<div dir=\"auto\"><\/div>\n<div dir=\"auto\">Gemeinsam machen wir Ostbelgien gr\u00fcner, nachhaltiger und lebenswerter!<\/div>\n<\/div>\n<div dir=\"auto\"><img fetchpriority=\"high\" decoding=\"async\" class=\"alignnone wp-image-14467\" src=\"https:\/\/botrange.be\/wp-content\/uploads\/2025\/05\/20250513_Flyer_page-0001-212x300.jpg\" alt=\"\" width=\"633\" height=\"896\" srcset=\"https:\/\/botrange.be\/wp-content\/uploads\/2025\/05\/20250513_Flyer_page-0001-212x300.jpg 212w, https:\/\/botrange.be\/wp-content\/uploads\/2025\/05\/20250513_Flyer_page-0001-724x1024.jpg 724w, https:\/\/botrange.be\/wp-content\/uploads\/2025\/05\/20250513_Flyer_page-0001-768x1086.jpg 768w, https:\/\/botrange.be\/wp-content\/uploads\/2025\/05\/20250513_Flyer_page-0001-1086x1536.jpg 1086w, https:\/\/botrange.be\/wp-content\/uploads\/2025\/05\/20250513_Flyer_page-0001-340x480.jpg 340w, https:\/\/botrange.be\/wp-content\/uploads\/2025\/05\/20250513_Flyer_page-0001.jpg 1241w\" sizes=\"(max-width: 633px) 100vw, 633px\" \/><\/div>\n","protected":false},"excerpt":{"rendered":"<p class=\"excerpt\">M\u00f6chten Sie Ihre Umgebung gr\u00fcner gestalten und aktiv etwas f\u00fcr Klima, Umwelt und Lebensqualit\u00e4t tun? Dann laden wir Sie herzlich zu unserem Infoabend ein \u2013 und zur Teilnahme am Wettbewerb f\u00fcr begr\u00fcnte Geb\u00e4ude und \u00f6ffentliche R\u00e4ume!<\/p>\n","protected":false},"author":13,"featured_media":14480,"template":"","categories":[],"tags":[],"class_list":["post-14473","agenda","type-agenda","status-publish","has-post-thumbnail","hentry"],"acf":[],"yoast_head":"<!-- This site is optimized with the Yoast SEO plugin v27.4 - https:\/\/yoast.com\/product\/yoast-seo-wordpress\/ -->\n<title>Dach- und Fassadenbegr\u00fcnung: Infoabend &amp; Wettbewerb - Parc naturel Hautes Fagnes-Eifel<\/title>\n<meta name=\"robots\" content=\"index, follow, max-snippet:-1, max-image-preview:large, max-video-preview:-1\" \/>\n<link rel=\"canonical\" href=\"https:\/\/botrange.be\/de\/agenda\/dach-und-fassadenbegruenung-infoabend-wettbewerb\/\" \/>\n<meta property=\"og:locale\" content=\"de_DE\" \/>\n<meta property=\"og:type\" content=\"article\" \/>\n<meta property=\"og:title\" content=\"Dach- und Fassadenbegr\u00fcnung: Infoabend &amp; Wettbewerb - Parc naturel Hautes Fagnes-Eifel\" \/>\n<meta property=\"og:description\" content=\"M\u00f6chten Sie Ihre Umgebung gr\u00fcner gestalten und aktiv etwas f\u00fcr Klima, Umwelt und Lebensqualit\u00e4t tun? Dann laden wir Sie herzlich zu unserem Infoabend ein \u2013 und zur Teilnahme am Wettbewerb f\u00fcr begr\u00fcnte Geb\u00e4ude und \u00f6ffentliche R\u00e4ume!\" \/>\n<meta property=\"og:url\" content=\"https:\/\/botrange.be\/de\/agenda\/dach-und-fassadenbegruenung-infoabend-wettbewerb\/\" \/>\n<meta property=\"og:site_name\" content=\"Parc naturel Hautes Fagnes-Eifel\" \/>\n<meta property=\"article:modified_time\" content=\"2025-05-15T07:34:18+00:00\" \/>\n<meta property=\"og:image\" content=\"https:\/\/botrange.be\/wp-content\/uploads\/2025\/05\/20250513_Flyer_page-0001zoom.jpg\" \/>\n\t<meta property=\"og:image:width\" content=\"644\" \/>\n\t<meta property=\"og:image:height\" content=\"315\" \/>\n\t<meta property=\"og:image:type\" content=\"image\/jpeg\" \/>\n<meta name=\"twitter:card\" content=\"summary_large_image\" \/>\n<meta name=\"twitter:label1\" content=\"Gesch\u00e4tzte Lesezeit\" \/>\n\t<meta name=\"twitter:data1\" content=\"3\u00a0Minuten\" \/>\n<script type=\"application\/ld+json\" class=\"yoast-schema-graph\">{\"@context\":\"https:\\\/\\\/schema.org\",\"@graph\":[{\"@type\":\"WebPage\",\"@id\":\"https:\\\/\\\/botrange.be\\\/de\\\/agenda\\\/dach-und-fassadenbegruenung-infoabend-wettbewerb\\\/\",\"url\":\"https:\\\/\\\/botrange.be\\\/de\\\/agenda\\\/dach-und-fassadenbegruenung-infoabend-wettbewerb\\\/\",\"name\":\"Dach- und Fassadenbegr\u00fcnung: Infoabend & Wettbewerb - Parc naturel Hautes Fagnes-Eifel\",\"isPartOf\":{\"@id\":\"https:\\\/\\\/botrange.be\\\/de\\\/#website\"},\"primaryImageOfPage\":{\"@id\":\"https:\\\/\\\/botrange.be\\\/de\\\/agenda\\\/dach-und-fassadenbegruenung-infoabend-wettbewerb\\\/#primaryimage\"},\"image\":{\"@id\":\"https:\\\/\\\/botrange.be\\\/de\\\/agenda\\\/dach-und-fassadenbegruenung-infoabend-wettbewerb\\\/#primaryimage\"},\"thumbnailUrl\":\"https:\\\/\\\/botrange.be\\\/wp-content\\\/uploads\\\/2025\\\/05\\\/20250513_Flyer_page-0001zoom.jpg\",\"datePublished\":\"2025-05-15T07:03:47+00:00\",\"dateModified\":\"2025-05-15T07:34:18+00:00\",\"breadcrumb\":{\"@id\":\"https:\\\/\\\/botrange.be\\\/de\\\/agenda\\\/dach-und-fassadenbegruenung-infoabend-wettbewerb\\\/#breadcrumb\"},\"inLanguage\":\"de\",\"potentialAction\":[{\"@type\":\"ReadAction\",\"target\":[\"https:\\\/\\\/botrange.be\\\/de\\\/agenda\\\/dach-und-fassadenbegruenung-infoabend-wettbewerb\\\/\"]}]},{\"@type\":\"ImageObject\",\"inLanguage\":\"de\",\"@id\":\"https:\\\/\\\/botrange.be\\\/de\\\/agenda\\\/dach-und-fassadenbegruenung-infoabend-wettbewerb\\\/#primaryimage\",\"url\":\"https:\\\/\\\/botrange.be\\\/wp-content\\\/uploads\\\/2025\\\/05\\\/20250513_Flyer_page-0001zoom.jpg\",\"contentUrl\":\"https:\\\/\\\/botrange.be\\\/wp-content\\\/uploads\\\/2025\\\/05\\\/20250513_Flyer_page-0001zoom.jpg\",\"width\":644,\"height\":315},{\"@type\":\"BreadcrumbList\",\"@id\":\"https:\\\/\\\/botrange.be\\\/de\\\/agenda\\\/dach-und-fassadenbegruenung-infoabend-wettbewerb\\\/#breadcrumb\",\"itemListElement\":[{\"@type\":\"ListItem\",\"position\":1,\"name\":\"Accueil\",\"item\":\"https:\\\/\\\/botrange.be\\\/de\\\/\"},{\"@type\":\"ListItem\",\"position\":2,\"name\":\"Agendas\",\"item\":\"https:\\\/\\\/botrange.be\\\/de\\\/agenda\\\/\"},{\"@type\":\"ListItem\",\"position\":3,\"name\":\"Dach- und Fassadenbegr\u00fcnung: Infoabend &#038; Wettbewerb\"}]},{\"@type\":\"WebSite\",\"@id\":\"https:\\\/\\\/botrange.be\\\/de\\\/#website\",\"url\":\"https:\\\/\\\/botrange.be\\\/de\\\/\",\"name\":\"Parc naturel Hautes Fagnes-Eifel\",\"description\":\"50 ANS 1971-2021\",\"publisher\":{\"@id\":\"https:\\\/\\\/botrange.be\\\/de\\\/#organization\"},\"potentialAction\":[{\"@type\":\"SearchAction\",\"target\":{\"@type\":\"EntryPoint\",\"urlTemplate\":\"https:\\\/\\\/botrange.be\\\/de\\\/?s={search_term_string}\"},\"query-input\":{\"@type\":\"PropertyValueSpecification\",\"valueRequired\":true,\"valueName\":\"search_term_string\"}}],\"inLanguage\":\"de\"},{\"@type\":\"Organization\",\"@id\":\"https:\\\/\\\/botrange.be\\\/de\\\/#organization\",\"name\":\"Parc naturel Hautes Fagnes-Eifel\",\"url\":\"https:\\\/\\\/botrange.be\\\/de\\\/\",\"logo\":{\"@type\":\"ImageObject\",\"inLanguage\":\"de\",\"@id\":\"https:\\\/\\\/botrange.be\\\/de\\\/#\\\/schema\\\/logo\\\/image\\\/\",\"url\":\"https:\\\/\\\/botrange.be\\\/wp-content\\\/uploads\\\/2021\\\/06\\\/logo.svg\",\"contentUrl\":\"https:\\\/\\\/botrange.be\\\/wp-content\\\/uploads\\\/2021\\\/06\\\/logo.svg\",\"caption\":\"Parc naturel Hautes Fagnes-Eifel\"},\"image\":{\"@id\":\"https:\\\/\\\/botrange.be\\\/de\\\/#\\\/schema\\\/logo\\\/image\\\/\"}}]}<\/script>\n<!-- \/ Yoast SEO plugin. -->","yoast_head_json":{"title":"Dach- und Fassadenbegr\u00fcnung: Infoabend & Wettbewerb - Parc naturel Hautes Fagnes-Eifel","robots":{"index":"index","follow":"follow","max-snippet":"max-snippet:-1","max-image-preview":"max-image-preview:large","max-video-preview":"max-video-preview:-1"},"canonical":"https:\/\/botrange.be\/de\/agenda\/dach-und-fassadenbegruenung-infoabend-wettbewerb\/","og_locale":"de_DE","og_type":"article","og_title":"Dach- und Fassadenbegr\u00fcnung: Infoabend & Wettbewerb - Parc naturel Hautes Fagnes-Eifel","og_description":"M\u00f6chten Sie Ihre Umgebung gr\u00fcner gestalten und aktiv etwas f\u00fcr Klima, Umwelt und Lebensqualit\u00e4t tun? Dann laden wir Sie herzlich zu unserem Infoabend ein \u2013 und zur Teilnahme am Wettbewerb f\u00fcr begr\u00fcnte Geb\u00e4ude und \u00f6ffentliche R\u00e4ume!","og_url":"https:\/\/botrange.be\/de\/agenda\/dach-und-fassadenbegruenung-infoabend-wettbewerb\/","og_site_name":"Parc naturel Hautes Fagnes-Eifel","article_modified_time":"2025-05-15T07:34:18+00:00","og_image":[{"width":644,"height":315,"url":"https:\/\/botrange.be\/wp-content\/uploads\/2025\/05\/20250513_Flyer_page-0001zoom.jpg","type":"image\/jpeg"}],"twitter_card":"summary_large_image","twitter_misc":{"Gesch\u00e4tzte Lesezeit":"3\u00a0Minuten"},"schema":{"@context":"https:\/\/schema.org","@graph":[{"@type":"WebPage","@id":"https:\/\/botrange.be\/de\/agenda\/dach-und-fassadenbegruenung-infoabend-wettbewerb\/","url":"https:\/\/botrange.be\/de\/agenda\/dach-und-fassadenbegruenung-infoabend-wettbewerb\/","name":"Dach- und Fassadenbegr\u00fcnung: Infoabend & Wettbewerb - Parc naturel Hautes Fagnes-Eifel","isPartOf":{"@id":"https:\/\/botrange.be\/de\/#website"},"primaryImageOfPage":{"@id":"https:\/\/botrange.be\/de\/agenda\/dach-und-fassadenbegruenung-infoabend-wettbewerb\/#primaryimage"},"image":{"@id":"https:\/\/botrange.be\/de\/agenda\/dach-und-fassadenbegruenung-infoabend-wettbewerb\/#primaryimage"},"thumbnailUrl":"https:\/\/botrange.be\/wp-content\/uploads\/2025\/05\/20250513_Flyer_page-0001zoom.jpg","datePublished":"2025-05-15T07:03:47+00:00","dateModified":"2025-05-15T07:34:18+00:00","breadcrumb":{"@id":"https:\/\/botrange.be\/de\/agenda\/dach-und-fassadenbegruenung-infoabend-wettbewerb\/#breadcrumb"},"inLanguage":"de","potentialAction":[{"@type":"ReadAction","target":["https:\/\/botrange.be\/de\/agenda\/dach-und-fassadenbegruenung-infoabend-wettbewerb\/"]}]},{"@type":"ImageObject","inLanguage":"de","@id":"https:\/\/botrange.be\/de\/agenda\/dach-und-fassadenbegruenung-infoabend-wettbewerb\/#primaryimage","url":"https:\/\/botrange.be\/wp-content\/uploads\/2025\/05\/20250513_Flyer_page-0001zoom.jpg","contentUrl":"https:\/\/botrange.be\/wp-content\/uploads\/2025\/05\/20250513_Flyer_page-0001zoom.jpg","width":644,"height":315},{"@type":"BreadcrumbList","@id":"https:\/\/botrange.be\/de\/agenda\/dach-und-fassadenbegruenung-infoabend-wettbewerb\/#breadcrumb","itemListElement":[{"@type":"ListItem","position":1,"name":"Accueil","item":"https:\/\/botrange.be\/de\/"},{"@type":"ListItem","position":2,"name":"Agendas","item":"https:\/\/botrange.be\/de\/agenda\/"},{"@type":"ListItem","position":3,"name":"Dach- und Fassadenbegr\u00fcnung: Infoabend &#038; Wettbewerb"}]},{"@type":"WebSite","@id":"https:\/\/botrange.be\/de\/#website","url":"https:\/\/botrange.be\/de\/","name":"Parc naturel Hautes Fagnes-Eifel","description":"50 ANS 1971-2021","publisher":{"@id":"https:\/\/botrange.be\/de\/#organization"},"potentialAction":[{"@type":"SearchAction","target":{"@type":"EntryPoint","urlTemplate":"https:\/\/botrange.be\/de\/?s={search_term_string}"},"query-input":{"@type":"PropertyValueSpecification","valueRequired":true,"valueName":"search_term_string"}}],"inLanguage":"de"},{"@type":"Organization","@id":"https:\/\/botrange.be\/de\/#organization","name":"Parc naturel Hautes Fagnes-Eifel","url":"https:\/\/botrange.be\/de\/","logo":{"@type":"ImageObject","inLanguage":"de","@id":"https:\/\/botrange.be\/de\/#\/schema\/logo\/image\/","url":"https:\/\/botrange.be\/wp-content\/uploads\/2021\/06\/logo.svg","contentUrl":"https:\/\/botrange.be\/wp-content\/uploads\/2021\/06\/logo.svg","caption":"Parc naturel Hautes Fagnes-Eifel"},"image":{"@id":"https:\/\/botrange.be\/de\/#\/schema\/logo\/image\/"}}]}},"_links":{"self":[{"href":"https:\/\/botrange.be\/de\/wp-json\/wp\/v2\/agenda\/14473","targetHints":{"allow":["GET"]}}],"collection":[{"href":"https:\/\/botrange.be\/de\/wp-json\/wp\/v2\/agenda"}],"about":[{"href":"https:\/\/botrange.be\/de\/wp-json\/wp\/v2\/types\/agenda"}],"author":[{"embeddable":true,"href":"https:\/\/botrange.be\/de\/wp-json\/wp\/v2\/users\/13"}],"version-history":[{"count":3,"href":"https:\/\/botrange.be\/de\/wp-json\/wp\/v2\/agenda\/14473\/revisions"}],"predecessor-version":[{"id":14479,"href":"https:\/\/botrange.be\/de\/wp-json\/wp\/v2\/agenda\/14473\/revisions\/14479"}],"wp:featuredmedia":[{"embeddable":true,"href":"https:\/\/botrange.be\/de\/wp-json\/wp\/v2\/media\/14480"}],"wp:attachment":[{"href":"https:\/\/botrange.be\/de\/wp-json\/wp\/v2\/media?parent=14473"}],"wp:term":[{"taxonomy":"category","embeddable":true,"href":"https:\/\/botrange.be\/de\/wp-json\/wp\/v2\/categories?post=14473"},{"taxonomy":"post_tag","embeddable":true,"href":"https:\/\/botrange.be\/de\/wp-json\/wp\/v2\/tags?post=14473"}],"curies":[{"name":"wp","href":"https:\/\/api.w.org\/{rel}","templated":true}]}}