{"id":15020,"date":"2025-08-13T15:54:17","date_gmt":"2025-08-13T13:54:17","guid":{"rendered":"https:\/\/botrange.be\/agenda\/nacht-der-dunkelheit-2025\/"},"modified":"2025-10-07T15:23:05","modified_gmt":"2025-10-07T13:23:05","slug":"nacht-der-dunkelheit-2025","status":"publish","type":"agenda","link":"https:\/\/botrange.be\/de\/agenda\/nacht-der-dunkelheit-2025\/","title":{"rendered":"Nacht der Dunkelheit 2025"},"content":{"rendered":"<p><strong>Die breite \u00d6ffentlichkeit f\u00fcr das Problem der Lichtverschmutzung und deren Auswirkungen auf die Tier- und Pflanzenwelt zu sensibilisieren \u2013 das ist das Ziel der \u201eN\u00e4chte der Dunkelheit\u201c, die jedes Jahr im Naturparkzentrum &#8211; Botrange organisiert werden!<\/strong><\/p>\n<p>Es ist soweit \u2013 die f\u00fcnfte Ausgabe der Nacht der Dunkelheit Hohes Venn, eine landesweite, v\u00f6llig kostenlose Veranstaltung, steht bevor!<br \/>\nWir laden Sie ein, diese Nacht der Sensibilisierung f\u00fcr die Auswirkungen von Lichtverschmutzung auf den Himmel sowie auf Flora und Fauna an einem au\u00dfergew\u00f6hnlichen und biodiversit\u00e4tsreichen Ort neu zu entdecken: auf dem Dach Belgiens, den Hohen Venn.<\/p>\n<p>Die Nacht der Dunkelheit Hohes Venn bietet:<\/p>\n<p>&#8211; Astronomische Beobachtungssitzungen<\/p>\n<p>&#8211; Vortr\u00e4ge f\u00fcr alle Altersgruppen<\/p>\n<p>&#8211; Informationsst\u00e4nde<\/p>\n<p>&#8211; M\u00e4rchen und Auff\u00fchrungen<\/p>\n<p>&#8211; \u201eNatur\u201c-Spazierg\u00e4nge<\/p>\n<p>&#8211; Bastelaktionen f\u00fcr Kinder<\/p>\n<p>&#8211; Ausstellungen<\/p>\n<p>&#8211; Gastronomie<\/p>\n<p>&#8211; Live-Musik<\/p>\n<p>&#8211; u.v.m.<\/p>\n<p>Kommen Sie zahlreich, mit Familie oder Freunden, und entdecken Sie die Geheimnisse einer nacht ohne Licht!<\/p>\n<p>&nbsp;<\/p>\n<p>UNSERE PARTNER:<br \/>\nDie Groupe Astronomie de Spa, die Soci\u00e9t\u00e9 Astronomique de Li\u00e8ge, die VoG Besace,<br \/>\nNatagora Pays Chantoire, das Naturzentrum Haus Ternell, das CREAVES La Tani\u00e8re des<br \/>\nFagnes, die Gemeinde Jalhay, Ecosc\u00e9nique, der Deutsch-Belgische grenz\u00fcberschreitende Naturpark, die Maison de la Metallurgie et de l\u2018Industrie de Li\u00e8ge, die M\u00e4rchenerz\u00e4hlerin Gaby Offermann und der M\u00e4rchenzerz\u00e4hler Rumelin, die Doktorin der Astrophysik Aur\u00e9lie Fumel, die Naturf\u00fchrer Udo Steinert und Hans Wielockx, die Sternenf\u00fchrerin Iris K\u00f6hler und die Musikgruppe Overtones.<\/p>\n<p>&nbsp;<\/p>\n<p>VOLLST\u00c4NDIGES PROGRAMM:<\/p>\n<p><img fetchpriority=\"high\" decoding=\"async\" class=\"alignnone wp-image-15421 size-large\" src=\"https:\/\/botrange.be\/wp-content\/uploads\/2025\/08\/Programm-Plan_DE_FINAL-1-1024x724.jpg\" alt=\"\" width=\"1024\" height=\"724\" srcset=\"https:\/\/botrange.be\/wp-content\/uploads\/2025\/08\/Programm-Plan_DE_FINAL-1-1024x724.jpg 1024w, https:\/\/botrange.be\/wp-content\/uploads\/2025\/08\/Programm-Plan_DE_FINAL-1-300x212.jpg 300w, https:\/\/botrange.be\/wp-content\/uploads\/2025\/08\/Programm-Plan_DE_FINAL-1-768x543.jpg 768w, https:\/\/botrange.be\/wp-content\/uploads\/2025\/08\/Programm-Plan_DE_FINAL-1-1536x1086.jpg 1536w, https:\/\/botrange.be\/wp-content\/uploads\/2025\/08\/Programm-Plan_DE_FINAL-1-2048x1448.jpg 2048w, https:\/\/botrange.be\/wp-content\/uploads\/2025\/08\/Programm-Plan_DE_FINAL-1-480x340.jpg 480w\" sizes=\"(max-width: 1024px) 100vw, 1024px\" \/> <img decoding=\"async\" class=\"alignnone wp-image-15418 size-large\" src=\"https:\/\/botrange.be\/wp-content\/uploads\/2025\/08\/Programm-Plan_DE_FINAL--1024x724.jpg\" alt=\"\" width=\"1024\" height=\"724\" srcset=\"https:\/\/botrange.be\/wp-content\/uploads\/2025\/08\/Programm-Plan_DE_FINAL--1024x724.jpg 1024w, https:\/\/botrange.be\/wp-content\/uploads\/2025\/08\/Programm-Plan_DE_FINAL--300x212.jpg 300w, https:\/\/botrange.be\/wp-content\/uploads\/2025\/08\/Programm-Plan_DE_FINAL--768x543.jpg 768w, https:\/\/botrange.be\/wp-content\/uploads\/2025\/08\/Programm-Plan_DE_FINAL--1536x1086.jpg 1536w, https:\/\/botrange.be\/wp-content\/uploads\/2025\/08\/Programm-Plan_DE_FINAL--2048x1448.jpg 2048w, https:\/\/botrange.be\/wp-content\/uploads\/2025\/08\/Programm-Plan_DE_FINAL--480x340.jpg 480w\" sizes=\"(max-width: 1024px) 100vw, 1024px\" \/><\/p>\n<p>Zum Downloaden: <a href=\"https:\/\/botrange.be\/wp-content\/uploads\/2025\/08\/Programm-Plan_DE.pdf\">Programm-Plan_DE<\/a><\/p>\n<div class=\"x14z9mp xat24cr x1lziwak x1vvkbs xtlvy1s x126k92a\"><\/div>\n<p>KOSTENLOSE VERANSTALTUNG UNTERST\u00dcTZT VON:<\/p>\n<p><img decoding=\"async\" class=\"alignnone wp-image-15256\" src=\"https:\/\/botrange.be\/wp-content\/uploads\/2025\/08\/Logo-subsidiants-Nuit-Obscurite-2025-300x150.png\" alt=\"\" width=\"628\" height=\"314\" srcset=\"https:\/\/botrange.be\/wp-content\/uploads\/2025\/08\/Logo-subsidiants-Nuit-Obscurite-2025-300x150.png 300w, https:\/\/botrange.be\/wp-content\/uploads\/2025\/08\/Logo-subsidiants-Nuit-Obscurite-2025-1024x512.png 1024w, https:\/\/botrange.be\/wp-content\/uploads\/2025\/08\/Logo-subsidiants-Nuit-Obscurite-2025-768x384.png 768w, https:\/\/botrange.be\/wp-content\/uploads\/2025\/08\/Logo-subsidiants-Nuit-Obscurite-2025-1536x768.png 1536w, https:\/\/botrange.be\/wp-content\/uploads\/2025\/08\/Logo-subsidiants-Nuit-Obscurite-2025-2048x1024.png 2048w\" sizes=\"(max-width: 628px) 100vw, 628px\" \/><\/p>\n","protected":false},"excerpt":{"rendered":"<p class=\"excerpt\">Die breite \u00d6ffentlichkeit f\u00fcr das Problem der Lichtverschmutzung und deren Auswirkungen auf die Tier- und Pflanzenwelt zu sensibilisieren \u2013 das ist das Ziel der \u201eN\u00e4chte der Dunkelheit\u201c, die jedes Jahr Naturparkzentrum &#8211; Botrange organisiert werden!<\/p>\n","protected":false},"author":13,"featured_media":15014,"template":"","categories":[],"tags":[],"class_list":["post-15020","agenda","type-agenda","status-publish","has-post-thumbnail","hentry"],"acf":[],"yoast_head":"<!-- This site is optimized with the Yoast SEO plugin v27.4 - https:\/\/yoast.com\/product\/yoast-seo-wordpress\/ -->\n<title>Nacht der Dunkelheit 2025 - Parc naturel Hautes Fagnes-Eifel<\/title>\n<meta name=\"description\" content=\"Sensibiliser le grand public \u00e0 la probl\u00e9matique de la pollution lumineuse et \u00e0 son impact sur la faune et la flore, voil\u00e0 l\u2019objectif des \u00ab Nuits de l\u2019Obscurit\u00e9 \u00bb organis\u00e9es tous les ans en partenariat avec l\u2019asbl BESACE. C&#039;est parti pour la quatri\u00e8me \u00e9dition de la Nuit de l&#039;Obscurit\u00e9 Hautes Fagnes, \u00e9v\u00e8nement national enti\u00e8rement gratuit organis\u00e9 par l&#039;ASBL Besace en collaboration avec la Maison du Parc Botrange, l&#039;Office du Tourisme Jalhay-Sart et la Commune de Jalhay !\" \/>\n<meta name=\"robots\" content=\"index, follow, max-snippet:-1, max-image-preview:large, max-video-preview:-1\" \/>\n<link rel=\"canonical\" href=\"https:\/\/botrange.be\/de\/agenda\/nacht-der-dunkelheit-2025\/\" \/>\n<meta property=\"og:locale\" content=\"de_DE\" \/>\n<meta property=\"og:type\" content=\"article\" \/>\n<meta property=\"og:title\" content=\"Nacht der Dunkelheit 2025 - Parc naturel Hautes Fagnes-Eifel\" \/>\n<meta property=\"og:description\" content=\"Sensibiliser le grand public \u00e0 la probl\u00e9matique de la pollution lumineuse et \u00e0 son impact sur la faune et la flore, voil\u00e0 l\u2019objectif des \u00ab Nuits de l\u2019Obscurit\u00e9 \u00bb organis\u00e9es tous les ans en partenariat avec l\u2019asbl BESACE. C&#039;est parti pour la quatri\u00e8me \u00e9dition de la Nuit de l&#039;Obscurit\u00e9 Hautes Fagnes, \u00e9v\u00e8nement national enti\u00e8rement gratuit organis\u00e9 par l&#039;ASBL Besace en collaboration avec la Maison du Parc Botrange, l&#039;Office du Tourisme Jalhay-Sart et la Commune de Jalhay !\" \/>\n<meta property=\"og:url\" content=\"https:\/\/botrange.be\/de\/agenda\/nacht-der-dunkelheit-2025\/\" \/>\n<meta property=\"og:site_name\" content=\"Parc naturel Hautes Fagnes-Eifel\" \/>\n<meta property=\"article:modified_time\" content=\"2025-10-07T13:23:05+00:00\" \/>\n<meta property=\"og:image\" content=\"https:\/\/botrange.be\/wp-content\/uploads\/2025\/08\/stands-de-sensibilisation-et-activites.jpg\" \/>\n\t<meta property=\"og:image:width\" content=\"562\" \/>\n\t<meta property=\"og:image:height\" content=\"374\" \/>\n\t<meta property=\"og:image:type\" content=\"image\/jpeg\" \/>\n<meta name=\"twitter:card\" content=\"summary_large_image\" \/>\n<meta name=\"twitter:label1\" content=\"Gesch\u00e4tzte Lesezeit\" \/>\n\t<meta name=\"twitter:data1\" content=\"2\u00a0Minuten\" \/>\n<script type=\"application\/ld+json\" class=\"yoast-schema-graph\">{\"@context\":\"https:\\\/\\\/schema.org\",\"@graph\":[{\"@type\":\"WebPage\",\"@id\":\"https:\\\/\\\/botrange.be\\\/de\\\/agenda\\\/nacht-der-dunkelheit-2025\\\/\",\"url\":\"https:\\\/\\\/botrange.be\\\/de\\\/agenda\\\/nacht-der-dunkelheit-2025\\\/\",\"name\":\"Nacht der Dunkelheit 2025 - Parc naturel Hautes Fagnes-Eifel\",\"isPartOf\":{\"@id\":\"https:\\\/\\\/botrange.be\\\/de\\\/#website\"},\"primaryImageOfPage\":{\"@id\":\"https:\\\/\\\/botrange.be\\\/de\\\/agenda\\\/nacht-der-dunkelheit-2025\\\/#primaryimage\"},\"image\":{\"@id\":\"https:\\\/\\\/botrange.be\\\/de\\\/agenda\\\/nacht-der-dunkelheit-2025\\\/#primaryimage\"},\"thumbnailUrl\":\"https:\\\/\\\/botrange.be\\\/wp-content\\\/uploads\\\/2025\\\/08\\\/stands-de-sensibilisation-et-activites.jpg\",\"datePublished\":\"2025-08-13T13:54:17+00:00\",\"dateModified\":\"2025-10-07T13:23:05+00:00\",\"description\":\"Sensibiliser le grand public \u00e0 la probl\u00e9matique de la pollution lumineuse et \u00e0 son impact sur la faune et la flore, voil\u00e0 l\u2019objectif des \u00ab Nuits de l\u2019Obscurit\u00e9 \u00bb organis\u00e9es tous les ans en partenariat avec l\u2019asbl BESACE. C'est parti pour la quatri\u00e8me \u00e9dition de la Nuit de l'Obscurit\u00e9 Hautes Fagnes, \u00e9v\u00e8nement national enti\u00e8rement gratuit organis\u00e9 par l'ASBL Besace en collaboration avec la Maison du Parc Botrange, l'Office du Tourisme Jalhay-Sart et la Commune de Jalhay !\",\"breadcrumb\":{\"@id\":\"https:\\\/\\\/botrange.be\\\/de\\\/agenda\\\/nacht-der-dunkelheit-2025\\\/#breadcrumb\"},\"inLanguage\":\"de\",\"potentialAction\":[{\"@type\":\"ReadAction\",\"target\":[\"https:\\\/\\\/botrange.be\\\/de\\\/agenda\\\/nacht-der-dunkelheit-2025\\\/\"]}]},{\"@type\":\"ImageObject\",\"inLanguage\":\"de\",\"@id\":\"https:\\\/\\\/botrange.be\\\/de\\\/agenda\\\/nacht-der-dunkelheit-2025\\\/#primaryimage\",\"url\":\"https:\\\/\\\/botrange.be\\\/wp-content\\\/uploads\\\/2025\\\/08\\\/stands-de-sensibilisation-et-activites.jpg\",\"contentUrl\":\"https:\\\/\\\/botrange.be\\\/wp-content\\\/uploads\\\/2025\\\/08\\\/stands-de-sensibilisation-et-activites.jpg\",\"width\":562,\"height\":374},{\"@type\":\"BreadcrumbList\",\"@id\":\"https:\\\/\\\/botrange.be\\\/de\\\/agenda\\\/nacht-der-dunkelheit-2025\\\/#breadcrumb\",\"itemListElement\":[{\"@type\":\"ListItem\",\"position\":1,\"name\":\"Accueil\",\"item\":\"https:\\\/\\\/botrange.be\\\/de\\\/\"},{\"@type\":\"ListItem\",\"position\":2,\"name\":\"Agendas\",\"item\":\"https:\\\/\\\/botrange.be\\\/de\\\/agenda\\\/\"},{\"@type\":\"ListItem\",\"position\":3,\"name\":\"Nacht der Dunkelheit 2025\"}]},{\"@type\":\"WebSite\",\"@id\":\"https:\\\/\\\/botrange.be\\\/de\\\/#website\",\"url\":\"https:\\\/\\\/botrange.be\\\/de\\\/\",\"name\":\"Parc naturel Hautes Fagnes-Eifel\",\"description\":\"50 ANS 1971-2021\",\"publisher\":{\"@id\":\"https:\\\/\\\/botrange.be\\\/de\\\/#organization\"},\"potentialAction\":[{\"@type\":\"SearchAction\",\"target\":{\"@type\":\"EntryPoint\",\"urlTemplate\":\"https:\\\/\\\/botrange.be\\\/de\\\/?s={search_term_string}\"},\"query-input\":{\"@type\":\"PropertyValueSpecification\",\"valueRequired\":true,\"valueName\":\"search_term_string\"}}],\"inLanguage\":\"de\"},{\"@type\":\"Organization\",\"@id\":\"https:\\\/\\\/botrange.be\\\/de\\\/#organization\",\"name\":\"Parc naturel Hautes Fagnes-Eifel\",\"url\":\"https:\\\/\\\/botrange.be\\\/de\\\/\",\"logo\":{\"@type\":\"ImageObject\",\"inLanguage\":\"de\",\"@id\":\"https:\\\/\\\/botrange.be\\\/de\\\/#\\\/schema\\\/logo\\\/image\\\/\",\"url\":\"https:\\\/\\\/botrange.be\\\/wp-content\\\/uploads\\\/2021\\\/06\\\/logo.svg\",\"contentUrl\":\"https:\\\/\\\/botrange.be\\\/wp-content\\\/uploads\\\/2021\\\/06\\\/logo.svg\",\"caption\":\"Parc naturel Hautes Fagnes-Eifel\"},\"image\":{\"@id\":\"https:\\\/\\\/botrange.be\\\/de\\\/#\\\/schema\\\/logo\\\/image\\\/\"}}]}<\/script>\n<!-- \/ Yoast SEO plugin. -->","yoast_head_json":{"title":"Nacht der Dunkelheit 2025 - Parc naturel Hautes Fagnes-Eifel","description":"Sensibiliser le grand public \u00e0 la probl\u00e9matique de la pollution lumineuse et \u00e0 son impact sur la faune et la flore, voil\u00e0 l\u2019objectif des \u00ab Nuits de l\u2019Obscurit\u00e9 \u00bb organis\u00e9es tous les ans en partenariat avec l\u2019asbl BESACE. C'est parti pour la quatri\u00e8me \u00e9dition de la Nuit de l'Obscurit\u00e9 Hautes Fagnes, \u00e9v\u00e8nement national enti\u00e8rement gratuit organis\u00e9 par l'ASBL Besace en collaboration avec la Maison du Parc Botrange, l'Office du Tourisme Jalhay-Sart et la Commune de Jalhay !","robots":{"index":"index","follow":"follow","max-snippet":"max-snippet:-1","max-image-preview":"max-image-preview:large","max-video-preview":"max-video-preview:-1"},"canonical":"https:\/\/botrange.be\/de\/agenda\/nacht-der-dunkelheit-2025\/","og_locale":"de_DE","og_type":"article","og_title":"Nacht der Dunkelheit 2025 - Parc naturel Hautes Fagnes-Eifel","og_description":"Sensibiliser le grand public \u00e0 la probl\u00e9matique de la pollution lumineuse et \u00e0 son impact sur la faune et la flore, voil\u00e0 l\u2019objectif des \u00ab Nuits de l\u2019Obscurit\u00e9 \u00bb organis\u00e9es tous les ans en partenariat avec l\u2019asbl BESACE. C'est parti pour la quatri\u00e8me \u00e9dition de la Nuit de l'Obscurit\u00e9 Hautes Fagnes, \u00e9v\u00e8nement national enti\u00e8rement gratuit organis\u00e9 par l'ASBL Besace en collaboration avec la Maison du Parc Botrange, l'Office du Tourisme Jalhay-Sart et la Commune de Jalhay !","og_url":"https:\/\/botrange.be\/de\/agenda\/nacht-der-dunkelheit-2025\/","og_site_name":"Parc naturel Hautes Fagnes-Eifel","article_modified_time":"2025-10-07T13:23:05+00:00","og_image":[{"width":562,"height":374,"url":"https:\/\/botrange.be\/wp-content\/uploads\/2025\/08\/stands-de-sensibilisation-et-activites.jpg","type":"image\/jpeg"}],"twitter_card":"summary_large_image","twitter_misc":{"Gesch\u00e4tzte Lesezeit":"2\u00a0Minuten"},"schema":{"@context":"https:\/\/schema.org","@graph":[{"@type":"WebPage","@id":"https:\/\/botrange.be\/de\/agenda\/nacht-der-dunkelheit-2025\/","url":"https:\/\/botrange.be\/de\/agenda\/nacht-der-dunkelheit-2025\/","name":"Nacht der Dunkelheit 2025 - Parc naturel Hautes Fagnes-Eifel","isPartOf":{"@id":"https:\/\/botrange.be\/de\/#website"},"primaryImageOfPage":{"@id":"https:\/\/botrange.be\/de\/agenda\/nacht-der-dunkelheit-2025\/#primaryimage"},"image":{"@id":"https:\/\/botrange.be\/de\/agenda\/nacht-der-dunkelheit-2025\/#primaryimage"},"thumbnailUrl":"https:\/\/botrange.be\/wp-content\/uploads\/2025\/08\/stands-de-sensibilisation-et-activites.jpg","datePublished":"2025-08-13T13:54:17+00:00","dateModified":"2025-10-07T13:23:05+00:00","description":"Sensibiliser le grand public \u00e0 la probl\u00e9matique de la pollution lumineuse et \u00e0 son impact sur la faune et la flore, voil\u00e0 l\u2019objectif des \u00ab Nuits de l\u2019Obscurit\u00e9 \u00bb organis\u00e9es tous les ans en partenariat avec l\u2019asbl BESACE. C'est parti pour la quatri\u00e8me \u00e9dition de la Nuit de l'Obscurit\u00e9 Hautes Fagnes, \u00e9v\u00e8nement national enti\u00e8rement gratuit organis\u00e9 par l'ASBL Besace en collaboration avec la Maison du Parc Botrange, l'Office du Tourisme Jalhay-Sart et la Commune de Jalhay !","breadcrumb":{"@id":"https:\/\/botrange.be\/de\/agenda\/nacht-der-dunkelheit-2025\/#breadcrumb"},"inLanguage":"de","potentialAction":[{"@type":"ReadAction","target":["https:\/\/botrange.be\/de\/agenda\/nacht-der-dunkelheit-2025\/"]}]},{"@type":"ImageObject","inLanguage":"de","@id":"https:\/\/botrange.be\/de\/agenda\/nacht-der-dunkelheit-2025\/#primaryimage","url":"https:\/\/botrange.be\/wp-content\/uploads\/2025\/08\/stands-de-sensibilisation-et-activites.jpg","contentUrl":"https:\/\/botrange.be\/wp-content\/uploads\/2025\/08\/stands-de-sensibilisation-et-activites.jpg","width":562,"height":374},{"@type":"BreadcrumbList","@id":"https:\/\/botrange.be\/de\/agenda\/nacht-der-dunkelheit-2025\/#breadcrumb","itemListElement":[{"@type":"ListItem","position":1,"name":"Accueil","item":"https:\/\/botrange.be\/de\/"},{"@type":"ListItem","position":2,"name":"Agendas","item":"https:\/\/botrange.be\/de\/agenda\/"},{"@type":"ListItem","position":3,"name":"Nacht der Dunkelheit 2025"}]},{"@type":"WebSite","@id":"https:\/\/botrange.be\/de\/#website","url":"https:\/\/botrange.be\/de\/","name":"Parc naturel Hautes Fagnes-Eifel","description":"50 ANS 1971-2021","publisher":{"@id":"https:\/\/botrange.be\/de\/#organization"},"potentialAction":[{"@type":"SearchAction","target":{"@type":"EntryPoint","urlTemplate":"https:\/\/botrange.be\/de\/?s={search_term_string}"},"query-input":{"@type":"PropertyValueSpecification","valueRequired":true,"valueName":"search_term_string"}}],"inLanguage":"de"},{"@type":"Organization","@id":"https:\/\/botrange.be\/de\/#organization","name":"Parc naturel Hautes Fagnes-Eifel","url":"https:\/\/botrange.be\/de\/","logo":{"@type":"ImageObject","inLanguage":"de","@id":"https:\/\/botrange.be\/de\/#\/schema\/logo\/image\/","url":"https:\/\/botrange.be\/wp-content\/uploads\/2021\/06\/logo.svg","contentUrl":"https:\/\/botrange.be\/wp-content\/uploads\/2021\/06\/logo.svg","caption":"Parc naturel Hautes Fagnes-Eifel"},"image":{"@id":"https:\/\/botrange.be\/de\/#\/schema\/logo\/image\/"}}]}},"_links":{"self":[{"href":"https:\/\/botrange.be\/de\/wp-json\/wp\/v2\/agenda\/15020","targetHints":{"allow":["GET"]}}],"collection":[{"href":"https:\/\/botrange.be\/de\/wp-json\/wp\/v2\/agenda"}],"about":[{"href":"https:\/\/botrange.be\/de\/wp-json\/wp\/v2\/types\/agenda"}],"author":[{"embeddable":true,"href":"https:\/\/botrange.be\/de\/wp-json\/wp\/v2\/users\/13"}],"version-history":[{"count":14,"href":"https:\/\/botrange.be\/de\/wp-json\/wp\/v2\/agenda\/15020\/revisions"}],"predecessor-version":[{"id":15424,"href":"https:\/\/botrange.be\/de\/wp-json\/wp\/v2\/agenda\/15020\/revisions\/15424"}],"wp:featuredmedia":[{"embeddable":true,"href":"https:\/\/botrange.be\/de\/wp-json\/wp\/v2\/media\/15014"}],"wp:attachment":[{"href":"https:\/\/botrange.be\/de\/wp-json\/wp\/v2\/media?parent=15020"}],"wp:term":[{"taxonomy":"category","embeddable":true,"href":"https:\/\/botrange.be\/de\/wp-json\/wp\/v2\/categories?post=15020"},{"taxonomy":"post_tag","embeddable":true,"href":"https:\/\/botrange.be\/de\/wp-json\/wp\/v2\/tags?post=15020"}],"curies":[{"name":"wp","href":"https:\/\/api.w.org\/{rel}","templated":true}]}}