{"id":15287,"date":"2025-09-11T17:13:38","date_gmt":"2025-09-11T15:13:38","guid":{"rendered":"https:\/\/botrange.be\/?post_type=agenda&#038;p=15287"},"modified":"2025-09-11T17:15:57","modified_gmt":"2025-09-11T15:15:57","slug":"gaertnern-mit-herz-fuer-moore-artenvielfalt-und-klimaschutz-1","status":"publish","type":"agenda","link":"https:\/\/botrange.be\/de\/agenda\/gaertnern-mit-herz-fuer-moore-artenvielfalt-und-klimaschutz-1\/","title":{"rendered":"G\u00e4rtnern mit Herz f\u00fcr Moore, Artenvielfalt und Klimaschutz (Infoabend)"},"content":{"rendered":"<h2 class=\"flexible-content half flexible-zwischentitel-wrapper\">\u201eTorffrei g\u00e4rtnern \u2013 f\u00fcr Moore, Artenvielfalt und Klimaschutz\u201c: Infoabend f\u00fcr Profi- und Hobbyg\u00e4rtner<\/h2>\n<p>Im Rahmen des Programms\u00a0<strong>\u201eBiodiverCit\u00e9\u201c<\/strong> der Wallonischen Region finden zwei Veranstaltungen (<a href=\"https:\/\/botrange.be\/de\/agenda\/gaertnern-mit-herz-fuer-moore-artenvielfalt-und-klimaschutz\/\">zur zweiten Veranstaltung<\/a>) zum Thema torffreies G\u00e4rtnern statt.<\/p>\n<p><strong>Programm:<\/strong><\/p>\n<p>Die Veranstaltung richtet sich an alle, die sich f\u00fcr nachhaltige und zukunftsorientierte Methoden im Garten interessieren. Wir starten in den Abend mit Kurzvortr\u00e4gen von Fachleuten zu den \u00f6kologischen Auswirkungen der Torfnutzung und den Vorteilen torffreier Alternativen:<\/p>\n<p><strong>\u201eTorfmoore und ihre Bedeutung f\u00fcr den Natur- und Klimaschutz\u201c<\/strong><\/p>\n<p>Dominik Arens verf\u00fcgt als wissenschaftlicher Mitarbeiter des Naturparks Hohes Venn-Eifel \u00fcber langj\u00e4hrige Erfahrung in Projekten im Bereich Naturschutz, Erhaltung und Wiederherstellung von Moorfl\u00e4chen.<\/p>\n<p><strong>\u201eTorffrei \u2013 kein Problem! Oder?\u201c<\/strong><\/p>\n<p>Katja Arndt hat sich im Rahmen der Gesamtkoordination in den Projekten <a href=\"https:\/\/projekt-terz.de\/\" target=\"_blank\" rel=\"noopener\">TerZ<\/a> (Torfreduktion im Zierpflanzenbau) und <a href=\"https:\/\/projekt-finito.de\/\" target=\"_blank\" rel=\"noopener\">FiniTo<\/a> (Fachinformation f\u00fcr Gartenbaubetriebe zur Umstellung auf torffreie und torfreduzierte Kultursubstrate) intensiv mit Torfersatzstoffen und ihrer praktischen Anwendung besch\u00e4ftigt.<\/p>\n<p>Beim anschlie\u00dfenden Umtrunk bleibt viel Zeit f\u00fcr Fragen, praktische Einblicke in die Anwendung und die Beschaffenheit torffreier Substrate und f\u00fcr einen pers\u00f6nlichen Erfahrungsaustausch, u.a. \u00fcber die Ergebnsse eines kleinen Praxisversuchs am Stadthaus.<\/p>\n<p><strong><a href=\"https:\/\/botrange.be\/wp-content\/uploads\/2025\/09\/2025_07-Stadt-Eupen-Flyer-Naturpark-Botrange_LA2.pdf\">Zum Flyer.<\/a><\/strong><\/p>\n<p><img fetchpriority=\"high\" decoding=\"async\" class=\"alignnone size-medium wp-image-15272\" src=\"https:\/\/botrange.be\/wp-content\/uploads\/2025\/09\/torffrei-news-bild-1-768x545-1-300x213.webp\" alt=\"\" width=\"300\" height=\"213\" srcset=\"https:\/\/botrange.be\/wp-content\/uploads\/2025\/09\/torffrei-news-bild-1-768x545-1-300x213.webp 300w, https:\/\/botrange.be\/wp-content\/uploads\/2025\/09\/torffrei-news-bild-1-768x545-1-480x340.webp 480w, https:\/\/botrange.be\/wp-content\/uploads\/2025\/09\/torffrei-news-bild-1-768x545-1.webp 768w\" sizes=\"(max-width: 300px) 100vw, 300px\" \/> <img decoding=\"async\" class=\"alignnone size-medium wp-image-15275\" src=\"https:\/\/botrange.be\/wp-content\/uploads\/2025\/09\/logos-1-500x419-1-300x251.png\" alt=\"\" width=\"300\" height=\"251\" srcset=\"https:\/\/botrange.be\/wp-content\/uploads\/2025\/09\/logos-1-500x419-1-300x251.png 300w, https:\/\/botrange.be\/wp-content\/uploads\/2025\/09\/logos-1-500x419-1.png 500w\" sizes=\"(max-width: 300px) 100vw, 300px\" \/><\/p>\n","protected":false},"excerpt":{"rendered":"<p class=\"excerpt\">Aktionstag f\u00fcr Familien im Naturzentrum Botrange ! Im Rahmen des Programms\u00a0\u201eBiodiverCit\u00e9\u201c\u00a0der Wallonischen Region finden zwei Veranstaltungen zum Thema torffreies G\u00e4rtnern statt.<\/p>\n","protected":false},"author":13,"featured_media":15284,"template":"","categories":[],"tags":[],"class_list":["post-15287","agenda","type-agenda","status-publish","has-post-thumbnail","hentry"],"acf":[],"yoast_head":"<!-- This site is optimized with the Yoast SEO plugin v27.4 - https:\/\/yoast.com\/product\/yoast-seo-wordpress\/ -->\n<title>G\u00e4rtnern mit Herz f\u00fcr Moore, Artenvielfalt und Klimaschutz (Infoabend) - Parc naturel Hautes Fagnes-Eifel<\/title>\n<meta name=\"robots\" content=\"index, follow, max-snippet:-1, max-image-preview:large, max-video-preview:-1\" \/>\n<link rel=\"canonical\" href=\"https:\/\/botrange.be\/de\/agenda\/gaertnern-mit-herz-fuer-moore-artenvielfalt-und-klimaschutz-1\/\" \/>\n<meta property=\"og:locale\" content=\"de_DE\" \/>\n<meta property=\"og:type\" content=\"article\" \/>\n<meta property=\"og:title\" content=\"G\u00e4rtnern mit Herz f\u00fcr Moore, Artenvielfalt und Klimaschutz (Infoabend) - Parc naturel Hautes Fagnes-Eifel\" \/>\n<meta property=\"og:description\" content=\"Aktionstag f\u00fcr Familien im Naturzentrum Botrange ! Im Rahmen des Programms\u00a0\u201eBiodiverCit\u00e9\u201c\u00a0der Wallonischen Region finden zwei Veranstaltungen zum Thema torffreies G\u00e4rtnern statt.\" \/>\n<meta property=\"og:url\" content=\"https:\/\/botrange.be\/de\/agenda\/gaertnern-mit-herz-fuer-moore-artenvielfalt-und-klimaschutz-1\/\" \/>\n<meta property=\"og:site_name\" content=\"Parc naturel Hautes Fagnes-Eifel\" \/>\n<meta property=\"article:modified_time\" content=\"2025-09-11T15:15:57+00:00\" \/>\n<meta property=\"og:image\" content=\"https:\/\/botrange.be\/wp-content\/uploads\/2025\/09\/gardening-9317644_1920.jpg\" \/>\n\t<meta property=\"og:image:width\" content=\"1920\" \/>\n\t<meta property=\"og:image:height\" content=\"1920\" \/>\n\t<meta property=\"og:image:type\" content=\"image\/jpeg\" \/>\n<meta name=\"twitter:card\" content=\"summary_large_image\" \/>\n<meta name=\"twitter:label1\" content=\"Gesch\u00e4tzte Lesezeit\" \/>\n\t<meta name=\"twitter:data1\" content=\"2\u00a0Minuten\" \/>\n<script type=\"application\/ld+json\" class=\"yoast-schema-graph\">{\"@context\":\"https:\\\/\\\/schema.org\",\"@graph\":[{\"@type\":\"WebPage\",\"@id\":\"https:\\\/\\\/botrange.be\\\/de\\\/agenda\\\/gaertnern-mit-herz-fuer-moore-artenvielfalt-und-klimaschutz-1\\\/\",\"url\":\"https:\\\/\\\/botrange.be\\\/de\\\/agenda\\\/gaertnern-mit-herz-fuer-moore-artenvielfalt-und-klimaschutz-1\\\/\",\"name\":\"G\u00e4rtnern mit Herz f\u00fcr Moore, Artenvielfalt und Klimaschutz (Infoabend) - Parc naturel Hautes Fagnes-Eifel\",\"isPartOf\":{\"@id\":\"https:\\\/\\\/botrange.be\\\/de\\\/#website\"},\"primaryImageOfPage\":{\"@id\":\"https:\\\/\\\/botrange.be\\\/de\\\/agenda\\\/gaertnern-mit-herz-fuer-moore-artenvielfalt-und-klimaschutz-1\\\/#primaryimage\"},\"image\":{\"@id\":\"https:\\\/\\\/botrange.be\\\/de\\\/agenda\\\/gaertnern-mit-herz-fuer-moore-artenvielfalt-und-klimaschutz-1\\\/#primaryimage\"},\"thumbnailUrl\":\"https:\\\/\\\/botrange.be\\\/wp-content\\\/uploads\\\/2025\\\/09\\\/gardening-9317644_1920.jpg\",\"datePublished\":\"2025-09-11T15:13:38+00:00\",\"dateModified\":\"2025-09-11T15:15:57+00:00\",\"breadcrumb\":{\"@id\":\"https:\\\/\\\/botrange.be\\\/de\\\/agenda\\\/gaertnern-mit-herz-fuer-moore-artenvielfalt-und-klimaschutz-1\\\/#breadcrumb\"},\"inLanguage\":\"de\",\"potentialAction\":[{\"@type\":\"ReadAction\",\"target\":[\"https:\\\/\\\/botrange.be\\\/de\\\/agenda\\\/gaertnern-mit-herz-fuer-moore-artenvielfalt-und-klimaschutz-1\\\/\"]}]},{\"@type\":\"ImageObject\",\"inLanguage\":\"de\",\"@id\":\"https:\\\/\\\/botrange.be\\\/de\\\/agenda\\\/gaertnern-mit-herz-fuer-moore-artenvielfalt-und-klimaschutz-1\\\/#primaryimage\",\"url\":\"https:\\\/\\\/botrange.be\\\/wp-content\\\/uploads\\\/2025\\\/09\\\/gardening-9317644_1920.jpg\",\"contentUrl\":\"https:\\\/\\\/botrange.be\\\/wp-content\\\/uploads\\\/2025\\\/09\\\/gardening-9317644_1920.jpg\",\"width\":1920,\"height\":1920},{\"@type\":\"BreadcrumbList\",\"@id\":\"https:\\\/\\\/botrange.be\\\/de\\\/agenda\\\/gaertnern-mit-herz-fuer-moore-artenvielfalt-und-klimaschutz-1\\\/#breadcrumb\",\"itemListElement\":[{\"@type\":\"ListItem\",\"position\":1,\"name\":\"Accueil\",\"item\":\"https:\\\/\\\/botrange.be\\\/de\\\/\"},{\"@type\":\"ListItem\",\"position\":2,\"name\":\"Agendas\",\"item\":\"https:\\\/\\\/botrange.be\\\/de\\\/agenda\\\/\"},{\"@type\":\"ListItem\",\"position\":3,\"name\":\"G\u00e4rtnern mit Herz f\u00fcr Moore, Artenvielfalt und Klimaschutz (Infoabend)\"}]},{\"@type\":\"WebSite\",\"@id\":\"https:\\\/\\\/botrange.be\\\/de\\\/#website\",\"url\":\"https:\\\/\\\/botrange.be\\\/de\\\/\",\"name\":\"Parc naturel Hautes Fagnes-Eifel\",\"description\":\"50 ANS 1971-2021\",\"publisher\":{\"@id\":\"https:\\\/\\\/botrange.be\\\/de\\\/#organization\"},\"potentialAction\":[{\"@type\":\"SearchAction\",\"target\":{\"@type\":\"EntryPoint\",\"urlTemplate\":\"https:\\\/\\\/botrange.be\\\/de\\\/?s={search_term_string}\"},\"query-input\":{\"@type\":\"PropertyValueSpecification\",\"valueRequired\":true,\"valueName\":\"search_term_string\"}}],\"inLanguage\":\"de\"},{\"@type\":\"Organization\",\"@id\":\"https:\\\/\\\/botrange.be\\\/de\\\/#organization\",\"name\":\"Parc naturel Hautes Fagnes-Eifel\",\"url\":\"https:\\\/\\\/botrange.be\\\/de\\\/\",\"logo\":{\"@type\":\"ImageObject\",\"inLanguage\":\"de\",\"@id\":\"https:\\\/\\\/botrange.be\\\/de\\\/#\\\/schema\\\/logo\\\/image\\\/\",\"url\":\"https:\\\/\\\/botrange.be\\\/wp-content\\\/uploads\\\/2021\\\/06\\\/logo.svg\",\"contentUrl\":\"https:\\\/\\\/botrange.be\\\/wp-content\\\/uploads\\\/2021\\\/06\\\/logo.svg\",\"caption\":\"Parc naturel Hautes Fagnes-Eifel\"},\"image\":{\"@id\":\"https:\\\/\\\/botrange.be\\\/de\\\/#\\\/schema\\\/logo\\\/image\\\/\"}}]}<\/script>\n<!-- \/ Yoast SEO plugin. -->","yoast_head_json":{"title":"G\u00e4rtnern mit Herz f\u00fcr Moore, Artenvielfalt und Klimaschutz (Infoabend) - Parc naturel Hautes Fagnes-Eifel","robots":{"index":"index","follow":"follow","max-snippet":"max-snippet:-1","max-image-preview":"max-image-preview:large","max-video-preview":"max-video-preview:-1"},"canonical":"https:\/\/botrange.be\/de\/agenda\/gaertnern-mit-herz-fuer-moore-artenvielfalt-und-klimaschutz-1\/","og_locale":"de_DE","og_type":"article","og_title":"G\u00e4rtnern mit Herz f\u00fcr Moore, Artenvielfalt und Klimaschutz (Infoabend) - Parc naturel Hautes Fagnes-Eifel","og_description":"Aktionstag f\u00fcr Familien im Naturzentrum Botrange ! Im Rahmen des Programms\u00a0\u201eBiodiverCit\u00e9\u201c\u00a0der Wallonischen Region finden zwei Veranstaltungen zum Thema torffreies G\u00e4rtnern statt.","og_url":"https:\/\/botrange.be\/de\/agenda\/gaertnern-mit-herz-fuer-moore-artenvielfalt-und-klimaschutz-1\/","og_site_name":"Parc naturel Hautes Fagnes-Eifel","article_modified_time":"2025-09-11T15:15:57+00:00","og_image":[{"width":1920,"height":1920,"url":"https:\/\/botrange.be\/wp-content\/uploads\/2025\/09\/gardening-9317644_1920.jpg","type":"image\/jpeg"}],"twitter_card":"summary_large_image","twitter_misc":{"Gesch\u00e4tzte Lesezeit":"2\u00a0Minuten"},"schema":{"@context":"https:\/\/schema.org","@graph":[{"@type":"WebPage","@id":"https:\/\/botrange.be\/de\/agenda\/gaertnern-mit-herz-fuer-moore-artenvielfalt-und-klimaschutz-1\/","url":"https:\/\/botrange.be\/de\/agenda\/gaertnern-mit-herz-fuer-moore-artenvielfalt-und-klimaschutz-1\/","name":"G\u00e4rtnern mit Herz f\u00fcr Moore, Artenvielfalt und Klimaschutz (Infoabend) - Parc naturel Hautes Fagnes-Eifel","isPartOf":{"@id":"https:\/\/botrange.be\/de\/#website"},"primaryImageOfPage":{"@id":"https:\/\/botrange.be\/de\/agenda\/gaertnern-mit-herz-fuer-moore-artenvielfalt-und-klimaschutz-1\/#primaryimage"},"image":{"@id":"https:\/\/botrange.be\/de\/agenda\/gaertnern-mit-herz-fuer-moore-artenvielfalt-und-klimaschutz-1\/#primaryimage"},"thumbnailUrl":"https:\/\/botrange.be\/wp-content\/uploads\/2025\/09\/gardening-9317644_1920.jpg","datePublished":"2025-09-11T15:13:38+00:00","dateModified":"2025-09-11T15:15:57+00:00","breadcrumb":{"@id":"https:\/\/botrange.be\/de\/agenda\/gaertnern-mit-herz-fuer-moore-artenvielfalt-und-klimaschutz-1\/#breadcrumb"},"inLanguage":"de","potentialAction":[{"@type":"ReadAction","target":["https:\/\/botrange.be\/de\/agenda\/gaertnern-mit-herz-fuer-moore-artenvielfalt-und-klimaschutz-1\/"]}]},{"@type":"ImageObject","inLanguage":"de","@id":"https:\/\/botrange.be\/de\/agenda\/gaertnern-mit-herz-fuer-moore-artenvielfalt-und-klimaschutz-1\/#primaryimage","url":"https:\/\/botrange.be\/wp-content\/uploads\/2025\/09\/gardening-9317644_1920.jpg","contentUrl":"https:\/\/botrange.be\/wp-content\/uploads\/2025\/09\/gardening-9317644_1920.jpg","width":1920,"height":1920},{"@type":"BreadcrumbList","@id":"https:\/\/botrange.be\/de\/agenda\/gaertnern-mit-herz-fuer-moore-artenvielfalt-und-klimaschutz-1\/#breadcrumb","itemListElement":[{"@type":"ListItem","position":1,"name":"Accueil","item":"https:\/\/botrange.be\/de\/"},{"@type":"ListItem","position":2,"name":"Agendas","item":"https:\/\/botrange.be\/de\/agenda\/"},{"@type":"ListItem","position":3,"name":"G\u00e4rtnern mit Herz f\u00fcr Moore, Artenvielfalt und Klimaschutz (Infoabend)"}]},{"@type":"WebSite","@id":"https:\/\/botrange.be\/de\/#website","url":"https:\/\/botrange.be\/de\/","name":"Parc naturel Hautes Fagnes-Eifel","description":"50 ANS 1971-2021","publisher":{"@id":"https:\/\/botrange.be\/de\/#organization"},"potentialAction":[{"@type":"SearchAction","target":{"@type":"EntryPoint","urlTemplate":"https:\/\/botrange.be\/de\/?s={search_term_string}"},"query-input":{"@type":"PropertyValueSpecification","valueRequired":true,"valueName":"search_term_string"}}],"inLanguage":"de"},{"@type":"Organization","@id":"https:\/\/botrange.be\/de\/#organization","name":"Parc naturel Hautes Fagnes-Eifel","url":"https:\/\/botrange.be\/de\/","logo":{"@type":"ImageObject","inLanguage":"de","@id":"https:\/\/botrange.be\/de\/#\/schema\/logo\/image\/","url":"https:\/\/botrange.be\/wp-content\/uploads\/2021\/06\/logo.svg","contentUrl":"https:\/\/botrange.be\/wp-content\/uploads\/2021\/06\/logo.svg","caption":"Parc naturel Hautes Fagnes-Eifel"},"image":{"@id":"https:\/\/botrange.be\/de\/#\/schema\/logo\/image\/"}}]}},"_links":{"self":[{"href":"https:\/\/botrange.be\/de\/wp-json\/wp\/v2\/agenda\/15287","targetHints":{"allow":["GET"]}}],"collection":[{"href":"https:\/\/botrange.be\/de\/wp-json\/wp\/v2\/agenda"}],"about":[{"href":"https:\/\/botrange.be\/de\/wp-json\/wp\/v2\/types\/agenda"}],"author":[{"embeddable":true,"href":"https:\/\/botrange.be\/de\/wp-json\/wp\/v2\/users\/13"}],"version-history":[{"count":2,"href":"https:\/\/botrange.be\/de\/wp-json\/wp\/v2\/agenda\/15287\/revisions"}],"predecessor-version":[{"id":15291,"href":"https:\/\/botrange.be\/de\/wp-json\/wp\/v2\/agenda\/15287\/revisions\/15291"}],"wp:featuredmedia":[{"embeddable":true,"href":"https:\/\/botrange.be\/de\/wp-json\/wp\/v2\/media\/15284"}],"wp:attachment":[{"href":"https:\/\/botrange.be\/de\/wp-json\/wp\/v2\/media?parent=15287"}],"wp:term":[{"taxonomy":"category","embeddable":true,"href":"https:\/\/botrange.be\/de\/wp-json\/wp\/v2\/categories?post=15287"},{"taxonomy":"post_tag","embeddable":true,"href":"https:\/\/botrange.be\/de\/wp-json\/wp\/v2\/tags?post=15287"}],"curies":[{"name":"wp","href":"https:\/\/api.w.org\/{rel}","templated":true}]}}