{"id":14395,"date":"2025-04-29T15:12:39","date_gmt":"2025-04-29T13:12:39","guid":{"rendered":"https:\/\/botrange.be\/flussvertrag-mosel-aussenstelle-attert\/"},"modified":"2025-04-29T15:14:37","modified_gmt":"2025-04-29T13:14:37","slug":"flussvertrag-mosel-aussenstelle-attert","status":"publish","type":"page","link":"https:\/\/botrange.be\/de\/flussvertrag-mosel-aussenstelle-attert\/","title":{"rendered":"Flussvertrag Mosel \u2013 Au\u00dfenstelle Attert"},"content":{"rendered":"\t\t<div data-elementor-type=\"wp-page\" data-elementor-id=\"14395\" class=\"elementor elementor-14395 elementor-6694\" data-elementor-post-type=\"page\">\n\t\t\t\t\t\t<section class=\"elementor-section elementor-top-section elementor-element elementor-element-9d72127 elementor-section-boxed elementor-section-height-default elementor-section-height-default\" data-id=\"9d72127\" data-element_type=\"section\" data-e-type=\"section\">\n\t\t\t\t\t\t<div class=\"elementor-container elementor-column-gap-default\">\n\t\t\t\t\t<div class=\"elementor-column elementor-col-50 elementor-top-column elementor-element elementor-element-aedd150\" data-id=\"aedd150\" data-element_type=\"column\" data-e-type=\"column\">\n\t\t\t<div class=\"elementor-widget-wrap elementor-element-populated\">\n\t\t\t\t\t\t<div class=\"elementor-element elementor-element-f2e7d8b elementor-widget elementor-widget-heading\" data-id=\"f2e7d8b\" data-element_type=\"widget\" data-e-type=\"widget\" data-widget_type=\"heading.default\">\n\t\t\t\t<div class=\"elementor-widget-container\">\n\t\t\t\t\t<h2 class=\"elementor-heading-title elementor-size-default\">Territoire de l'antenne de l'attert<\/h2>\t\t\t\t<\/div>\n\t\t\t\t<\/div>\n\t\t\t\t<div class=\"elementor-element elementor-element-c4cec26 elementor-widget elementor-widget-text-editor\" data-id=\"c4cec26\" data-element_type=\"widget\" data-e-type=\"widget\" data-widget_type=\"text-editor.default\">\n\t\t\t\t<div class=\"elementor-widget-container\">\n\t\t\t\t\t\t\t\t\t<p class=\"\" data-start=\"108\" data-end=\"622\">Die Attert, der Fluss, der dem Naturpark seinen Namen gegeben hat, entspringt zwischen Thiaumont und Nobressart. Sie durchquert die Gemeinde von Westen nach Osten, \u00fcberquert anschlie\u00dfend die belgisch-luxemburgische Grenze und m\u00fcndet schlie\u00dflich in die Alzette, dann in die Sauer, in die Mosel und schlie\u00dflich in den Rhein. Die Attert und ihre zahlreichen Zufl\u00fcsse bilden ein bedeutendes \u00f6kologisches Netzwerk aus Flie\u00dfgew\u00e4ssern, Feuchtgebieten, Auw\u00e4ldern, Hecken und Ufergeh\u00f6lzen entlang von B\u00e4chen und Flussufern.<\/p>\n<p class=\"\" data-start=\"624\" data-end=\"1423\">Zwischen Arlon und Martelange gelegen, nimmt das Einzugsgebiet der Attert eine \u00dcbergangszone ein \u2013 zwischen dem ardennischen Boden des Anlierwaldes auf der einen Seite und den ber\u00fchmten \u201eCuestas\u201c des lothringischen Landes auf der anderen. Diese Besonderheit ist mitverantwortlich f\u00fcr die au\u00dfergew\u00f6hnliche nat\u00fcrliche Vielfalt des Gebiets. Es findet sich hier eine Mosaik unterschiedlicher Lebensr\u00e4ume, die auf die geologische Vielfalt des Untergrunds zur\u00fcckzuf\u00fchren ist: ehemalige Mergelgruben (zur Bodenverbesserung genutzte Lehmgruben), Mardellen (kleine T\u00fcmpel, die durch die Auslaugung von Kalkmergel entstanden sind), in denen Seggen und Binsen gedeihen; sowie Steinbr\u00fcche mit kalkhaltigen Trockenrasen, die durch ihren besonderen Boden eine bemerkenswerte und originelle Vegetation beherbergen.<\/p>\n<p class=\"\" data-start=\"1425\" data-end=\"1771\">Das Natura-2000-Gebiet des Attert-Einzugsgebiets erstreckt sich \u00fcber gro\u00dfe Teile des Flusslaufs sowie \u00fcber einige seiner wichtigsten Zufl\u00fcsse: Nothomberbach, Metzerbach, Peternelsflass, Schleimbach und Lamicht. Dieses Natura-2000-Gebiet umfasst haupts\u00e4chlich die Heckenlandschaften des Atterttals, aber auch Auenwiesen, Mergelwiesen und Auw\u00e4lder.<\/p>\n<p class=\"\" data-start=\"1773\" data-end=\"2236\">Bereits im Jahr 2001 wurde ein grenz\u00fcberschreitender, belgisch-luxemburgischer \u201eFlussvertrag Attert-Kontrakt\u201c ins Leben gerufen. Er f\u00f6rdert eine nachhaltige Dynamik und die aktive Beteiligung aller Nutzer und Akteure mit dem Ziel eines ganzheitlichen Flussmanagements. Der Flussvertrag beinhaltet nicht nur eine Analyse und Reflexion \u00fcber wasserbezogene Probleme und Umweltqualit\u00e4t, sondern bezieht auch Naturschutz, Raumplanung, Tourismus und Kulturerbe mit ein.<\/p>\n<p class=\"\" data-start=\"2238\" data-end=\"2504\">Seit dem Zusammenschluss der drei Au\u00dfenstellen zu einem gemeinsamen Flussvertrag im Jahr 2014 besteht die Zusammenarbeit mit dem luxemburgischen Flussvertrag weiter, wodurch bestehende und neue grenz\u00fcberschreitende Projekte fortgef\u00fchrt und entwickelt werden konnten.<\/p>\n\t\t\t\t\t\t\t\t<\/div>\n\t\t\t\t<\/div>\n\t\t\t\t<div class=\"elementor-element elementor-element-75b9ec5 elementor-widget elementor-widget-heading\" data-id=\"75b9ec5\" data-element_type=\"widget\" data-e-type=\"widget\" data-widget_type=\"heading.default\">\n\t\t\t\t<div class=\"elementor-widget-container\">\n\t\t\t\t\t<h2 class=\"elementor-heading-title elementor-size-default\">Aktionen und Animationen<\/h2>\t\t\t\t<\/div>\n\t\t\t\t<\/div>\n\t\t\t\t<div class=\"elementor-element elementor-element-bad0383 elementor-widget elementor-widget-text-editor\" data-id=\"bad0383\" data-element_type=\"widget\" data-e-type=\"widget\" data-widget_type=\"text-editor.default\">\n\t\t\t\t<div class=\"elementor-widget-container\">\n\t\t\t\t\t\t\t\t\t<p class=\"\" data-start=\"101\" data-end=\"144\"><strong data-start=\"101\" data-end=\"144\">Ma\u00dfnahmen und Sensibilisierungsaktionen<\/strong><\/p>\n<ul data-start=\"146\" data-end=\"765\">\n<li class=\"\" data-start=\"146\" data-end=\"201\">\n<p class=\"\" data-start=\"148\" data-end=\"201\">Installation von Holzstegen in Naturschutzgebieten<\/p>\n<\/li>\n<li class=\"\" data-start=\"202\" data-end=\"257\">\n<p class=\"\" data-start=\"204\" data-end=\"257\">Erfassung der Beeintr\u00e4chtigungen von Flie\u00dfgew\u00e4ssern<\/p>\n<\/li>\n<li class=\"\" data-start=\"258\" data-end=\"319\">\n<p class=\"\" data-start=\"260\" data-end=\"319\">\u00dcberwachung und Bek\u00e4mpfung invasiver gebietsfremder Arten<\/p>\n<\/li>\n<li class=\"\" data-start=\"320\" data-end=\"417\">\n<p class=\"\" data-start=\"322\" data-end=\"417\">Begleitung der provinzialen Infrastrukturma\u00dfnahmen: Fischp\u00e4sse, Br\u00fccken, Uferverbauungen usw.<\/p>\n<\/li>\n<li class=\"\" data-start=\"418\" data-end=\"615\">\n<p class=\"\" data-start=\"420\" data-end=\"615\">Einrichtung eines Amphibientunnels, Anbringung von Hinweistafeln und Fangz\u00e4unen zur Unterst\u00fctzung der Amphibienwanderung in Platinerie und Tattert \u2013 Unterst\u00fctzung ehrenamtlicher Rettungsgruppen<\/p>\n<\/li>\n<li class=\"\" data-start=\"616\" data-end=\"671\">\n<p class=\"\" data-start=\"618\" data-end=\"671\">Erh\u00f6hung der Anzahl von Nistk\u00e4sten f\u00fcr Wasseramseln<\/p>\n<\/li>\n<li class=\"\" data-start=\"672\" data-end=\"765\">\n<p class=\"\" data-start=\"674\" data-end=\"765\">Teilnahme an Fischbestandsaufnahmen des DEMNA sowie an der Abfischung \u00f6ffentlicher Teiche<\/p>\n<\/li>\n<\/ul>\n<p class=\"\" data-start=\"767\" data-end=\"798\"><strong data-start=\"767\" data-end=\"798\">Schulische Bildungsangebote<\/strong><\/p>\n<p class=\"\" data-start=\"800\" data-end=\"933\">Mehrere p\u00e4dagogische Aktivit\u00e4ten werden Schulen der Gemeinde Attert sowie benachbarten Gemeinden angeboten. Behandelte Themen sind:<\/p>\n<ul data-start=\"934\" data-end=\"1088\">\n<li class=\"\" data-start=\"934\" data-end=\"988\">\n<p class=\"\" data-start=\"936\" data-end=\"988\">Der nat\u00fcrliche und der menschliche Wasserkreislauf<\/p>\n<\/li>\n<li class=\"\" data-start=\"989\" data-end=\"1030\">\n<p class=\"\" data-start=\"991\" data-end=\"1030\">Die drei Aggregatzust\u00e4nde des Wassers<\/p>\n<\/li>\n<li class=\"\" data-start=\"1031\" data-end=\"1088\">\n<p class=\"\" data-start=\"1033\" data-end=\"1088\">Wasserverbrauch, -nutzung, -reinigung und -einsparung<\/p>\n<\/li>\n<\/ul>\n<p class=\"\" data-start=\"1090\" data-end=\"1373\">Es werden Ausfl\u00fcge organisiert, bei denen die Sch\u00fcler den Wortschatz rund um Fl\u00fcsse entdecken, Lebensr\u00e4ume von Bibern beobachten oder ein vereinfachtes Biotopbewertungsverfahren kennenlernen \u2013 eine Methode zur Bestimmung der Wasserqualit\u00e4t anhand der dort lebenden wirbellosen Tiere.<\/p>\n<p class=\"\" data-start=\"1375\" data-end=\"1587\">Jedes Jahr werden die Schulen der Gemeinde zu einer Theaterauff\u00fchrung zum Thema Wasser eingeladen \u2013 eine kreative M\u00f6glichkeit, junge Menschen auf andere Weise zu sensibilisieren als \u00fcber klassische Umweltbildung.<\/p>\n<p class=\"\" data-start=\"1589\" data-end=\"1628\"><strong data-start=\"1589\" data-end=\"1628\">Weitere Sensibilisierungsma\u00dfnahmen:<\/strong><\/p>\n<ul data-start=\"1630\" data-end=\"2417\">\n<li class=\"\" data-start=\"1630\" data-end=\"1860\">\n<p class=\"\" data-start=\"1632\" data-end=\"1860\">Erfassung aller wasserbezogenen Kulturg\u00fcter (Brunnen, Tr\u00e4nken, M\u00fchlen &#8230;) im Gemeindegebiet, Anbringung erkl\u00e4render Infotafeln, Erstellung einer Begleitbrosch\u00fcre und einer interaktiven Story Map auf der Website des Naturparks<\/p>\n<\/li>\n<li class=\"\" data-start=\"1861\" data-end=\"1922\">\n<p class=\"\" data-start=\"1863\" data-end=\"1922\">Koordination des \u201eGro\u00dfen Fr\u00fchjahrsputzes\u201c in der Gemeinde<\/p>\n<\/li>\n<li class=\"\" data-start=\"1923\" data-end=\"2013\">\n<p class=\"\" data-start=\"1925\" data-end=\"2013\">Anbringung von 8 Lavastein-Markierungen im Rahmen der Kampagne \u201eHier beginnt das Meer\u201c<\/p>\n<\/li>\n<li class=\"\" data-start=\"2014\" data-end=\"2153\">\n<p class=\"\" data-start=\"2016\" data-end=\"2153\">Ver\u00f6ffentlichung von Informations- oder Sensibilisierungsartikeln in jeder Ausgabe des viertelj\u00e4hrlich erscheinenden \u201eCourrier du Parc\u201c<\/p>\n<\/li>\n<li class=\"\" data-start=\"2154\" data-end=\"2314\">\n<p class=\"\" data-start=\"2156\" data-end=\"2314\">Besuch von Feuchtbiotopen, Bastel- und Spielangebote rund ums Wasser im Rahmen der w\u00f6chentlichen au\u00dferschulischen Aktivit\u00e4ten des Naturparks (Naturmittwoch)<\/p>\n<\/li>\n<li class=\"\" data-start=\"2315\" data-end=\"2417\">\n<p class=\"\" data-start=\"2317\" data-end=\"2417\">Organisation der Veranstaltungsreihe \u201eRendez-vous des Parks\u201c zu verschiedenen wasserbezogenen Themen<\/p>\n<\/li>\n<\/ul>\n<hr class=\"\" data-start=\"2506\" data-end=\"2509\" \/>\n\t\t\t\t\t\t\t\t<\/div>\n\t\t\t\t<\/div>\n\t\t\t\t\t<\/div>\n\t\t<\/div>\n\t\t\t\t<div class=\"elementor-column elementor-col-50 elementor-top-column elementor-element elementor-element-02157a6\" data-id=\"02157a6\" data-element_type=\"column\" data-e-type=\"column\">\n\t\t\t<div class=\"elementor-widget-wrap elementor-element-populated\">\n\t\t\t\t\t\t<div class=\"elementor-element elementor-element-7f829c9 elementor-widget elementor-widget-image\" data-id=\"7f829c9\" data-element_type=\"widget\" data-e-type=\"widget\" data-widget_type=\"image.default\">\n\t\t\t\t<div class=\"elementor-widget-container\">\n\t\t\t\t\t\t\t\t\t\t\t\t\t\t\t<img fetchpriority=\"high\" decoding=\"async\" width=\"1024\" height=\"1024\" src=\"https:\/\/botrange.be\/wp-content\/uploads\/2022\/02\/PNVA_Blanc-1024x1024.jpg\" class=\"attachment-large size-large wp-image-6591\" alt=\"Logo PNVA\" srcset=\"https:\/\/botrange.be\/wp-content\/uploads\/2022\/02\/PNVA_Blanc-1024x1024.jpg 1024w, https:\/\/botrange.be\/wp-content\/uploads\/2022\/02\/PNVA_Blanc-300x300.jpg 300w, https:\/\/botrange.be\/wp-content\/uploads\/2022\/02\/PNVA_Blanc-150x150.jpg 150w, https:\/\/botrange.be\/wp-content\/uploads\/2022\/02\/PNVA_Blanc-768x768.jpg 768w, https:\/\/botrange.be\/wp-content\/uploads\/2022\/02\/PNVA_Blanc-1000x1000.jpg 1000w, https:\/\/botrange.be\/wp-content\/uploads\/2022\/02\/PNVA_Blanc-480x480.jpg 480w, https:\/\/botrange.be\/wp-content\/uploads\/2022\/02\/PNVA_Blanc.jpg 1181w\" sizes=\"(max-width: 1024px) 100vw, 1024px\" \/>\t\t\t\t\t\t\t\t\t\t\t\t\t\t\t<\/div>\n\t\t\t\t<\/div>\n\t\t\t\t<div class=\"elementor-element elementor-element-f7dfdca elementor-widget elementor-widget-image\" data-id=\"f7dfdca\" data-element_type=\"widget\" data-e-type=\"widget\" data-widget_type=\"image.default\">\n\t\t\t\t<div class=\"elementor-widget-container\">\n\t\t\t\t\t\t\t\t\t\t\t\t\t\t\t<img decoding=\"async\" width=\"1024\" height=\"683\" src=\"https:\/\/botrange.be\/wp-content\/uploads\/2022\/02\/visuel-attert-3_copyright-thomas-meunier-1-1024x683.jpg\" class=\"attachment-large size-large wp-image-6897\" alt=\"Visuel Attert - Copyright Thomas Meunier\" srcset=\"https:\/\/botrange.be\/wp-content\/uploads\/2022\/02\/visuel-attert-3_copyright-thomas-meunier-1-1024x683.jpg 1024w, https:\/\/botrange.be\/wp-content\/uploads\/2022\/02\/visuel-attert-3_copyright-thomas-meunier-1-300x200.jpg 300w, https:\/\/botrange.be\/wp-content\/uploads\/2022\/02\/visuel-attert-3_copyright-thomas-meunier-1-768x512.jpg 768w, https:\/\/botrange.be\/wp-content\/uploads\/2022\/02\/visuel-attert-3_copyright-thomas-meunier-1-1536x1024.jpg 1536w, https:\/\/botrange.be\/wp-content\/uploads\/2022\/02\/visuel-attert-3_copyright-thomas-meunier-1.jpg 1600w\" sizes=\"(max-width: 1024px) 100vw, 1024px\" \/>\t\t\t\t\t\t\t\t\t\t\t\t\t\t\t<\/div>\n\t\t\t\t<\/div>\n\t\t\t\t<div class=\"elementor-element elementor-element-f92d600 elementor-widget elementor-widget-text-editor\" data-id=\"f92d600\" data-element_type=\"widget\" data-e-type=\"widget\" data-widget_type=\"text-editor.default\">\n\t\t\t\t<div class=\"elementor-widget-container\">\n\t\t\t\t\t\t\t\t\t<p>Copyright Thomas Meunier<\/p>\n\t\t\t\t\t\t\t\t<\/div>\n\t\t\t\t<\/div>\n\t\t\t\t<div class=\"elementor-element elementor-element-9350909 elementor-widget elementor-widget-text-editor\" data-id=\"9350909\" data-element_type=\"widget\" data-e-type=\"widget\" data-widget_type=\"text-editor.default\">\n\t\t\t\t<div class=\"elementor-widget-container\">\n\t\t\t\t\t\t\t\t\t<p class=\"\" data-start=\"101\" data-end=\"123\"><strong data-start=\"101\" data-end=\"123\">Kontakte Naturpark<\/strong><\/p>\n<p class=\"\" data-start=\"125\" data-end=\"153\"><strong data-start=\"125\" data-end=\"153\">Naturpark Tal der Attert<\/strong><\/p>\n<p class=\"\" data-start=\"155\" data-end=\"217\">Telefon: +32 63 22 78 55<br data-start=\"179\" data-end=\"182\" \/><a href=\"mailto:parcnaturel@attert.be\" rel=\"noopener\" data-start=\"182\" data-end=\"203\">parcnaturel@attert.be<\/a><br data-start=\"203\" data-end=\"206\" \/><a class=\"\" href=\"http:\/\/www.pnva.be\" target=\"_new\" rel=\"noopener\" data-start=\"206\" data-end=\"217\">www.pnva.be<\/a><\/p>\n<p class=\"\" data-start=\"219\" data-end=\"334\"><strong data-start=\"219\" data-end=\"238\">Maxime DOFFAGNE<\/strong><br data-start=\"238\" data-end=\"241\" \/>Projektleiter Flussvertrag, invasive gebietsfremde Arten und CuRI<br data-start=\"306\" data-end=\"309\" \/><a href=\"mailto:maxime.doffagne@attert.be\" rel=\"noopener\" data-start=\"309\" data-end=\"334\">maxime.doffagne@attert.be<\/a><\/p>\n<p class=\"\" data-start=\"336\" data-end=\"418\"><strong data-start=\"336\" data-end=\"356\">Renata WITKOWSKA<\/strong><br data-start=\"356\" data-end=\"359\" \/>Zust\u00e4ndig f\u00fcr Sensibilisierung<br data-start=\"389\" data-end=\"392\" \/><a href=\"mailto:renata.witkowska@attert.be\" rel=\"noopener\" data-start=\"392\" data-end=\"418\">renata.witkowska@attert.be<\/a><\/p>\n\t\t\t\t\t\t\t\t<\/div>\n\t\t\t\t<\/div>\n\t\t\t\t\t<\/div>\n\t\t<\/div>\n\t\t\t\t\t<\/div>\n\t\t<\/section>\n\t\t\t\t<\/div>\n\t\t","protected":false},"excerpt":{"rendered":"<p class=\"excerpt\">Territoire de l&#8217;antenne de l&#8217;attert Die Attert, der Fluss, der dem Naturpark seinen Namen gegeben hat, entspringt zwischen Thiaumont und Nobressart. Sie durchquert die Gemeinde von Westen nach Osten, \u00fcberquert [&hellip;]<\/p>\n","protected":false},"author":1,"featured_media":0,"parent":0,"menu_order":0,"comment_status":"closed","ping_status":"closed","template":"template-blank.php","meta":{"_acf_changed":false,"inline_featured_image":false,"_monsterinsights_skip_tracking":false,"_monsterinsights_sitenote_active":false,"_monsterinsights_sitenote_note":"","_monsterinsights_sitenote_category":0,"footnotes":""},"class_list":["post-14395","page","type-page","status-publish","hentry"],"acf":[],"yoast_head":"<!-- This site is optimized with the Yoast SEO plugin v27.4 - https:\/\/yoast.com\/product\/yoast-seo-wordpress\/ -->\n<title>Flussvertrag Mosel \u2013 Au\u00dfenstelle Attert - Parc naturel Hautes Fagnes-Eifel<\/title>\n<meta name=\"robots\" content=\"index, follow, max-snippet:-1, max-image-preview:large, max-video-preview:-1\" \/>\n<link rel=\"canonical\" href=\"https:\/\/botrange.be\/de\/flussvertrag-mosel-aussenstelle-attert\/\" \/>\n<meta property=\"og:locale\" content=\"de_DE\" \/>\n<meta property=\"og:type\" content=\"article\" \/>\n<meta property=\"og:title\" content=\"Flussvertrag Mosel \u2013 Au\u00dfenstelle Attert - Parc naturel Hautes Fagnes-Eifel\" \/>\n<meta property=\"og:description\" content=\"Territoire de l&#8217;antenne de l&#8217;attert Die Attert, der Fluss, der dem Naturpark seinen Namen gegeben hat, entspringt zwischen Thiaumont und Nobressart. Sie durchquert die Gemeinde von Westen nach Osten, \u00fcberquert [&hellip;]\" \/>\n<meta property=\"og:url\" content=\"https:\/\/botrange.be\/de\/flussvertrag-mosel-aussenstelle-attert\/\" \/>\n<meta property=\"og:site_name\" content=\"Parc naturel Hautes Fagnes-Eifel\" \/>\n<meta property=\"article:modified_time\" content=\"2025-04-29T13:14:37+00:00\" \/>\n<meta property=\"og:image\" content=\"https:\/\/botrange.be\/wp-content\/uploads\/2022\/02\/PNVA_Blanc.jpg\" \/>\n\t<meta property=\"og:image:width\" content=\"1181\" \/>\n\t<meta property=\"og:image:height\" content=\"1181\" \/>\n\t<meta property=\"og:image:type\" content=\"image\/jpeg\" \/>\n<meta name=\"twitter:card\" content=\"summary_large_image\" \/>\n<meta name=\"twitter:label1\" content=\"Gesch\u00e4tzte Lesezeit\" \/>\n\t<meta name=\"twitter:data1\" content=\"3\u00a0Minuten\" \/>\n<script type=\"application\/ld+json\" class=\"yoast-schema-graph\">{\"@context\":\"https:\\\/\\\/schema.org\",\"@graph\":[{\"@type\":\"WebPage\",\"@id\":\"https:\\\/\\\/botrange.be\\\/de\\\/flussvertrag-mosel-aussenstelle-attert\\\/\",\"url\":\"https:\\\/\\\/botrange.be\\\/de\\\/flussvertrag-mosel-aussenstelle-attert\\\/\",\"name\":\"Flussvertrag Mosel \u2013 Au\u00dfenstelle Attert - Parc naturel Hautes Fagnes-Eifel\",\"isPartOf\":{\"@id\":\"https:\\\/\\\/botrange.be\\\/de\\\/#website\"},\"primaryImageOfPage\":{\"@id\":\"https:\\\/\\\/botrange.be\\\/de\\\/flussvertrag-mosel-aussenstelle-attert\\\/#primaryimage\"},\"image\":{\"@id\":\"https:\\\/\\\/botrange.be\\\/de\\\/flussvertrag-mosel-aussenstelle-attert\\\/#primaryimage\"},\"thumbnailUrl\":\"https:\\\/\\\/botrange.be\\\/wp-content\\\/uploads\\\/2022\\\/02\\\/PNVA_Blanc-1024x1024.jpg\",\"datePublished\":\"2025-04-29T13:12:39+00:00\",\"dateModified\":\"2025-04-29T13:14:37+00:00\",\"breadcrumb\":{\"@id\":\"https:\\\/\\\/botrange.be\\\/de\\\/flussvertrag-mosel-aussenstelle-attert\\\/#breadcrumb\"},\"inLanguage\":\"de\",\"potentialAction\":[{\"@type\":\"ReadAction\",\"target\":[\"https:\\\/\\\/botrange.be\\\/de\\\/flussvertrag-mosel-aussenstelle-attert\\\/\"]}]},{\"@type\":\"ImageObject\",\"inLanguage\":\"de\",\"@id\":\"https:\\\/\\\/botrange.be\\\/de\\\/flussvertrag-mosel-aussenstelle-attert\\\/#primaryimage\",\"url\":\"https:\\\/\\\/botrange.be\\\/wp-content\\\/uploads\\\/2022\\\/02\\\/PNVA_Blanc-1024x1024.jpg\",\"contentUrl\":\"https:\\\/\\\/botrange.be\\\/wp-content\\\/uploads\\\/2022\\\/02\\\/PNVA_Blanc-1024x1024.jpg\"},{\"@type\":\"BreadcrumbList\",\"@id\":\"https:\\\/\\\/botrange.be\\\/de\\\/flussvertrag-mosel-aussenstelle-attert\\\/#breadcrumb\",\"itemListElement\":[{\"@type\":\"ListItem\",\"position\":1,\"name\":\"Accueil\",\"item\":\"https:\\\/\\\/botrange.be\\\/de\\\/\"},{\"@type\":\"ListItem\",\"position\":2,\"name\":\"Flussvertrag Mosel \u2013 Au\u00dfenstelle Attert\"}]},{\"@type\":\"WebSite\",\"@id\":\"https:\\\/\\\/botrange.be\\\/de\\\/#website\",\"url\":\"https:\\\/\\\/botrange.be\\\/de\\\/\",\"name\":\"Parc naturel Hautes Fagnes-Eifel\",\"description\":\"50 ANS 1971-2021\",\"publisher\":{\"@id\":\"https:\\\/\\\/botrange.be\\\/de\\\/#organization\"},\"potentialAction\":[{\"@type\":\"SearchAction\",\"target\":{\"@type\":\"EntryPoint\",\"urlTemplate\":\"https:\\\/\\\/botrange.be\\\/de\\\/?s={search_term_string}\"},\"query-input\":{\"@type\":\"PropertyValueSpecification\",\"valueRequired\":true,\"valueName\":\"search_term_string\"}}],\"inLanguage\":\"de\"},{\"@type\":\"Organization\",\"@id\":\"https:\\\/\\\/botrange.be\\\/de\\\/#organization\",\"name\":\"Parc naturel Hautes Fagnes-Eifel\",\"url\":\"https:\\\/\\\/botrange.be\\\/de\\\/\",\"logo\":{\"@type\":\"ImageObject\",\"inLanguage\":\"de\",\"@id\":\"https:\\\/\\\/botrange.be\\\/de\\\/#\\\/schema\\\/logo\\\/image\\\/\",\"url\":\"https:\\\/\\\/botrange.be\\\/wp-content\\\/uploads\\\/2021\\\/06\\\/logo.svg\",\"contentUrl\":\"https:\\\/\\\/botrange.be\\\/wp-content\\\/uploads\\\/2021\\\/06\\\/logo.svg\",\"caption\":\"Parc naturel Hautes Fagnes-Eifel\"},\"image\":{\"@id\":\"https:\\\/\\\/botrange.be\\\/de\\\/#\\\/schema\\\/logo\\\/image\\\/\"}}]}<\/script>\n<!-- \/ Yoast SEO plugin. -->","yoast_head_json":{"title":"Flussvertrag Mosel \u2013 Au\u00dfenstelle Attert - Parc naturel Hautes Fagnes-Eifel","robots":{"index":"index","follow":"follow","max-snippet":"max-snippet:-1","max-image-preview":"max-image-preview:large","max-video-preview":"max-video-preview:-1"},"canonical":"https:\/\/botrange.be\/de\/flussvertrag-mosel-aussenstelle-attert\/","og_locale":"de_DE","og_type":"article","og_title":"Flussvertrag Mosel \u2013 Au\u00dfenstelle Attert - Parc naturel Hautes Fagnes-Eifel","og_description":"Territoire de l&#8217;antenne de l&#8217;attert Die Attert, der Fluss, der dem Naturpark seinen Namen gegeben hat, entspringt zwischen Thiaumont und Nobressart. Sie durchquert die Gemeinde von Westen nach Osten, \u00fcberquert [&hellip;]","og_url":"https:\/\/botrange.be\/de\/flussvertrag-mosel-aussenstelle-attert\/","og_site_name":"Parc naturel Hautes Fagnes-Eifel","article_modified_time":"2025-04-29T13:14:37+00:00","og_image":[{"width":1181,"height":1181,"url":"https:\/\/botrange.be\/wp-content\/uploads\/2022\/02\/PNVA_Blanc.jpg","type":"image\/jpeg"}],"twitter_card":"summary_large_image","twitter_misc":{"Gesch\u00e4tzte Lesezeit":"3\u00a0Minuten"},"schema":{"@context":"https:\/\/schema.org","@graph":[{"@type":"WebPage","@id":"https:\/\/botrange.be\/de\/flussvertrag-mosel-aussenstelle-attert\/","url":"https:\/\/botrange.be\/de\/flussvertrag-mosel-aussenstelle-attert\/","name":"Flussvertrag Mosel \u2013 Au\u00dfenstelle Attert - Parc naturel Hautes Fagnes-Eifel","isPartOf":{"@id":"https:\/\/botrange.be\/de\/#website"},"primaryImageOfPage":{"@id":"https:\/\/botrange.be\/de\/flussvertrag-mosel-aussenstelle-attert\/#primaryimage"},"image":{"@id":"https:\/\/botrange.be\/de\/flussvertrag-mosel-aussenstelle-attert\/#primaryimage"},"thumbnailUrl":"https:\/\/botrange.be\/wp-content\/uploads\/2022\/02\/PNVA_Blanc-1024x1024.jpg","datePublished":"2025-04-29T13:12:39+00:00","dateModified":"2025-04-29T13:14:37+00:00","breadcrumb":{"@id":"https:\/\/botrange.be\/de\/flussvertrag-mosel-aussenstelle-attert\/#breadcrumb"},"inLanguage":"de","potentialAction":[{"@type":"ReadAction","target":["https:\/\/botrange.be\/de\/flussvertrag-mosel-aussenstelle-attert\/"]}]},{"@type":"ImageObject","inLanguage":"de","@id":"https:\/\/botrange.be\/de\/flussvertrag-mosel-aussenstelle-attert\/#primaryimage","url":"https:\/\/botrange.be\/wp-content\/uploads\/2022\/02\/PNVA_Blanc-1024x1024.jpg","contentUrl":"https:\/\/botrange.be\/wp-content\/uploads\/2022\/02\/PNVA_Blanc-1024x1024.jpg"},{"@type":"BreadcrumbList","@id":"https:\/\/botrange.be\/de\/flussvertrag-mosel-aussenstelle-attert\/#breadcrumb","itemListElement":[{"@type":"ListItem","position":1,"name":"Accueil","item":"https:\/\/botrange.be\/de\/"},{"@type":"ListItem","position":2,"name":"Flussvertrag Mosel \u2013 Au\u00dfenstelle Attert"}]},{"@type":"WebSite","@id":"https:\/\/botrange.be\/de\/#website","url":"https:\/\/botrange.be\/de\/","name":"Parc naturel Hautes Fagnes-Eifel","description":"50 ANS 1971-2021","publisher":{"@id":"https:\/\/botrange.be\/de\/#organization"},"potentialAction":[{"@type":"SearchAction","target":{"@type":"EntryPoint","urlTemplate":"https:\/\/botrange.be\/de\/?s={search_term_string}"},"query-input":{"@type":"PropertyValueSpecification","valueRequired":true,"valueName":"search_term_string"}}],"inLanguage":"de"},{"@type":"Organization","@id":"https:\/\/botrange.be\/de\/#organization","name":"Parc naturel Hautes Fagnes-Eifel","url":"https:\/\/botrange.be\/de\/","logo":{"@type":"ImageObject","inLanguage":"de","@id":"https:\/\/botrange.be\/de\/#\/schema\/logo\/image\/","url":"https:\/\/botrange.be\/wp-content\/uploads\/2021\/06\/logo.svg","contentUrl":"https:\/\/botrange.be\/wp-content\/uploads\/2021\/06\/logo.svg","caption":"Parc naturel Hautes Fagnes-Eifel"},"image":{"@id":"https:\/\/botrange.be\/de\/#\/schema\/logo\/image\/"}}]}},"_links":{"self":[{"href":"https:\/\/botrange.be\/de\/wp-json\/wp\/v2\/pages\/14395","targetHints":{"allow":["GET"]}}],"collection":[{"href":"https:\/\/botrange.be\/de\/wp-json\/wp\/v2\/pages"}],"about":[{"href":"https:\/\/botrange.be\/de\/wp-json\/wp\/v2\/types\/page"}],"author":[{"embeddable":true,"href":"https:\/\/botrange.be\/de\/wp-json\/wp\/v2\/users\/1"}],"replies":[{"embeddable":true,"href":"https:\/\/botrange.be\/de\/wp-json\/wp\/v2\/comments?post=14395"}],"version-history":[{"count":3,"href":"https:\/\/botrange.be\/de\/wp-json\/wp\/v2\/pages\/14395\/revisions"}],"predecessor-version":[{"id":14398,"href":"https:\/\/botrange.be\/de\/wp-json\/wp\/v2\/pages\/14395\/revisions\/14398"}],"wp:attachment":[{"href":"https:\/\/botrange.be\/de\/wp-json\/wp\/v2\/media?parent=14395"}],"curies":[{"name":"wp","href":"https:\/\/api.w.org\/{rel}","templated":true}]}}