{"id":2943,"date":"2021-09-08T14:12:16","date_gmt":"2021-09-08T14:12:16","guid":{"rendered":"https:\/\/botrange.be\/aktuelles\/"},"modified":"2021-09-08T14:12:16","modified_gmt":"2021-09-08T14:12:16","slug":"aktuelles","status":"publish","type":"page","link":"https:\/\/botrange.be\/de\/naturpark-hohes-venn-eifel\/aktuelles\/","title":{"rendered":"Aktuelles"},"content":{"rendered":"\t\t<div data-elementor-type=\"wp-page\" data-elementor-id=\"2943\" class=\"elementor elementor-2943 elementor-1182\" data-elementor-post-type=\"page\">\n\t\t\t\t\t\t<section class=\"elementor-section elementor-top-section elementor-element elementor-element-ba10557 elementor-section-boxed elementor-section-height-default elementor-section-height-default\" data-id=\"ba10557\" data-element_type=\"section\" data-e-type=\"section\">\n\t\t\t\t\t\t<div class=\"elementor-container elementor-column-gap-default\">\n\t\t\t\t\t<div class=\"elementor-column elementor-col-100 elementor-top-column elementor-element elementor-element-b36984a\" data-id=\"b36984a\" data-element_type=\"column\" data-e-type=\"column\">\n\t\t\t<div class=\"elementor-widget-wrap elementor-element-populated\">\n\t\t\t\t\t\t<div class=\"elementor-element elementor-element-5cca923 elementor-widget elementor-widget-heading\" data-id=\"5cca923\" data-element_type=\"widget\" data-e-type=\"widget\" data-widget_type=\"heading.default\">\n\t\t\t\t<div class=\"elementor-widget-container\">\n\t\t\t\t\t<h1 class=\"elementor-heading-title elementor-size-default\">Aktuelles<\/h1>\t\t\t\t<\/div>\n\t\t\t\t<\/div>\n\t\t\t\t<div class=\"elementor-element elementor-element-1caec90 elementor-posts__hover-none elementor-grid-3 elementor-grid-tablet-2 elementor-grid-mobile-1 elementor-posts--thumbnail-top elementor-card-shadow-yes elementor-widget elementor-widget-posts\" data-id=\"1caec90\" data-element_type=\"widget\" data-e-type=\"widget\" data-settings=\"{&quot;cards_columns&quot;:&quot;3&quot;,&quot;cards_columns_tablet&quot;:&quot;2&quot;,&quot;cards_columns_mobile&quot;:&quot;1&quot;,&quot;cards_row_gap&quot;:{&quot;unit&quot;:&quot;px&quot;,&quot;size&quot;:35,&quot;sizes&quot;:[]},&quot;cards_row_gap_widescreen&quot;:{&quot;unit&quot;:&quot;px&quot;,&quot;size&quot;:&quot;&quot;,&quot;sizes&quot;:[]},&quot;cards_row_gap_laptop&quot;:{&quot;unit&quot;:&quot;px&quot;,&quot;size&quot;:&quot;&quot;,&quot;sizes&quot;:[]},&quot;cards_row_gap_tablet&quot;:{&quot;unit&quot;:&quot;px&quot;,&quot;size&quot;:&quot;&quot;,&quot;sizes&quot;:[]},&quot;cards_row_gap_mobile&quot;:{&quot;unit&quot;:&quot;px&quot;,&quot;size&quot;:&quot;&quot;,&quot;sizes&quot;:[]}}\" data-widget_type=\"posts.cards\">\n\t\t\t\t<div class=\"elementor-widget-container\">\n\t\t\t\t\t\t\t<div class=\"elementor-posts-container elementor-posts elementor-posts--skin-cards elementor-grid\" role=\"list\">\n\t\t\t\t<article class=\"elementor-post elementor-grid-item post-16353 post type-post status-publish format-standard has-post-thumbnail hentry category-unkategorisiert\" role=\"listitem\">\n\t\t\t<div class=\"elementor-post__card\">\n\t\t\t\t<a class=\"elementor-post__thumbnail__link\" href=\"https:\/\/botrange.be\/de\/2026\/04\/23\/%f0%9f%9a%a9-rote-flagge-im-hohen-venn-eingeschraenkte-zugaenglichkeit\/\" tabindex=\"-1\" ><div class=\"elementor-post__thumbnail\"><img fetchpriority=\"high\" decoding=\"async\" width=\"480\" height=\"340\" src=\"https:\/\/botrange.be\/wp-content\/uploads\/2026\/04\/avril2026_Danger-dincendie-pistes-fermees-dans-les-Fagnes-du-Nord-Est_page-0001-480x340.jpg\" class=\"attachment-layers-landscape-medium size-layers-landscape-medium wp-image-16329\" alt=\"\" srcset=\"https:\/\/botrange.be\/wp-content\/uploads\/2026\/04\/avril2026_Danger-dincendie-pistes-fermees-dans-les-Fagnes-du-Nord-Est_page-0001-480x340.jpg 480w, https:\/\/botrange.be\/wp-content\/uploads\/2026\/04\/avril2026_Danger-dincendie-pistes-fermees-dans-les-Fagnes-du-Nord-Est_page-0001-300x212.jpg 300w, https:\/\/botrange.be\/wp-content\/uploads\/2026\/04\/avril2026_Danger-dincendie-pistes-fermees-dans-les-Fagnes-du-Nord-Est_page-0001-1024x724.jpg 1024w, https:\/\/botrange.be\/wp-content\/uploads\/2026\/04\/avril2026_Danger-dincendie-pistes-fermees-dans-les-Fagnes-du-Nord-Est_page-0001-768x543.jpg 768w, https:\/\/botrange.be\/wp-content\/uploads\/2026\/04\/avril2026_Danger-dincendie-pistes-fermees-dans-les-Fagnes-du-Nord-Est_page-0001-1536x1087.jpg 1536w, https:\/\/botrange.be\/wp-content\/uploads\/2026\/04\/avril2026_Danger-dincendie-pistes-fermees-dans-les-Fagnes-du-Nord-Est_page-0001-2048x1449.jpg 2048w\" sizes=\"(max-width: 480px) 100vw, 480px\" \/><\/div><\/a>\n\t\t\t\t<div class=\"elementor-post__text\">\n\t\t\t\t<h3 class=\"elementor-post__title\">\n\t\t\t<a href=\"https:\/\/botrange.be\/de\/2026\/04\/23\/%f0%9f%9a%a9-rote-flagge-im-hohen-venn-eingeschraenkte-zugaenglichkeit\/\" >\n\t\t\t\t\ud83d\udea9 Rote Flagge im Hohen Venn \u2013 Eingeschr\u00e4nkte Zug\u00e4nglichkeit\t\t\t<\/a>\n\t\t<\/h3>\n\t\t\t\t<div class=\"elementor-post__excerpt\">\n\t\t\t<p class=\"excerpt\">\ud83d\udea9 Warnung: Rote Flagge im Hohen Venn gehisst \ud83d\udea9 Das Departement f\u00fcr Natur und Forsten informiert, dass im Naturschutzgebiet Hohes Venn aufgrund einer erh\u00f6hten Brandgefahr die rote Flagge gehisst wurde<\/p>\n\t\t<\/div>\n\t\t\n\t\t<a class=\"elementor-post__read-more\" href=\"https:\/\/botrange.be\/de\/2026\/04\/23\/%f0%9f%9a%a9-rote-flagge-im-hohen-venn-eingeschraenkte-zugaenglichkeit\/\" aria-label=\"Mehr \u00fcber \ud83d\udea9 Rote Flagge im Hohen Venn \u2013 Eingeschr\u00e4nkte Zug\u00e4nglichkeit\" tabindex=\"-1\" >\n\t\t\tWeiterlesen +\t\t<\/a>\n\n\t\t\t\t<\/div>\n\t\t\t\t\t<\/div>\n\t\t<\/article>\n\t\t\t\t<article class=\"elementor-post elementor-grid-item post-15322 post type-post status-publish format-standard has-post-thumbnail hentry category-unkategorisiert\" role=\"listitem\">\n\t\t\t<div class=\"elementor-post__card\">\n\t\t\t\t<a class=\"elementor-post__thumbnail__link\" href=\"https:\/\/botrange.be\/de\/2025\/09\/29\/winteroeffnungszeiten-ab-diesem-wochenende\/\" tabindex=\"-1\" ><div class=\"elementor-post__thumbnail\"><img decoding=\"async\" width=\"480\" height=\"340\" src=\"https:\/\/botrange.be\/wp-content\/uploads\/2025\/07\/Photo-@Stephane-Califice-480x340.jpeg\" class=\"attachment-layers-landscape-medium size-layers-landscape-medium wp-image-15212\" alt=\"\" \/><\/div><\/a>\n\t\t\t\t<div class=\"elementor-post__text\">\n\t\t\t\t<h3 class=\"elementor-post__title\">\n\t\t\t<a href=\"https:\/\/botrange.be\/de\/2025\/09\/29\/winteroeffnungszeiten-ab-diesem-wochenende\/\" >\n\t\t\t\tWinter\u00f6ffnungszeiten ab diesem Wochenende!\t\t\t<\/a>\n\t\t<\/h3>\n\t\t\t\t<div class=\"elementor-post__excerpt\">\n\t\t\t<p class=\"excerpt\">Ab diesem ersten Oktoberwochenende gelten im Naturparkzentrum die Winter\u00f6ffnungszeiten! Unter der Woche: 9:00 \u2013 17:00 UhrAm Wochenende: 10:00 \u2013 17:00 Uhr<\/p>\n\t\t<\/div>\n\t\t\n\t\t<a class=\"elementor-post__read-more\" href=\"https:\/\/botrange.be\/de\/2025\/09\/29\/winteroeffnungszeiten-ab-diesem-wochenende\/\" aria-label=\"Mehr \u00fcber Winter\u00f6ffnungszeiten ab diesem Wochenende!\" tabindex=\"-1\" >\n\t\t\tWeiterlesen +\t\t<\/a>\n\n\t\t\t\t<\/div>\n\t\t\t\t\t<\/div>\n\t\t<\/article>\n\t\t\t\t<article class=\"elementor-post elementor-grid-item post-15245 post type-post status-publish format-standard has-post-thumbnail hentry category-unkategorisiert\" role=\"listitem\">\n\t\t\t<div class=\"elementor-post__card\">\n\t\t\t\t<a class=\"elementor-post__thumbnail__link\" href=\"https:\/\/botrange.be\/de\/2025\/09\/08\/totemus-hohes-venn-reise-ins-herz-von-natura-2000\/\" tabindex=\"-1\" ><div class=\"elementor-post__thumbnail\"><img decoding=\"async\" width=\"480\" height=\"340\" src=\"https:\/\/botrange.be\/wp-content\/uploads\/2025\/09\/Landscape-Dark-FR-480x340.jpg\" class=\"attachment-layers-landscape-medium size-layers-landscape-medium wp-image-15240\" alt=\"\" \/><\/div><\/a>\n\t\t\t\t<div class=\"elementor-post__text\">\n\t\t\t\t<h3 class=\"elementor-post__title\">\n\t\t\t<a href=\"https:\/\/botrange.be\/de\/2025\/09\/08\/totemus-hohes-venn-reise-ins-herz-von-natura-2000\/\" >\n\t\t\t\tTotemus Hohes Venn: Reise ins Herz von Natura 2000\t\t\t<\/a>\n\t\t<\/h3>\n\t\t\t\t<div class=\"elementor-post__excerpt\">\n\t\t\t<p class=\"excerpt\">Totemus ist in Sourbrodt f\u00fcr LIFE &#8222;Belgium for Biodiversity&#8220; \u00a0Unsere neue Schatzsuche Hohes Venn: Reise ins Herz von Natura 2000 ist verf\u00fcgbar in FR &#8211; DE &#8211; NL!Dank der Unterst\u00fctzung<\/p>\n\t\t<\/div>\n\t\t\n\t\t<a class=\"elementor-post__read-more\" href=\"https:\/\/botrange.be\/de\/2025\/09\/08\/totemus-hohes-venn-reise-ins-herz-von-natura-2000\/\" aria-label=\"Mehr \u00fcber Totemus Hohes Venn: Reise ins Herz von Natura 2000\" tabindex=\"-1\" >\n\t\t\tWeiterlesen +\t\t<\/a>\n\n\t\t\t\t<\/div>\n\t\t\t\t\t<\/div>\n\t\t<\/article>\n\t\t\t\t<article class=\"elementor-post elementor-grid-item post-15154 post type-post status-publish format-standard has-post-thumbnail hentry category-unkategorisiert\" role=\"listitem\">\n\t\t\t<div class=\"elementor-post__card\">\n\t\t\t\t<a class=\"elementor-post__thumbnail__link\" href=\"https:\/\/botrange.be\/de\/2025\/09\/03\/ausserordentliche-schliessung-des-naturparkzentrums-am-23-september\/\" tabindex=\"-1\" ><div class=\"elementor-post__thumbnail\"><img loading=\"lazy\" decoding=\"async\" width=\"480\" height=\"340\" src=\"https:\/\/botrange.be\/wp-content\/uploads\/2025\/09\/fermeture-exceptionnelle-MdP-2-480x340.png\" class=\"attachment-layers-landscape-medium size-layers-landscape-medium wp-image-15152\" alt=\"\" \/><\/div><\/a>\n\t\t\t\t<div class=\"elementor-post__text\">\n\t\t\t\t<h3 class=\"elementor-post__title\">\n\t\t\t<a href=\"https:\/\/botrange.be\/de\/2025\/09\/03\/ausserordentliche-schliessung-des-naturparkzentrums-am-23-september\/\" >\n\t\t\t\tAusserordentliche Schlie\u00dfung des Naturparkzentrums am 23. September\t\t\t<\/a>\n\t\t<\/h3>\n\t\t\t\t<div class=\"elementor-post__excerpt\">\n\t\t\t\t\t<\/div>\n\t\t\n\t\t<a class=\"elementor-post__read-more\" href=\"https:\/\/botrange.be\/de\/2025\/09\/03\/ausserordentliche-schliessung-des-naturparkzentrums-am-23-september\/\" aria-label=\"Mehr \u00fcber Ausserordentliche Schlie\u00dfung des Naturparkzentrums am 23. September\" tabindex=\"-1\" >\n\t\t\tWeiterlesen +\t\t<\/a>\n\n\t\t\t\t<\/div>\n\t\t\t\t\t<\/div>\n\t\t<\/article>\n\t\t\t\t<article class=\"elementor-post elementor-grid-item post-15045 post type-post status-publish format-standard has-post-thumbnail hentry category-unkategorisiert\" role=\"listitem\">\n\t\t\t<div class=\"elementor-post__card\">\n\t\t\t\t<a class=\"elementor-post__thumbnail__link\" href=\"https:\/\/botrange.be\/de\/2025\/08\/20\/strassenarbeiten-auf-der-n68-eupen-malmedy-25-august-8-september\/\" tabindex=\"-1\" ><div class=\"elementor-post__thumbnail\"><img loading=\"lazy\" decoding=\"async\" width=\"480\" height=\"340\" src=\"https:\/\/botrange.be\/wp-content\/uploads\/2025\/08\/534872862_1190642696431284_4699073991482955122_n-480x340.jpg\" class=\"attachment-layers-landscape-medium size-layers-landscape-medium wp-image-15043\" alt=\"\" \/><\/div><\/a>\n\t\t\t\t<div class=\"elementor-post__text\">\n\t\t\t\t<h3 class=\"elementor-post__title\">\n\t\t\t<a href=\"https:\/\/botrange.be\/de\/2025\/08\/20\/strassenarbeiten-auf-der-n68-eupen-malmedy-25-august-8-september\/\" >\n\t\t\t\tStra\u00dfenarbeiten auf der N68 (Eupen\u2013Malmedy): 25. August &#8211; 8. September\t\t\t<\/a>\n\t\t<\/h3>\n\t\t\t\t<div class=\"elementor-post__excerpt\">\n\t\t\t<p class=\"excerpt\">Ab Montag, den 25.08., wird die N68 wegen Bauarbeiten des SPW f\u00fcr 15 Tage gesperrt. \u27a1\ufe0f Die Zufahrt nach dem Naturparkzentrum &#8211; Botrange \u00fcber Eupen ist nicht m\u00f6glich. \u27a1\ufe0f Bitte<\/p>\n\t\t<\/div>\n\t\t\n\t\t<a class=\"elementor-post__read-more\" href=\"https:\/\/botrange.be\/de\/2025\/08\/20\/strassenarbeiten-auf-der-n68-eupen-malmedy-25-august-8-september\/\" aria-label=\"Mehr \u00fcber Stra\u00dfenarbeiten auf der N68 (Eupen\u2013Malmedy): 25. August &#8211; 8. September\" tabindex=\"-1\" >\n\t\t\tWeiterlesen +\t\t<\/a>\n\n\t\t\t\t<\/div>\n\t\t\t\t\t<\/div>\n\t\t<\/article>\n\t\t\t\t<article class=\"elementor-post elementor-grid-item post-14943 post type-post status-publish format-standard has-post-thumbnail hentry category-unkategorisiert\" role=\"listitem\">\n\t\t\t<div class=\"elementor-post__card\">\n\t\t\t\t<a class=\"elementor-post__thumbnail__link\" href=\"https:\/\/botrange.be\/de\/2025\/07\/31\/wichtiger-hinweis-schliessung-des-biwakplatzes-gelippe\/\" tabindex=\"-1\" ><div class=\"elementor-post__thumbnail\"><img loading=\"lazy\" decoding=\"async\" width=\"480\" height=\"340\" src=\"https:\/\/botrange.be\/wp-content\/uploads\/2022\/06\/gileppe-abri-480x340.jpg\" class=\"attachment-layers-landscape-medium size-layers-landscape-medium wp-image-8019\" alt=\"Abri de la zone de bivouac &quot;La Gileppe&quot;\" \/><\/div><\/a>\n\t\t\t\t<div class=\"elementor-post__text\">\n\t\t\t\t<h3 class=\"elementor-post__title\">\n\t\t\t<a href=\"https:\/\/botrange.be\/de\/2025\/07\/31\/wichtiger-hinweis-schliessung-des-biwakplatzes-gelippe\/\" >\n\t\t\t\tWICHTIGER HINWEIS &#8211; Schlie\u00dfung des Biwakplatzes Gelippe\t\t\t<\/a>\n\t\t<\/h3>\n\t\t\t\t<div class=\"elementor-post__excerpt\">\n\t\t\t<p class=\"excerpt\">Das DNF (Departement f\u00fcr Natur und Forstwirtschaft) hat uns \u00fcber die Entscheidung informiert, den Biwakplatz Gileppe auf unbestimmte Zeit zu schlie\u00dfen, aufgrund wiederholter Verst\u00f6\u00dfe gegen die Nutzungsregeln der Anlage &#8211;<\/p>\n\t\t<\/div>\n\t\t\n\t\t<a class=\"elementor-post__read-more\" href=\"https:\/\/botrange.be\/de\/2025\/07\/31\/wichtiger-hinweis-schliessung-des-biwakplatzes-gelippe\/\" aria-label=\"Mehr \u00fcber WICHTIGER HINWEIS &#8211; Schlie\u00dfung des Biwakplatzes Gelippe\" tabindex=\"-1\" >\n\t\t\tWeiterlesen +\t\t<\/a>\n\n\t\t\t\t<\/div>\n\t\t\t\t\t<\/div>\n\t\t<\/article>\n\t\t\t\t<article class=\"elementor-post elementor-grid-item post-14843 post type-post status-publish format-standard has-post-thumbnail hentry category-unkategorisiert\" role=\"listitem\">\n\t\t\t<div class=\"elementor-post__card\">\n\t\t\t\t<a class=\"elementor-post__thumbnail__link\" href=\"https:\/\/botrange.be\/de\/2025\/07\/15\/eine-totemus-schatzsuche-in-botrange\/\" tabindex=\"-1\" ><div class=\"elementor-post__thumbnail\"><img loading=\"lazy\" decoding=\"async\" width=\"480\" height=\"340\" src=\"https:\/\/botrange.be\/wp-content\/uploads\/2025\/07\/Landscape-Dark-480x340.jpg\" class=\"attachment-layers-landscape-medium size-layers-landscape-medium wp-image-14729\" alt=\"\" \/><\/div><\/a>\n\t\t\t\t<div class=\"elementor-post__text\">\n\t\t\t\t<h3 class=\"elementor-post__title\">\n\t\t\t<a href=\"https:\/\/botrange.be\/de\/2025\/07\/15\/eine-totemus-schatzsuche-in-botrange\/\" >\n\t\t\t\tEine Totemus-Schatzsuche in Botrange!\t\t\t<\/a>\n\t\t<\/h3>\n\t\t\t\t<div class=\"elementor-post__excerpt\">\n\t\t\t<p class=\"excerpt\">Wir freuen uns, Ihnen mitteilen zu k\u00f6nnen, dass unsere erste Totemus-Schatzsuche nun auch auf Deutsch verf\u00fcgbar ist! Totemus f\u00fchrt Sie auf das Dach Belgiens \u2013 mitten ins Herz des Hohen<\/p>\n\t\t<\/div>\n\t\t\n\t\t<a class=\"elementor-post__read-more\" href=\"https:\/\/botrange.be\/de\/2025\/07\/15\/eine-totemus-schatzsuche-in-botrange\/\" aria-label=\"Mehr \u00fcber Eine Totemus-Schatzsuche in Botrange!\" tabindex=\"-1\" >\n\t\t\tWeiterlesen +\t\t<\/a>\n\n\t\t\t\t<\/div>\n\t\t\t\t\t<\/div>\n\t\t<\/article>\n\t\t\t\t<article class=\"elementor-post elementor-grid-item post-14799 post type-post status-publish format-standard has-post-thumbnail hentry category-unkategorisiert\" role=\"listitem\">\n\t\t\t<div class=\"elementor-post__card\">\n\t\t\t\t<a class=\"elementor-post__thumbnail__link\" href=\"https:\/\/botrange.be\/de\/2025\/07\/07\/neu-hecken-erlebnisweg-in-wirtzfeld\/\" tabindex=\"-1\" ><div class=\"elementor-post__thumbnail\"><img loading=\"lazy\" decoding=\"async\" width=\"480\" height=\"340\" src=\"https:\/\/botrange.be\/wp-content\/uploads\/2025\/06\/Sentier-des-haies_01.07.25-3-480x340.jpg\" class=\"attachment-layers-landscape-medium size-layers-landscape-medium wp-image-14743\" alt=\"\" \/><\/div><\/a>\n\t\t\t\t<div class=\"elementor-post__text\">\n\t\t\t\t<h3 class=\"elementor-post__title\">\n\t\t\t<a href=\"https:\/\/botrange.be\/de\/2025\/07\/07\/neu-hecken-erlebnisweg-in-wirtzfeld\/\" >\n\t\t\t\tNEU: Hecken-Erlebnisweg in Wirtzfeld !\t\t\t<\/a>\n\t\t<\/h3>\n\t\t\t\t<div class=\"elementor-post__excerpt\">\n\t\t\t<p class=\"excerpt\">Entdecken Sie die faszinierende Welt der Hecken \u2013 lebendige Windschutzw\u00e4nde, wertvoller Lebensraum und echtes Kulturerbe der Deutschsprachigen Gemeinschaft! Auf dem neuen Hecken-Erlebnisweg in Wirtzfeld k\u00f6nnt ihr auf zwei interaktiven Rundwegen<\/p>\n\t\t<\/div>\n\t\t\n\t\t<a class=\"elementor-post__read-more\" href=\"https:\/\/botrange.be\/de\/2025\/07\/07\/neu-hecken-erlebnisweg-in-wirtzfeld\/\" aria-label=\"Mehr \u00fcber NEU: Hecken-Erlebnisweg in Wirtzfeld !\" tabindex=\"-1\" >\n\t\t\tWeiterlesen +\t\t<\/a>\n\n\t\t\t\t<\/div>\n\t\t\t\t\t<\/div>\n\t\t<\/article>\n\t\t\t\t<article class=\"elementor-post elementor-grid-item post-14640 post type-post status-publish format-standard has-post-thumbnail hentry category-unkategorisiert\" role=\"listitem\">\n\t\t\t<div class=\"elementor-post__card\">\n\t\t\t\t<a class=\"elementor-post__thumbnail__link\" href=\"https:\/\/botrange.be\/de\/2025\/06\/24\/fahrerinnen-fuer-den-planwagen-des-naturparks-hohes-venn-eifel-gesucht\/\" tabindex=\"-1\" ><div class=\"elementor-post__thumbnail\"><img loading=\"lazy\" decoding=\"async\" width=\"480\" height=\"340\" src=\"https:\/\/botrange.be\/wp-content\/uploads\/2021\/09\/char-a-bancs-fagnes-ardenne-480x340.jpg\" class=\"attachment-layers-landscape-medium size-layers-landscape-medium wp-image-3825\" alt=\"Char \u00e0 bancs - Fagnes Ardenne\" \/><\/div><\/a>\n\t\t\t\t<div class=\"elementor-post__text\">\n\t\t\t\t<h3 class=\"elementor-post__title\">\n\t\t\t<a href=\"https:\/\/botrange.be\/de\/2025\/06\/24\/fahrerinnen-fuer-den-planwagen-des-naturparks-hohes-venn-eifel-gesucht\/\" >\n\t\t\t\tEhrenamtliche(r) Fahrer(innen) f\u00fcr den Planwagen des Naturparks Hohes Venn-Eifel gesucht\t\t\t<\/a>\n\t\t<\/h3>\n\t\t\t\t<div class=\"elementor-post__excerpt\">\n\t\t\t<p class=\"excerpt\">Ehrenamtliche Fahrer*innen f\u00fcr den Planwagen gesucht M\u00f6chten Sie zu einer der symboltr\u00e4chtigsten touristischen Aktivit\u00e4ten des Hochplateaus der Hohen Venn beitragen? Der Naturpark Hohes Venn\u2013Eifel sucht engagierte Personen zur Verst\u00e4rkung seines<\/p>\n\t\t<\/div>\n\t\t\n\t\t<a class=\"elementor-post__read-more\" href=\"https:\/\/botrange.be\/de\/2025\/06\/24\/fahrerinnen-fuer-den-planwagen-des-naturparks-hohes-venn-eifel-gesucht\/\" aria-label=\"Mehr \u00fcber Ehrenamtliche(r) Fahrer(innen) f\u00fcr den Planwagen des Naturparks Hohes Venn-Eifel gesucht\" tabindex=\"-1\" >\n\t\t\tWeiterlesen +\t\t<\/a>\n\n\t\t\t\t<\/div>\n\t\t\t\t\t<\/div>\n\t\t<\/article>\n\t\t\t\t<article class=\"elementor-post elementor-grid-item post-14540 post type-post status-publish format-standard has-post-thumbnail hentry category-unkategorisiert\" role=\"listitem\">\n\t\t\t<div class=\"elementor-post__card\">\n\t\t\t\t<a class=\"elementor-post__thumbnail__link\" href=\"https:\/\/botrange.be\/de\/2025\/05\/26\/challenge-100-stewards-fuer-den-sommer\/\" tabindex=\"-1\" ><div class=\"elementor-post__thumbnail\"><img loading=\"lazy\" decoding=\"async\" width=\"480\" height=\"340\" src=\"https:\/\/botrange.be\/wp-content\/uploads\/2024\/08\/WhatsApp-Image-2024-09-09-at-14.17.10-480x340.jpeg\" class=\"attachment-layers-landscape-medium size-layers-landscape-medium wp-image-12827\" alt=\"\" \/><\/div><\/a>\n\t\t\t\t<div class=\"elementor-post__text\">\n\t\t\t\t<h3 class=\"elementor-post__title\">\n\t\t\t<a href=\"https:\/\/botrange.be\/de\/2025\/05\/26\/challenge-100-stewards-fuer-den-sommer\/\" >\n\t\t\t\tChallenge: 100 Stewards f\u00fcr den Sommer!\t\t\t<\/a>\n\t\t<\/h3>\n\t\t\t\t<div class=\"elementor-post__excerpt\">\n\t\t\t<p class=\"excerpt\">Sie lieben die Natur, kennen das Hohe Venn oder m\u00f6chten diese besondere Region besser entdecken? Werden Sie Teil unseres Teams von 76 freiwilligen Stewards und helfen Sie mit, das Gebiet<\/p>\n\t\t<\/div>\n\t\t\n\t\t<a class=\"elementor-post__read-more\" href=\"https:\/\/botrange.be\/de\/2025\/05\/26\/challenge-100-stewards-fuer-den-sommer\/\" aria-label=\"Mehr \u00fcber Challenge: 100 Stewards f\u00fcr den Sommer!\" tabindex=\"-1\" >\n\t\t\tWeiterlesen +\t\t<\/a>\n\n\t\t\t\t<\/div>\n\t\t\t\t\t<\/div>\n\t\t<\/article>\n\t\t\t\t<article class=\"elementor-post elementor-grid-item post-14428 post type-post status-publish format-standard has-post-thumbnail hentry category-unkategorisiert\" role=\"listitem\">\n\t\t\t<div class=\"elementor-post__card\">\n\t\t\t\t<a class=\"elementor-post__thumbnail__link\" href=\"https:\/\/botrange.be\/de\/2025\/05\/06\/jugendcamp-2025-dein-abenteuer-im-naturschutz\/\" tabindex=\"-1\" ><div class=\"elementor-post__thumbnail\"><img loading=\"lazy\" decoding=\"async\" width=\"480\" height=\"340\" src=\"https:\/\/botrange.be\/wp-content\/uploads\/2025\/05\/Grenzubergreifendes-Jugendcamp_Flyer-JT-Inside-1-480x340.png\" class=\"attachment-layers-landscape-medium size-layers-landscape-medium wp-image-14434\" alt=\"\" \/><\/div><\/a>\n\t\t\t\t<div class=\"elementor-post__text\">\n\t\t\t\t<h3 class=\"elementor-post__title\">\n\t\t\t<a href=\"https:\/\/botrange.be\/de\/2025\/05\/06\/jugendcamp-2025-dein-abenteuer-im-naturschutz\/\" >\n\t\t\t\tJugendcamp 2025 \u2013 Dein Abenteuer im Naturschutz!\t\t\t<\/a>\n\t\t<\/h3>\n\t\t\t\t<div class=\"elementor-post__excerpt\">\n\t\t\t<p class=\"excerpt\">Im Sommer 2025 findet ein ganz besonderes Jugendcamp statt, bei dem du alles \u00fcber den Naturschutz lernen und selbst aktiv werden kannst! Vom 16. bis zum 20. Juli treffen sich<\/p>\n\t\t<\/div>\n\t\t\n\t\t<a class=\"elementor-post__read-more\" href=\"https:\/\/botrange.be\/de\/2025\/05\/06\/jugendcamp-2025-dein-abenteuer-im-naturschutz\/\" aria-label=\"Mehr \u00fcber Jugendcamp 2025 \u2013 Dein Abenteuer im Naturschutz!\" tabindex=\"-1\" >\n\t\t\tWeiterlesen +\t\t<\/a>\n\n\t\t\t\t<\/div>\n\t\t\t\t\t<\/div>\n\t\t<\/article>\n\t\t\t\t<article class=\"elementor-post elementor-grid-item post-14194 post type-post status-publish format-standard has-post-thumbnail hentry category-unkategorisiert\" role=\"listitem\">\n\t\t\t<div class=\"elementor-post__card\">\n\t\t\t\t<a class=\"elementor-post__thumbnail__link\" href=\"https:\/\/botrange.be\/de\/2025\/04\/02\/jugendgruppe-gesucht\/\" tabindex=\"-1\" ><div class=\"elementor-post__thumbnail\"><img loading=\"lazy\" decoding=\"async\" width=\"480\" height=\"340\" src=\"https:\/\/botrange.be\/wp-content\/uploads\/2025\/04\/Screenshot-Prasentationsbroschure-1-480x340.png\" class=\"attachment-layers-landscape-medium size-layers-landscape-medium wp-image-14199\" alt=\"\" \/><\/div><\/a>\n\t\t\t\t<div class=\"elementor-post__text\">\n\t\t\t\t<h3 class=\"elementor-post__title\">\n\t\t\t<a href=\"https:\/\/botrange.be\/de\/2025\/04\/02\/jugendgruppe-gesucht\/\" >\n\t\t\t\tJugendgruppe gesucht!\t\t\t<\/a>\n\t\t<\/h3>\n\t\t\t\t<div class=\"elementor-post__excerpt\">\n\t\t\t<p class=\"excerpt\">Liebe Jugendgruppen, wir, das\u00a0Naturparkzentrum-Botrange\u00a0und der\u00a0Deutsch-Belgische Naturpark Hohes Venn-Eifel, organisieren vom\u00a016. bis 20. Juli 2025\u00a0ein spannendes grenz\u00fcbergreifendes\u00a0Jugendcamp \u2013 und ihr k\u00f6nnt dabei sein! Leider musste die urspr\u00fcnglich angemeldete belgische Gruppe absagen,<\/p>\n\t\t<\/div>\n\t\t\n\t\t<a class=\"elementor-post__read-more\" href=\"https:\/\/botrange.be\/de\/2025\/04\/02\/jugendgruppe-gesucht\/\" aria-label=\"Mehr \u00fcber Jugendgruppe gesucht!\" tabindex=\"-1\" >\n\t\t\tWeiterlesen +\t\t<\/a>\n\n\t\t\t\t<\/div>\n\t\t\t\t\t<\/div>\n\t\t<\/article>\n\t\t\t\t<\/div>\n\t\t\n\t\t\t\t\t\t<\/div>\n\t\t\t\t<\/div>\n\t\t\t\t\t<\/div>\n\t\t<\/div>\n\t\t\t\t\t<\/div>\n\t\t<\/section>\n\t\t\t\t<\/div>\n\t\t","protected":false},"excerpt":{"rendered":"<p class=\"excerpt\">Aktuelles<\/p>\n","protected":false},"author":1,"featured_media":0,"parent":13416,"menu_order":0,"comment_status":"closed","ping_status":"closed","template":"template-blank.php","meta":{"_acf_changed":false,"inline_featured_image":false,"_monsterinsights_skip_tracking":false,"_monsterinsights_sitenote_active":false,"_monsterinsights_sitenote_note":"","_monsterinsights_sitenote_category":0,"footnotes":""},"class_list":["post-2943","page","type-page","status-publish","hentry"],"acf":[],"yoast_head":"<!-- This site is optimized with the Yoast SEO plugin v27.4 - https:\/\/yoast.com\/product\/yoast-seo-wordpress\/ -->\n<title>Aktuelles - Parc naturel Hautes Fagnes-Eifel<\/title>\n<meta name=\"robots\" content=\"index, follow, max-snippet:-1, max-image-preview:large, max-video-preview:-1\" \/>\n<link rel=\"canonical\" href=\"https:\/\/botrange.be\/de\/naturpark-hohes-venn-eifel\/aktuelles\/\" \/>\n<meta property=\"og:locale\" content=\"de_DE\" \/>\n<meta property=\"og:type\" content=\"article\" \/>\n<meta property=\"og:title\" content=\"Aktuelles - Parc naturel Hautes Fagnes-Eifel\" \/>\n<meta property=\"og:description\" content=\"Aktuelles\" \/>\n<meta property=\"og:url\" content=\"https:\/\/botrange.be\/de\/naturpark-hohes-venn-eifel\/aktuelles\/\" \/>\n<meta property=\"og:site_name\" content=\"Parc naturel Hautes Fagnes-Eifel\" \/>\n<meta name=\"twitter:card\" content=\"summary_large_image\" \/>\n<script type=\"application\/ld+json\" class=\"yoast-schema-graph\">{\"@context\":\"https:\\\/\\\/schema.org\",\"@graph\":[{\"@type\":\"WebPage\",\"@id\":\"https:\\\/\\\/botrange.be\\\/de\\\/naturpark-hohes-venn-eifel\\\/aktuelles\\\/\",\"url\":\"https:\\\/\\\/botrange.be\\\/de\\\/naturpark-hohes-venn-eifel\\\/aktuelles\\\/\",\"name\":\"Aktuelles - Parc naturel Hautes Fagnes-Eifel\",\"isPartOf\":{\"@id\":\"https:\\\/\\\/botrange.be\\\/de\\\/#website\"},\"datePublished\":\"2021-09-08T14:12:16+00:00\",\"breadcrumb\":{\"@id\":\"https:\\\/\\\/botrange.be\\\/de\\\/naturpark-hohes-venn-eifel\\\/aktuelles\\\/#breadcrumb\"},\"inLanguage\":\"de\",\"potentialAction\":[{\"@type\":\"ReadAction\",\"target\":[\"https:\\\/\\\/botrange.be\\\/de\\\/naturpark-hohes-venn-eifel\\\/aktuelles\\\/\"]}]},{\"@type\":\"BreadcrumbList\",\"@id\":\"https:\\\/\\\/botrange.be\\\/de\\\/naturpark-hohes-venn-eifel\\\/aktuelles\\\/#breadcrumb\",\"itemListElement\":[{\"@type\":\"ListItem\",\"position\":1,\"name\":\"Accueil\",\"item\":\"https:\\\/\\\/botrange.be\\\/de\\\/\"},{\"@type\":\"ListItem\",\"position\":2,\"name\":\"Aktuelles\"}]},{\"@type\":\"WebSite\",\"@id\":\"https:\\\/\\\/botrange.be\\\/de\\\/#website\",\"url\":\"https:\\\/\\\/botrange.be\\\/de\\\/\",\"name\":\"Parc naturel Hautes Fagnes-Eifel\",\"description\":\"50 ANS 1971-2021\",\"publisher\":{\"@id\":\"https:\\\/\\\/botrange.be\\\/de\\\/#organization\"},\"potentialAction\":[{\"@type\":\"SearchAction\",\"target\":{\"@type\":\"EntryPoint\",\"urlTemplate\":\"https:\\\/\\\/botrange.be\\\/de\\\/?s={search_term_string}\"},\"query-input\":{\"@type\":\"PropertyValueSpecification\",\"valueRequired\":true,\"valueName\":\"search_term_string\"}}],\"inLanguage\":\"de\"},{\"@type\":\"Organization\",\"@id\":\"https:\\\/\\\/botrange.be\\\/de\\\/#organization\",\"name\":\"Parc naturel Hautes Fagnes-Eifel\",\"url\":\"https:\\\/\\\/botrange.be\\\/de\\\/\",\"logo\":{\"@type\":\"ImageObject\",\"inLanguage\":\"de\",\"@id\":\"https:\\\/\\\/botrange.be\\\/de\\\/#\\\/schema\\\/logo\\\/image\\\/\",\"url\":\"https:\\\/\\\/botrange.be\\\/wp-content\\\/uploads\\\/2021\\\/06\\\/logo.svg\",\"contentUrl\":\"https:\\\/\\\/botrange.be\\\/wp-content\\\/uploads\\\/2021\\\/06\\\/logo.svg\",\"caption\":\"Parc naturel Hautes Fagnes-Eifel\"},\"image\":{\"@id\":\"https:\\\/\\\/botrange.be\\\/de\\\/#\\\/schema\\\/logo\\\/image\\\/\"}}]}<\/script>\n<!-- \/ Yoast SEO plugin. -->","yoast_head_json":{"title":"Aktuelles - Parc naturel Hautes Fagnes-Eifel","robots":{"index":"index","follow":"follow","max-snippet":"max-snippet:-1","max-image-preview":"max-image-preview:large","max-video-preview":"max-video-preview:-1"},"canonical":"https:\/\/botrange.be\/de\/naturpark-hohes-venn-eifel\/aktuelles\/","og_locale":"de_DE","og_type":"article","og_title":"Aktuelles - Parc naturel Hautes Fagnes-Eifel","og_description":"Aktuelles","og_url":"https:\/\/botrange.be\/de\/naturpark-hohes-venn-eifel\/aktuelles\/","og_site_name":"Parc naturel Hautes Fagnes-Eifel","twitter_card":"summary_large_image","schema":{"@context":"https:\/\/schema.org","@graph":[{"@type":"WebPage","@id":"https:\/\/botrange.be\/de\/naturpark-hohes-venn-eifel\/aktuelles\/","url":"https:\/\/botrange.be\/de\/naturpark-hohes-venn-eifel\/aktuelles\/","name":"Aktuelles - Parc naturel Hautes Fagnes-Eifel","isPartOf":{"@id":"https:\/\/botrange.be\/de\/#website"},"datePublished":"2021-09-08T14:12:16+00:00","breadcrumb":{"@id":"https:\/\/botrange.be\/de\/naturpark-hohes-venn-eifel\/aktuelles\/#breadcrumb"},"inLanguage":"de","potentialAction":[{"@type":"ReadAction","target":["https:\/\/botrange.be\/de\/naturpark-hohes-venn-eifel\/aktuelles\/"]}]},{"@type":"BreadcrumbList","@id":"https:\/\/botrange.be\/de\/naturpark-hohes-venn-eifel\/aktuelles\/#breadcrumb","itemListElement":[{"@type":"ListItem","position":1,"name":"Accueil","item":"https:\/\/botrange.be\/de\/"},{"@type":"ListItem","position":2,"name":"Aktuelles"}]},{"@type":"WebSite","@id":"https:\/\/botrange.be\/de\/#website","url":"https:\/\/botrange.be\/de\/","name":"Parc naturel Hautes Fagnes-Eifel","description":"50 ANS 1971-2021","publisher":{"@id":"https:\/\/botrange.be\/de\/#organization"},"potentialAction":[{"@type":"SearchAction","target":{"@type":"EntryPoint","urlTemplate":"https:\/\/botrange.be\/de\/?s={search_term_string}"},"query-input":{"@type":"PropertyValueSpecification","valueRequired":true,"valueName":"search_term_string"}}],"inLanguage":"de"},{"@type":"Organization","@id":"https:\/\/botrange.be\/de\/#organization","name":"Parc naturel Hautes Fagnes-Eifel","url":"https:\/\/botrange.be\/de\/","logo":{"@type":"ImageObject","inLanguage":"de","@id":"https:\/\/botrange.be\/de\/#\/schema\/logo\/image\/","url":"https:\/\/botrange.be\/wp-content\/uploads\/2021\/06\/logo.svg","contentUrl":"https:\/\/botrange.be\/wp-content\/uploads\/2021\/06\/logo.svg","caption":"Parc naturel Hautes Fagnes-Eifel"},"image":{"@id":"https:\/\/botrange.be\/de\/#\/schema\/logo\/image\/"}}]}},"_links":{"self":[{"href":"https:\/\/botrange.be\/de\/wp-json\/wp\/v2\/pages\/2943","targetHints":{"allow":["GET"]}}],"collection":[{"href":"https:\/\/botrange.be\/de\/wp-json\/wp\/v2\/pages"}],"about":[{"href":"https:\/\/botrange.be\/de\/wp-json\/wp\/v2\/types\/page"}],"author":[{"embeddable":true,"href":"https:\/\/botrange.be\/de\/wp-json\/wp\/v2\/users\/1"}],"replies":[{"embeddable":true,"href":"https:\/\/botrange.be\/de\/wp-json\/wp\/v2\/comments?post=2943"}],"version-history":[{"count":1,"href":"https:\/\/botrange.be\/de\/wp-json\/wp\/v2\/pages\/2943\/revisions"}],"predecessor-version":[{"id":2944,"href":"https:\/\/botrange.be\/de\/wp-json\/wp\/v2\/pages\/2943\/revisions\/2944"}],"up":[{"embeddable":true,"href":"https:\/\/botrange.be\/de\/wp-json\/wp\/v2\/pages\/13416"}],"wp:attachment":[{"href":"https:\/\/botrange.be\/de\/wp-json\/wp\/v2\/media?parent=2943"}],"curies":[{"name":"wp","href":"https:\/\/api.w.org\/{rel}","templated":true}]}}