{"id":13520,"date":"2024-12-13T09:13:59","date_gmt":"2024-12-13T08:13:59","guid":{"rendered":"https:\/\/botrange.be\/project\/ein-widerstandsfaehiges-und-biodiverses-landschaftbild-2024-2027\/"},"modified":"2026-04-27T09:55:16","modified_gmt":"2026-04-27T07:55:16","slug":"ein-widerstandsfaehiges-und-biodiverses-landschaftbild-2024-2027","status":"publish","type":"project","link":"https:\/\/botrange.be\/de\/project\/ein-widerstandsfaehiges-und-biodiverses-landschaftbild-2024-2027\/","title":{"rendered":"Ein widerstandsf\u00e4higes und biodiverses Landschaftbild (2024-2027)"},"content":{"rendered":"<h3>Dieses LEADER-Projekt zielt darauf ab, eine Bestandsaufnahme des \u00f6kologischen Netzwerks im Gebiet des GAL &#8222;Zwischen Weser und G\u00f6hl&#8220; (Gemeinden Eupen, Raeren und Lontzen) zu erstellen und anschlie\u03b2end einen Katalog konkreter Ma\u03b2nahmen zur Verbesserung der Biodiversit\u00e4t vorzuschlagen &#8211; mit Unterst\u00fctzung von B\u00fcrgern, \u00f6ffentlichen Diensten und lokalen Vereinen.<\/h3>\n<h4>Hintergrund<\/h4>\n<p>Wir erleben eine doppelte \u00f6kologische Krise: den Klimawandel und das Artensterben, die teilweise miteinander verkn\u00fcpft sind.\u00a0 Ursachen sind unter anderem die Zersplitterung von Lebensr\u00e4umen, intensive Land- und Fortswirtschaft, Monokulturen und die Vereinheitlichung der Landschaft.\u00a0 Obwohl das Thema des Biodiversit\u00e4tsverlusts zunehmend von Gemeinden und Einzelpersonen wahrgenommen wird, ist es unerl\u00e4sslich, die Sensibilisierungs- und Informationsbem\u00fchungen fortzusetzen, um das Bewusstsein zu sch\u00e4rfen und Ver\u00e4nderungen zu f\u00f6rdern\/begleiten.<\/p>\n<h4>Herausforderungen<\/h4>\n<p>Verlust der floristischen und faunistischen Vielfalt in den D\u00f6rfern entgegenwirken.<\/p>\n<h4>Geplante Ma\u03b2nahmen<\/h4>\n<ul>\n<li>\u00d6kologische Bestandsaufnahme, Landschaftsstudien und Leitlinien:Erstellung einer Bestandsaufnahme des \u00f6kologischen Netzwerks mit GAL-Gebiet anhand bestehender DAten (u. a. umfassende kartografische Daten auf regionaler Ebene) sowie erg\u00e4nzende Gel\u00e4ndeerhebungen zur Pr\u00e4zisierung dieser Daten.\u00a0 Diese umfassende Vision bildet die Ausgangsdatenbasis f\u00fcr die weiteren Ma\u03b2nahmen im Projekt.<\/li>\n<li>Sensibilisierung, Ausbildung und praktische Ma\u03b2nahmen in Zusammenarbeit mit B\u00fcrgern, Kommunen und Landwirten:-B\u00fcrger spielen eine Schl\u00fcuselrolle als &#8222;Biodiversit\u00e4tssch\u00fctzer&#8220;.\u00a0 Durch Workshops, Konferenzen und Tauschb\u00f6rsen lernen sie, wie sie die Artenvielfalt in ihrem Garten oder ihrer Dorfgemeinschaft f\u00f6rdern k\u00f6nnen.\n<p>-Fort- und Weiterbildungen f\u00fcr kommunales Wartungspersonal.<\/p>\n<p>-Bestandsaufnahme von baulichen Elementen, die die Biodiversit\u00e4t unterst\u00fctzen k\u00f6nnen (s. B. Kircht\u00fcrme, alte Bahnh\u00f6fe, Stellwerkskabinen oder alte Stromh\u00e4uschen, die mit geeigneten Einrichtungen als Tierunterk\u00fcnfte dienen k\u00f6nnten).<\/p>\n<p>-F\u00f6rderung des \u00f6kologischen Netzwerks durch agrar\u00f6kologische Ma\u03b2nahmen, Erhalt oder Schaffung von Feuchtgebiente (Teiche, naturnahe Wasserl\u00e4ufe), Pflege von Hecken und Baumreihen sowie Erhalt und Pflege von Kopfweiden.<\/li>\n<li>Gartenbox: Sammlungvon BeratungskartenEin System mobiler Karten mit leicht Zug\u00e4nglichen Antworten.\u00a0 Die sogenannte &#8222;Gartenbox&#8220; enth\u00e4lt rund 100 Karten zu verschiedenen Themen.<\/li>\n<li>Umsetzung von Pilotprojekten-Entwicklung eines Modell-Naturgartens auf einem \u00f6ffentlichen, gut besuchten Gel\u00e4nde.\n<p>-Umsetzung von ein oder mehreren Pilotprojekten f\u00fcr gr\u00fcne Infrastruktur im st\u00e4dtischen Raum (z. B. begr\u00fcnte Fassaden und D\u00e4cher).<\/li>\n<\/ul>\n<p>&nbsp;<\/p>\n<p><img decoding=\"async\" class=\"alignnone wp-image-12480\" src=\"https:\/\/botrange.be\/wp-content\/uploads\/2024\/07\/Logos-leader-300x72.png\" alt=\"\" width=\"346\" height=\"83\" srcset=\"https:\/\/botrange.be\/wp-content\/uploads\/2024\/07\/Logos-leader-300x72.png 300w, https:\/\/botrange.be\/wp-content\/uploads\/2024\/07\/Logos-leader-1024x246.png 1024w, https:\/\/botrange.be\/wp-content\/uploads\/2024\/07\/Logos-leader-768x185.png 768w, https:\/\/botrange.be\/wp-content\/uploads\/2024\/07\/Logos-leader.png 1119w\" sizes=\"(max-width: 346px) 100vw, 346px\" \/>\u00a0<img decoding=\"async\" class=\"alignnone size-full wp-image-12657\" src=\"https:\/\/botrange.be\/wp-content\/uploads\/2024\/08\/lag-1-250x105-1.webp\" alt=\"entre vesdre et gueule\" width=\"250\" height=\"105\" \/><\/p>\n","protected":false},"excerpt":{"rendered":"<p class=\"excerpt\">Dieses LEADER-Projekt zielt darauf ab, eine Bestandsaufnahme des \u00f6kologischen Netzwerks im Gebiet des GAL &#8222;Zwischen Weser und G\u00f6hl&#8220; (Gemeinden Eupen, Raeren und Lontzen) zu erstellen und anschlie\u03b2end einen Katalog konkreter Ma\u03b2nahmen zur Verbesserung der Biodiversit\u00e4t vorzuschlagen &#8211; mit Unterst\u00fctzung von B\u00fcrgern, \u00f6ffentlichen Diensten und lokalen Vereinen.<\/p>\n","protected":false},"author":13,"featured_media":12668,"template":"","categories":[],"project_type":[56],"class_list":["post-13520","project","type-project","status-publish","has-post-thumbnail","hentry","project_type-paysage"],"acf":[],"yoast_head":"<!-- This site is optimized with the Yoast SEO plugin v27.4 - https:\/\/yoast.com\/product\/yoast-seo-wordpress\/ -->\n<title>Ein widerstandsf\u00e4higes und biodiverses Landschaftbild (2024-2027) - Parc naturel Hautes Fagnes-Eifel<\/title>\n<meta name=\"description\" content=\"Dieses LEADER-Projekt zielt darauf ab, eine Bestandsaufnahme des \u00f6kologischen Netzwerks im Gebiet des GAL &quot;Zwischen Weser und G\u00f6hl&quot; (Gemeinden Eupen, Raeren und Lontzen) zu erstellen und anschlie\u03b2end einen Katalog konkreter Ma\u03b2nahmen zur Verbesserung der Biodiversit\u00e4t vorzuschlagen - mit Unterst\u00fctzung von B\u00fcrgern, \u00f6ffentlichen Diensten und lokalen Vereinen.\" \/>\n<meta name=\"robots\" content=\"index, follow, max-snippet:-1, max-image-preview:large, max-video-preview:-1\" \/>\n<link rel=\"canonical\" href=\"https:\/\/botrange.be\/de\/project\/ein-widerstandsfaehiges-und-biodiverses-landschaftbild-2024-2027\/\" \/>\n<meta property=\"og:locale\" content=\"de_DE\" \/>\n<meta property=\"og:type\" content=\"article\" \/>\n<meta property=\"og:title\" content=\"Ein widerstandsf\u00e4higes und biodiverses Landschaftbild (2024-2027) - Parc naturel Hautes Fagnes-Eifel\" \/>\n<meta property=\"og:description\" content=\"Dieses LEADER-Projekt zielt darauf ab, eine Bestandsaufnahme des \u00f6kologischen Netzwerks im Gebiet des GAL &quot;Zwischen Weser und G\u00f6hl&quot; (Gemeinden Eupen, Raeren und Lontzen) zu erstellen und anschlie\u03b2end einen Katalog konkreter Ma\u03b2nahmen zur Verbesserung der Biodiversit\u00e4t vorzuschlagen - mit Unterst\u00fctzung von B\u00fcrgern, \u00f6ffentlichen Diensten und lokalen Vereinen.\" \/>\n<meta property=\"og:url\" content=\"https:\/\/botrange.be\/de\/project\/ein-widerstandsfaehiges-und-biodiverses-landschaftbild-2024-2027\/\" \/>\n<meta property=\"og:site_name\" content=\"Parc naturel Hautes Fagnes-Eifel\" \/>\n<meta property=\"article:modified_time\" content=\"2026-04-27T07:55:16+00:00\" \/>\n<meta property=\"og:image\" content=\"https:\/\/botrange.be\/wp-content\/uploads\/2024\/08\/PN_Hautes-fagnes-Eiffel-110-scaled.jpg\" \/>\n\t<meta property=\"og:image:width\" content=\"2560\" \/>\n\t<meta property=\"og:image:height\" content=\"1707\" \/>\n\t<meta property=\"og:image:type\" content=\"image\/jpeg\" \/>\n<meta name=\"twitter:card\" content=\"summary_large_image\" \/>\n<meta name=\"twitter:label1\" content=\"Gesch\u00e4tzte Lesezeit\" \/>\n\t<meta name=\"twitter:data1\" content=\"2\u00a0Minuten\" \/>\n<script type=\"application\/ld+json\" class=\"yoast-schema-graph\">{\"@context\":\"https:\\\/\\\/schema.org\",\"@graph\":[{\"@type\":\"WebPage\",\"@id\":\"https:\\\/\\\/botrange.be\\\/de\\\/project\\\/ein-widerstandsfaehiges-und-biodiverses-landschaftbild-2024-2027\\\/\",\"url\":\"https:\\\/\\\/botrange.be\\\/de\\\/project\\\/ein-widerstandsfaehiges-und-biodiverses-landschaftbild-2024-2027\\\/\",\"name\":\"Ein widerstandsf\u00e4higes und biodiverses Landschaftbild (2024-2027) - Parc naturel Hautes Fagnes-Eifel\",\"isPartOf\":{\"@id\":\"https:\\\/\\\/botrange.be\\\/de\\\/#website\"},\"primaryImageOfPage\":{\"@id\":\"https:\\\/\\\/botrange.be\\\/de\\\/project\\\/ein-widerstandsfaehiges-und-biodiverses-landschaftbild-2024-2027\\\/#primaryimage\"},\"image\":{\"@id\":\"https:\\\/\\\/botrange.be\\\/de\\\/project\\\/ein-widerstandsfaehiges-und-biodiverses-landschaftbild-2024-2027\\\/#primaryimage\"},\"thumbnailUrl\":\"https:\\\/\\\/botrange.be\\\/wp-content\\\/uploads\\\/2024\\\/08\\\/PN_Hautes-fagnes-Eiffel-110-scaled.jpg\",\"datePublished\":\"2024-12-13T08:13:59+00:00\",\"dateModified\":\"2026-04-27T07:55:16+00:00\",\"description\":\"Dieses LEADER-Projekt zielt darauf ab, eine Bestandsaufnahme des \u00f6kologischen Netzwerks im Gebiet des GAL \\\"Zwischen Weser und G\u00f6hl\\\" (Gemeinden Eupen, Raeren und Lontzen) zu erstellen und anschlie\u03b2end einen Katalog konkreter Ma\u03b2nahmen zur Verbesserung der Biodiversit\u00e4t vorzuschlagen - mit Unterst\u00fctzung von B\u00fcrgern, \u00f6ffentlichen Diensten und lokalen Vereinen.\",\"breadcrumb\":{\"@id\":\"https:\\\/\\\/botrange.be\\\/de\\\/project\\\/ein-widerstandsfaehiges-und-biodiverses-landschaftbild-2024-2027\\\/#breadcrumb\"},\"inLanguage\":\"de\",\"potentialAction\":[{\"@type\":\"ReadAction\",\"target\":[\"https:\\\/\\\/botrange.be\\\/de\\\/project\\\/ein-widerstandsfaehiges-und-biodiverses-landschaftbild-2024-2027\\\/\"]}]},{\"@type\":\"ImageObject\",\"inLanguage\":\"de\",\"@id\":\"https:\\\/\\\/botrange.be\\\/de\\\/project\\\/ein-widerstandsfaehiges-und-biodiverses-landschaftbild-2024-2027\\\/#primaryimage\",\"url\":\"https:\\\/\\\/botrange.be\\\/wp-content\\\/uploads\\\/2024\\\/08\\\/PN_Hautes-fagnes-Eiffel-110-scaled.jpg\",\"contentUrl\":\"https:\\\/\\\/botrange.be\\\/wp-content\\\/uploads\\\/2024\\\/08\\\/PN_Hautes-fagnes-Eiffel-110-scaled.jpg\",\"width\":2560,\"height\":1707},{\"@type\":\"BreadcrumbList\",\"@id\":\"https:\\\/\\\/botrange.be\\\/de\\\/project\\\/ein-widerstandsfaehiges-und-biodiverses-landschaftbild-2024-2027\\\/#breadcrumb\",\"itemListElement\":[{\"@type\":\"ListItem\",\"position\":1,\"name\":\"Accueil\",\"item\":\"https:\\\/\\\/botrange.be\\\/de\\\/\"},{\"@type\":\"ListItem\",\"position\":2,\"name\":\"Projects\",\"item\":\"https:\\\/\\\/botrange.be\\\/de\\\/project\\\/\"},{\"@type\":\"ListItem\",\"position\":3,\"name\":\"Ein widerstandsf\u00e4higes und biodiverses Landschaftbild (2024-2027)\"}]},{\"@type\":\"WebSite\",\"@id\":\"https:\\\/\\\/botrange.be\\\/de\\\/#website\",\"url\":\"https:\\\/\\\/botrange.be\\\/de\\\/\",\"name\":\"Parc naturel Hautes Fagnes-Eifel\",\"description\":\"50 ANS 1971-2021\",\"publisher\":{\"@id\":\"https:\\\/\\\/botrange.be\\\/de\\\/#organization\"},\"potentialAction\":[{\"@type\":\"SearchAction\",\"target\":{\"@type\":\"EntryPoint\",\"urlTemplate\":\"https:\\\/\\\/botrange.be\\\/de\\\/?s={search_term_string}\"},\"query-input\":{\"@type\":\"PropertyValueSpecification\",\"valueRequired\":true,\"valueName\":\"search_term_string\"}}],\"inLanguage\":\"de\"},{\"@type\":\"Organization\",\"@id\":\"https:\\\/\\\/botrange.be\\\/de\\\/#organization\",\"name\":\"Parc naturel Hautes Fagnes-Eifel\",\"url\":\"https:\\\/\\\/botrange.be\\\/de\\\/\",\"logo\":{\"@type\":\"ImageObject\",\"inLanguage\":\"de\",\"@id\":\"https:\\\/\\\/botrange.be\\\/de\\\/#\\\/schema\\\/logo\\\/image\\\/\",\"url\":\"https:\\\/\\\/botrange.be\\\/wp-content\\\/uploads\\\/2021\\\/06\\\/logo.svg\",\"contentUrl\":\"https:\\\/\\\/botrange.be\\\/wp-content\\\/uploads\\\/2021\\\/06\\\/logo.svg\",\"caption\":\"Parc naturel Hautes Fagnes-Eifel\"},\"image\":{\"@id\":\"https:\\\/\\\/botrange.be\\\/de\\\/#\\\/schema\\\/logo\\\/image\\\/\"}}]}<\/script>\n<!-- \/ Yoast SEO plugin. -->","yoast_head_json":{"title":"Ein widerstandsf\u00e4higes und biodiverses Landschaftbild (2024-2027) - Parc naturel Hautes Fagnes-Eifel","description":"Dieses LEADER-Projekt zielt darauf ab, eine Bestandsaufnahme des \u00f6kologischen Netzwerks im Gebiet des GAL \"Zwischen Weser und G\u00f6hl\" (Gemeinden Eupen, Raeren und Lontzen) zu erstellen und anschlie\u03b2end einen Katalog konkreter Ma\u03b2nahmen zur Verbesserung der Biodiversit\u00e4t vorzuschlagen - mit Unterst\u00fctzung von B\u00fcrgern, \u00f6ffentlichen Diensten und lokalen Vereinen.","robots":{"index":"index","follow":"follow","max-snippet":"max-snippet:-1","max-image-preview":"max-image-preview:large","max-video-preview":"max-video-preview:-1"},"canonical":"https:\/\/botrange.be\/de\/project\/ein-widerstandsfaehiges-und-biodiverses-landschaftbild-2024-2027\/","og_locale":"de_DE","og_type":"article","og_title":"Ein widerstandsf\u00e4higes und biodiverses Landschaftbild (2024-2027) - Parc naturel Hautes Fagnes-Eifel","og_description":"Dieses LEADER-Projekt zielt darauf ab, eine Bestandsaufnahme des \u00f6kologischen Netzwerks im Gebiet des GAL \"Zwischen Weser und G\u00f6hl\" (Gemeinden Eupen, Raeren und Lontzen) zu erstellen und anschlie\u03b2end einen Katalog konkreter Ma\u03b2nahmen zur Verbesserung der Biodiversit\u00e4t vorzuschlagen - mit Unterst\u00fctzung von B\u00fcrgern, \u00f6ffentlichen Diensten und lokalen Vereinen.","og_url":"https:\/\/botrange.be\/de\/project\/ein-widerstandsfaehiges-und-biodiverses-landschaftbild-2024-2027\/","og_site_name":"Parc naturel Hautes Fagnes-Eifel","article_modified_time":"2026-04-27T07:55:16+00:00","og_image":[{"width":2560,"height":1707,"url":"https:\/\/botrange.be\/wp-content\/uploads\/2024\/08\/PN_Hautes-fagnes-Eiffel-110-scaled.jpg","type":"image\/jpeg"}],"twitter_card":"summary_large_image","twitter_misc":{"Gesch\u00e4tzte Lesezeit":"2\u00a0Minuten"},"schema":{"@context":"https:\/\/schema.org","@graph":[{"@type":"WebPage","@id":"https:\/\/botrange.be\/de\/project\/ein-widerstandsfaehiges-und-biodiverses-landschaftbild-2024-2027\/","url":"https:\/\/botrange.be\/de\/project\/ein-widerstandsfaehiges-und-biodiverses-landschaftbild-2024-2027\/","name":"Ein widerstandsf\u00e4higes und biodiverses Landschaftbild (2024-2027) - Parc naturel Hautes Fagnes-Eifel","isPartOf":{"@id":"https:\/\/botrange.be\/de\/#website"},"primaryImageOfPage":{"@id":"https:\/\/botrange.be\/de\/project\/ein-widerstandsfaehiges-und-biodiverses-landschaftbild-2024-2027\/#primaryimage"},"image":{"@id":"https:\/\/botrange.be\/de\/project\/ein-widerstandsfaehiges-und-biodiverses-landschaftbild-2024-2027\/#primaryimage"},"thumbnailUrl":"https:\/\/botrange.be\/wp-content\/uploads\/2024\/08\/PN_Hautes-fagnes-Eiffel-110-scaled.jpg","datePublished":"2024-12-13T08:13:59+00:00","dateModified":"2026-04-27T07:55:16+00:00","description":"Dieses LEADER-Projekt zielt darauf ab, eine Bestandsaufnahme des \u00f6kologischen Netzwerks im Gebiet des GAL \"Zwischen Weser und G\u00f6hl\" (Gemeinden Eupen, Raeren und Lontzen) zu erstellen und anschlie\u03b2end einen Katalog konkreter Ma\u03b2nahmen zur Verbesserung der Biodiversit\u00e4t vorzuschlagen - mit Unterst\u00fctzung von B\u00fcrgern, \u00f6ffentlichen Diensten und lokalen Vereinen.","breadcrumb":{"@id":"https:\/\/botrange.be\/de\/project\/ein-widerstandsfaehiges-und-biodiverses-landschaftbild-2024-2027\/#breadcrumb"},"inLanguage":"de","potentialAction":[{"@type":"ReadAction","target":["https:\/\/botrange.be\/de\/project\/ein-widerstandsfaehiges-und-biodiverses-landschaftbild-2024-2027\/"]}]},{"@type":"ImageObject","inLanguage":"de","@id":"https:\/\/botrange.be\/de\/project\/ein-widerstandsfaehiges-und-biodiverses-landschaftbild-2024-2027\/#primaryimage","url":"https:\/\/botrange.be\/wp-content\/uploads\/2024\/08\/PN_Hautes-fagnes-Eiffel-110-scaled.jpg","contentUrl":"https:\/\/botrange.be\/wp-content\/uploads\/2024\/08\/PN_Hautes-fagnes-Eiffel-110-scaled.jpg","width":2560,"height":1707},{"@type":"BreadcrumbList","@id":"https:\/\/botrange.be\/de\/project\/ein-widerstandsfaehiges-und-biodiverses-landschaftbild-2024-2027\/#breadcrumb","itemListElement":[{"@type":"ListItem","position":1,"name":"Accueil","item":"https:\/\/botrange.be\/de\/"},{"@type":"ListItem","position":2,"name":"Projects","item":"https:\/\/botrange.be\/de\/project\/"},{"@type":"ListItem","position":3,"name":"Ein widerstandsf\u00e4higes und biodiverses Landschaftbild (2024-2027)"}]},{"@type":"WebSite","@id":"https:\/\/botrange.be\/de\/#website","url":"https:\/\/botrange.be\/de\/","name":"Parc naturel Hautes Fagnes-Eifel","description":"50 ANS 1971-2021","publisher":{"@id":"https:\/\/botrange.be\/de\/#organization"},"potentialAction":[{"@type":"SearchAction","target":{"@type":"EntryPoint","urlTemplate":"https:\/\/botrange.be\/de\/?s={search_term_string}"},"query-input":{"@type":"PropertyValueSpecification","valueRequired":true,"valueName":"search_term_string"}}],"inLanguage":"de"},{"@type":"Organization","@id":"https:\/\/botrange.be\/de\/#organization","name":"Parc naturel Hautes Fagnes-Eifel","url":"https:\/\/botrange.be\/de\/","logo":{"@type":"ImageObject","inLanguage":"de","@id":"https:\/\/botrange.be\/de\/#\/schema\/logo\/image\/","url":"https:\/\/botrange.be\/wp-content\/uploads\/2021\/06\/logo.svg","contentUrl":"https:\/\/botrange.be\/wp-content\/uploads\/2021\/06\/logo.svg","caption":"Parc naturel Hautes Fagnes-Eifel"},"image":{"@id":"https:\/\/botrange.be\/de\/#\/schema\/logo\/image\/"}}]}},"_links":{"self":[{"href":"https:\/\/botrange.be\/de\/wp-json\/wp\/v2\/project\/13520","targetHints":{"allow":["GET"]}}],"collection":[{"href":"https:\/\/botrange.be\/de\/wp-json\/wp\/v2\/project"}],"about":[{"href":"https:\/\/botrange.be\/de\/wp-json\/wp\/v2\/types\/project"}],"author":[{"embeddable":true,"href":"https:\/\/botrange.be\/de\/wp-json\/wp\/v2\/users\/13"}],"version-history":[{"count":1,"href":"https:\/\/botrange.be\/de\/wp-json\/wp\/v2\/project\/13520\/revisions"}],"predecessor-version":[{"id":16356,"href":"https:\/\/botrange.be\/de\/wp-json\/wp\/v2\/project\/13520\/revisions\/16356"}],"wp:featuredmedia":[{"embeddable":true,"href":"https:\/\/botrange.be\/de\/wp-json\/wp\/v2\/media\/12668"}],"wp:attachment":[{"href":"https:\/\/botrange.be\/de\/wp-json\/wp\/v2\/media?parent=13520"}],"wp:term":[{"taxonomy":"category","embeddable":true,"href":"https:\/\/botrange.be\/de\/wp-json\/wp\/v2\/categories?post=13520"},{"taxonomy":"project_type","embeddable":true,"href":"https:\/\/botrange.be\/de\/wp-json\/wp\/v2\/project_type?post=13520"}],"curies":[{"name":"wp","href":"https:\/\/api.w.org\/{rel}","templated":true}]}}