{"id":13553,"date":"2024-12-16T11:16:30","date_gmt":"2024-12-16T10:16:30","guid":{"rendered":"https:\/\/botrange.be\/project\/doerfer-und-regionen-resilient-und-zukunftsfaehig-2024-2027\/"},"modified":"2025-03-11T10:10:44","modified_gmt":"2025-03-11T09:10:44","slug":"doerfer-und-regionen-resilient-und-zukunftsfaehig-2024-2027","status":"publish","type":"project","link":"https:\/\/botrange.be\/de\/project\/doerfer-und-regionen-resilient-und-zukunftsfaehig-2024-2027\/","title":{"rendered":"D\u00f6rfer und Regionen: resilient und zukunftsf\u00e4hig (2024-2027)"},"content":{"rendered":"<h3>Dieses LEADER-projekt zielt darauf ab, die gr\u00fcne und blaue Infrastruktur in vier D\u00f6rfern des Gebiets der neuen LAG Fagnes Haute-Ambl\u00e8ve zu analysieren und anschlie\u03b2end einen Katalog mit konkreten Ma\u03b2nahmen zu erstellen, om diese Infrastruktur in Zusammenarbeit mit B\u00fcrgern, \u00f6ffentlichen Diensten und lokalen Verb\u00e4nden zu verbessern.<\/h3>\n<h4>Hintergrund<\/h4>\n<p>Derzeit sind ein Drittel der einheimischen Tier- und Pflanzenarten in Wallonien vom Aussterben bedroht. Es wird gesch\u00e4tzt, dass bereits 9% der Arten in unserer Region ausgestorben sind.\u00a0 Das Artensterben geschieht in einer Geschwindigkeit, die in der Geschichte beispiellos ist: Die Aussterberate ist hundertmal h\u00f6her als bei den gro\u03b2en Artensterben der Vergangenheit. Daher ist es unerl\u00e4sslich, die gesamte Bev\u00f6lkerung f\u00fcr dieDringlichkeit des Handelns zu sensibilisieren.\u00a0 Biodiversti\u00e4t ist essenziell f\u00fcr das Funktionieren von \u00d6kosystemen, die zahlreiche Dienstleistungen erbringen: wirtschaftliche (Biomasseproduktion), sozio-kulturelle und touristische (sch\u00f6ne Landschaften), medizinische und therapeutische (durch Molek\u00fcle und Wohlbefinden) sowie k\u00fcnsterlerische (Inspiration und Staunen).<\/p>\n<h4>Herausforderungen<\/h4>\n<p>Bek\u00e4mpfung des Verlusts an Flora- und Faunendiversit\u00e4t in den D\u00f6rfern infolge der Intensivierung der Landwirtschaft und der Konzentration von Produktionsst\u00e4tten.<\/p>\n<h4>Geplande Ma\u03b2nahmen<\/h4>\n<ul>\n<li><strong>St\u00e4rkung der &#8222;gr\u00fcnen und blauen Infrastuktur&#8220;<\/strong> (begr\u00fcnte Fl\u00e4chen und Wasserfl\u00e4chen) in und um die D\u00f6rfer, um die Biodiversit\u00e4t zu erh\u00f6hen, die Widerstandsf\u00e4higkeit gegen\u00fcber den Auswirkungen des Klimawandels zu verbessern und die D\u00f6rfer besser in die Landschaft zu integrieren (z. B. begr\u00fcnte Fassaden und D\u00e4cher).<\/li>\n<li><strong>Wahl eines &#8222;gr\u00fcnen Volbilddorfs&#8220; in jeder Gemeinde<\/strong>.\u00a0 Die Gewinnerd\u00f6rfer profitieren im weiteren Verlauf des Projekts von detaillierten Analysen.\u00a0 Alle D\u00f6rfer, auch diejenigen, die nicht ausgew\u00e4hlt werden, k\u00f6nnen von punktuellen Aktionen profitieren.\u00a0 F\u00fcr die ausgew\u00e4hlten D\u00f6rfer wird eine detaillierte Landschaftanalyse durchgef\u00fchrt, einschlie\u03b2lich einer Inventarisierung der gr\u00fcnen und blauen Infrastruktur, bestehender Landschaftselemente und einer Entwicklungsanalyse, um die historischen un kulturellen Besonderheiten judes Dorfs hervorzuheben.\u00a0 Die Ergebnisse dieser Studien werden in &#8222;Ideensammlungs-Workshops&#8220; genutzt, um gemeinsam mit den Bewohnern einen Ma\u03b2nahmenkatalo mit Konkreten Aktionen zu entwickeln.<\/li>\n<li><strong>Sensibilisierung zum Thema Biodiversit\u00e4t in bebauten Gebieten und konkrete Ma\u03b2nahmen zur F\u00f6rderung der gr\u00fcnen und blauen Infrastruktur<\/strong>.\u00a0 Dieses Thema richtet sich an die gesamte Bev\u00f6lkerung der vier Gemeinden.<br \/>\n&#8211; Erstellung von technischen Datenbl\u00e4ttern zur Verbesserung der Biodiversit\u00e4t in bebauten Gebieten.<br \/>\n&#8211; Workshops und Informationsreihen zur Verbesserung der Biodiversit\u00e4t, \u00d6kosystemdienstleistungen und Anpassung an den Klimawandel in l\u00e4ndlichen Gebieten.<br \/>\n&#8211; Informationstafeln \u00fcber die in den Vorbildd\u00f6rfern umgesetzten Ma\u03b2nahmen.<br \/>\n&#8211; Konkrete Ma\u03b2nahmen zur F\u00f6rderung der gr\u00fcnen und blauen Infrastruktur.<\/li>\n<\/ul>\n<p>Haputpartner: <a href=\"https:\/\/www.parcnatureldessources.be\/de\">Der Naturpark der Quellen<\/a><\/p>\n<p>&nbsp;<\/p>\n<p><img decoding=\"async\" class=\"alignnone wp-image-12480\" src=\"https:\/\/botrange.be\/wp-content\/uploads\/2024\/07\/Logos-leader-300x72.png\" alt=\"\" width=\"346\" height=\"83\" srcset=\"https:\/\/botrange.be\/wp-content\/uploads\/2024\/07\/Logos-leader-300x72.png 300w, https:\/\/botrange.be\/wp-content\/uploads\/2024\/07\/Logos-leader-1024x246.png 1024w, https:\/\/botrange.be\/wp-content\/uploads\/2024\/07\/Logos-leader-768x185.png 768w, https:\/\/botrange.be\/wp-content\/uploads\/2024\/07\/Logos-leader.png 1119w\" sizes=\"(max-width: 346px) 100vw, 346px\" \/> <img decoding=\"async\" class=\"alignnone wp-image-12502\" src=\"https:\/\/botrange.be\/wp-content\/uploads\/2024\/07\/PNS-208x300.png\" alt=\"\" width=\"137\" height=\"198\" srcset=\"https:\/\/botrange.be\/wp-content\/uploads\/2024\/07\/PNS-208x300.png 208w, https:\/\/botrange.be\/wp-content\/uploads\/2024\/07\/PNS.png 280w\" sizes=\"(max-width: 137px) 100vw, 137px\" \/><\/p>\n","protected":false},"excerpt":{"rendered":"<p class=\"excerpt\">Dieses LEADER-projekt zielt darauf ab, die gr\u00fcne und blaue Infrastruktur in vier D\u00f6rfern des Gebiets der neuen LAG Fagnes Haute-Ambl\u00e8ve zu analysieren und anschlie\u03b2end einen Katalog mit konkreten Ma\u03b2nahmen zu erstellen, om diese Infrastruktur in Zusammenarbeit mit B\u00fcrgern, \u00f6ffentlichen Diensten und lokalen Verb\u00e4nden zu verbessern.<\/p>\n","protected":false},"author":13,"featured_media":12471,"template":"","categories":[],"project_type":[56],"class_list":["post-13553","project","type-project","status-publish","has-post-thumbnail","hentry","project_type-paysage"],"acf":[],"yoast_head":"<!-- This site is optimized with the Yoast SEO plugin v27.4 - https:\/\/yoast.com\/product\/yoast-seo-wordpress\/ -->\n<title>D\u00f6rfer und Regionen: resilient und zukunftsf\u00e4hig (2024-2027) - Parc naturel Hautes Fagnes-Eifel<\/title>\n<meta name=\"description\" content=\"Dieses LEADER-projekt zielt darauf ab, die gr\u00fcne und blaue Infrastruktur in vier D\u00f6rfern des Gebiets der neuen LAG Fagnes Haute-Ambl\u00e8ve zu analysieren und anschlie\u03b2end einen Katalog mit konkreten Ma\u03b2nahmen zu erstellen, om diese Infrastruktur in Zusammenarbeit mit B\u00fcrgern, \u00f6ffentlichen Diensten und lokalen Verb\u00e4nden zu verbessern.\" \/>\n<meta name=\"robots\" content=\"index, follow, max-snippet:-1, max-image-preview:large, max-video-preview:-1\" \/>\n<link rel=\"canonical\" href=\"https:\/\/botrange.be\/de\/project\/doerfer-und-regionen-resilient-und-zukunftsfaehig-2024-2027\/\" \/>\n<meta property=\"og:locale\" content=\"de_DE\" \/>\n<meta property=\"og:type\" content=\"article\" \/>\n<meta property=\"og:title\" content=\"D\u00f6rfer und Regionen: resilient und zukunftsf\u00e4hig (2024-2027) - Parc naturel Hautes Fagnes-Eifel\" \/>\n<meta property=\"og:description\" content=\"Dieses LEADER-projekt zielt darauf ab, die gr\u00fcne und blaue Infrastruktur in vier D\u00f6rfern des Gebiets der neuen LAG Fagnes Haute-Ambl\u00e8ve zu analysieren und anschlie\u03b2end einen Katalog mit konkreten Ma\u03b2nahmen zu erstellen, om diese Infrastruktur in Zusammenarbeit mit B\u00fcrgern, \u00f6ffentlichen Diensten und lokalen Verb\u00e4nden zu verbessern.\" \/>\n<meta property=\"og:url\" content=\"https:\/\/botrange.be\/de\/project\/doerfer-und-regionen-resilient-und-zukunftsfaehig-2024-2027\/\" \/>\n<meta property=\"og:site_name\" content=\"Parc naturel Hautes Fagnes-Eifel\" \/>\n<meta property=\"article:modified_time\" content=\"2025-03-11T09:10:44+00:00\" \/>\n<meta property=\"og:image\" content=\"https:\/\/botrange.be\/wp-content\/uploads\/2024\/07\/PN_Hautes-fagnes-Eiffel_web-68.jpg\" \/>\n\t<meta property=\"og:image:width\" content=\"1600\" \/>\n\t<meta property=\"og:image:height\" content=\"1067\" \/>\n\t<meta property=\"og:image:type\" content=\"image\/jpeg\" \/>\n<meta name=\"twitter:card\" content=\"summary_large_image\" \/>\n<meta name=\"twitter:label1\" content=\"Gesch\u00e4tzte Lesezeit\" \/>\n\t<meta name=\"twitter:data1\" content=\"2\u00a0Minuten\" \/>\n<script type=\"application\/ld+json\" class=\"yoast-schema-graph\">{\"@context\":\"https:\\\/\\\/schema.org\",\"@graph\":[{\"@type\":\"WebPage\",\"@id\":\"https:\\\/\\\/botrange.be\\\/de\\\/project\\\/doerfer-und-regionen-resilient-und-zukunftsfaehig-2024-2027\\\/\",\"url\":\"https:\\\/\\\/botrange.be\\\/de\\\/project\\\/doerfer-und-regionen-resilient-und-zukunftsfaehig-2024-2027\\\/\",\"name\":\"D\u00f6rfer und Regionen: resilient und zukunftsf\u00e4hig (2024-2027) - Parc naturel Hautes Fagnes-Eifel\",\"isPartOf\":{\"@id\":\"https:\\\/\\\/botrange.be\\\/de\\\/#website\"},\"primaryImageOfPage\":{\"@id\":\"https:\\\/\\\/botrange.be\\\/de\\\/project\\\/doerfer-und-regionen-resilient-und-zukunftsfaehig-2024-2027\\\/#primaryimage\"},\"image\":{\"@id\":\"https:\\\/\\\/botrange.be\\\/de\\\/project\\\/doerfer-und-regionen-resilient-und-zukunftsfaehig-2024-2027\\\/#primaryimage\"},\"thumbnailUrl\":\"https:\\\/\\\/botrange.be\\\/wp-content\\\/uploads\\\/2024\\\/07\\\/PN_Hautes-fagnes-Eiffel_web-68.jpg\",\"datePublished\":\"2024-12-16T10:16:30+00:00\",\"dateModified\":\"2025-03-11T09:10:44+00:00\",\"description\":\"Dieses LEADER-projekt zielt darauf ab, die gr\u00fcne und blaue Infrastruktur in vier D\u00f6rfern des Gebiets der neuen LAG Fagnes Haute-Ambl\u00e8ve zu analysieren und anschlie\u03b2end einen Katalog mit konkreten Ma\u03b2nahmen zu erstellen, om diese Infrastruktur in Zusammenarbeit mit B\u00fcrgern, \u00f6ffentlichen Diensten und lokalen Verb\u00e4nden zu verbessern.\",\"breadcrumb\":{\"@id\":\"https:\\\/\\\/botrange.be\\\/de\\\/project\\\/doerfer-und-regionen-resilient-und-zukunftsfaehig-2024-2027\\\/#breadcrumb\"},\"inLanguage\":\"de\",\"potentialAction\":[{\"@type\":\"ReadAction\",\"target\":[\"https:\\\/\\\/botrange.be\\\/de\\\/project\\\/doerfer-und-regionen-resilient-und-zukunftsfaehig-2024-2027\\\/\"]}]},{\"@type\":\"ImageObject\",\"inLanguage\":\"de\",\"@id\":\"https:\\\/\\\/botrange.be\\\/de\\\/project\\\/doerfer-und-regionen-resilient-und-zukunftsfaehig-2024-2027\\\/#primaryimage\",\"url\":\"https:\\\/\\\/botrange.be\\\/wp-content\\\/uploads\\\/2024\\\/07\\\/PN_Hautes-fagnes-Eiffel_web-68.jpg\",\"contentUrl\":\"https:\\\/\\\/botrange.be\\\/wp-content\\\/uploads\\\/2024\\\/07\\\/PN_Hautes-fagnes-Eiffel_web-68.jpg\",\"width\":1600,\"height\":1067},{\"@type\":\"BreadcrumbList\",\"@id\":\"https:\\\/\\\/botrange.be\\\/de\\\/project\\\/doerfer-und-regionen-resilient-und-zukunftsfaehig-2024-2027\\\/#breadcrumb\",\"itemListElement\":[{\"@type\":\"ListItem\",\"position\":1,\"name\":\"Accueil\",\"item\":\"https:\\\/\\\/botrange.be\\\/de\\\/\"},{\"@type\":\"ListItem\",\"position\":2,\"name\":\"Projects\",\"item\":\"https:\\\/\\\/botrange.be\\\/de\\\/project\\\/\"},{\"@type\":\"ListItem\",\"position\":3,\"name\":\"D\u00f6rfer und Regionen: resilient und zukunftsf\u00e4hig (2024-2027)\"}]},{\"@type\":\"WebSite\",\"@id\":\"https:\\\/\\\/botrange.be\\\/de\\\/#website\",\"url\":\"https:\\\/\\\/botrange.be\\\/de\\\/\",\"name\":\"Parc naturel Hautes Fagnes-Eifel\",\"description\":\"50 ANS 1971-2021\",\"publisher\":{\"@id\":\"https:\\\/\\\/botrange.be\\\/de\\\/#organization\"},\"potentialAction\":[{\"@type\":\"SearchAction\",\"target\":{\"@type\":\"EntryPoint\",\"urlTemplate\":\"https:\\\/\\\/botrange.be\\\/de\\\/?s={search_term_string}\"},\"query-input\":{\"@type\":\"PropertyValueSpecification\",\"valueRequired\":true,\"valueName\":\"search_term_string\"}}],\"inLanguage\":\"de\"},{\"@type\":\"Organization\",\"@id\":\"https:\\\/\\\/botrange.be\\\/de\\\/#organization\",\"name\":\"Parc naturel Hautes Fagnes-Eifel\",\"url\":\"https:\\\/\\\/botrange.be\\\/de\\\/\",\"logo\":{\"@type\":\"ImageObject\",\"inLanguage\":\"de\",\"@id\":\"https:\\\/\\\/botrange.be\\\/de\\\/#\\\/schema\\\/logo\\\/image\\\/\",\"url\":\"https:\\\/\\\/botrange.be\\\/wp-content\\\/uploads\\\/2021\\\/06\\\/logo.svg\",\"contentUrl\":\"https:\\\/\\\/botrange.be\\\/wp-content\\\/uploads\\\/2021\\\/06\\\/logo.svg\",\"caption\":\"Parc naturel Hautes Fagnes-Eifel\"},\"image\":{\"@id\":\"https:\\\/\\\/botrange.be\\\/de\\\/#\\\/schema\\\/logo\\\/image\\\/\"}}]}<\/script>\n<!-- \/ Yoast SEO plugin. -->","yoast_head_json":{"title":"D\u00f6rfer und Regionen: resilient und zukunftsf\u00e4hig (2024-2027) - Parc naturel Hautes Fagnes-Eifel","description":"Dieses LEADER-projekt zielt darauf ab, die gr\u00fcne und blaue Infrastruktur in vier D\u00f6rfern des Gebiets der neuen LAG Fagnes Haute-Ambl\u00e8ve zu analysieren und anschlie\u03b2end einen Katalog mit konkreten Ma\u03b2nahmen zu erstellen, om diese Infrastruktur in Zusammenarbeit mit B\u00fcrgern, \u00f6ffentlichen Diensten und lokalen Verb\u00e4nden zu verbessern.","robots":{"index":"index","follow":"follow","max-snippet":"max-snippet:-1","max-image-preview":"max-image-preview:large","max-video-preview":"max-video-preview:-1"},"canonical":"https:\/\/botrange.be\/de\/project\/doerfer-und-regionen-resilient-und-zukunftsfaehig-2024-2027\/","og_locale":"de_DE","og_type":"article","og_title":"D\u00f6rfer und Regionen: resilient und zukunftsf\u00e4hig (2024-2027) - Parc naturel Hautes Fagnes-Eifel","og_description":"Dieses LEADER-projekt zielt darauf ab, die gr\u00fcne und blaue Infrastruktur in vier D\u00f6rfern des Gebiets der neuen LAG Fagnes Haute-Ambl\u00e8ve zu analysieren und anschlie\u03b2end einen Katalog mit konkreten Ma\u03b2nahmen zu erstellen, om diese Infrastruktur in Zusammenarbeit mit B\u00fcrgern, \u00f6ffentlichen Diensten und lokalen Verb\u00e4nden zu verbessern.","og_url":"https:\/\/botrange.be\/de\/project\/doerfer-und-regionen-resilient-und-zukunftsfaehig-2024-2027\/","og_site_name":"Parc naturel Hautes Fagnes-Eifel","article_modified_time":"2025-03-11T09:10:44+00:00","og_image":[{"width":1600,"height":1067,"url":"https:\/\/botrange.be\/wp-content\/uploads\/2024\/07\/PN_Hautes-fagnes-Eiffel_web-68.jpg","type":"image\/jpeg"}],"twitter_card":"summary_large_image","twitter_misc":{"Gesch\u00e4tzte Lesezeit":"2\u00a0Minuten"},"schema":{"@context":"https:\/\/schema.org","@graph":[{"@type":"WebPage","@id":"https:\/\/botrange.be\/de\/project\/doerfer-und-regionen-resilient-und-zukunftsfaehig-2024-2027\/","url":"https:\/\/botrange.be\/de\/project\/doerfer-und-regionen-resilient-und-zukunftsfaehig-2024-2027\/","name":"D\u00f6rfer und Regionen: resilient und zukunftsf\u00e4hig (2024-2027) - Parc naturel Hautes Fagnes-Eifel","isPartOf":{"@id":"https:\/\/botrange.be\/de\/#website"},"primaryImageOfPage":{"@id":"https:\/\/botrange.be\/de\/project\/doerfer-und-regionen-resilient-und-zukunftsfaehig-2024-2027\/#primaryimage"},"image":{"@id":"https:\/\/botrange.be\/de\/project\/doerfer-und-regionen-resilient-und-zukunftsfaehig-2024-2027\/#primaryimage"},"thumbnailUrl":"https:\/\/botrange.be\/wp-content\/uploads\/2024\/07\/PN_Hautes-fagnes-Eiffel_web-68.jpg","datePublished":"2024-12-16T10:16:30+00:00","dateModified":"2025-03-11T09:10:44+00:00","description":"Dieses LEADER-projekt zielt darauf ab, die gr\u00fcne und blaue Infrastruktur in vier D\u00f6rfern des Gebiets der neuen LAG Fagnes Haute-Ambl\u00e8ve zu analysieren und anschlie\u03b2end einen Katalog mit konkreten Ma\u03b2nahmen zu erstellen, om diese Infrastruktur in Zusammenarbeit mit B\u00fcrgern, \u00f6ffentlichen Diensten und lokalen Verb\u00e4nden zu verbessern.","breadcrumb":{"@id":"https:\/\/botrange.be\/de\/project\/doerfer-und-regionen-resilient-und-zukunftsfaehig-2024-2027\/#breadcrumb"},"inLanguage":"de","potentialAction":[{"@type":"ReadAction","target":["https:\/\/botrange.be\/de\/project\/doerfer-und-regionen-resilient-und-zukunftsfaehig-2024-2027\/"]}]},{"@type":"ImageObject","inLanguage":"de","@id":"https:\/\/botrange.be\/de\/project\/doerfer-und-regionen-resilient-und-zukunftsfaehig-2024-2027\/#primaryimage","url":"https:\/\/botrange.be\/wp-content\/uploads\/2024\/07\/PN_Hautes-fagnes-Eiffel_web-68.jpg","contentUrl":"https:\/\/botrange.be\/wp-content\/uploads\/2024\/07\/PN_Hautes-fagnes-Eiffel_web-68.jpg","width":1600,"height":1067},{"@type":"BreadcrumbList","@id":"https:\/\/botrange.be\/de\/project\/doerfer-und-regionen-resilient-und-zukunftsfaehig-2024-2027\/#breadcrumb","itemListElement":[{"@type":"ListItem","position":1,"name":"Accueil","item":"https:\/\/botrange.be\/de\/"},{"@type":"ListItem","position":2,"name":"Projects","item":"https:\/\/botrange.be\/de\/project\/"},{"@type":"ListItem","position":3,"name":"D\u00f6rfer und Regionen: resilient und zukunftsf\u00e4hig (2024-2027)"}]},{"@type":"WebSite","@id":"https:\/\/botrange.be\/de\/#website","url":"https:\/\/botrange.be\/de\/","name":"Parc naturel Hautes Fagnes-Eifel","description":"50 ANS 1971-2021","publisher":{"@id":"https:\/\/botrange.be\/de\/#organization"},"potentialAction":[{"@type":"SearchAction","target":{"@type":"EntryPoint","urlTemplate":"https:\/\/botrange.be\/de\/?s={search_term_string}"},"query-input":{"@type":"PropertyValueSpecification","valueRequired":true,"valueName":"search_term_string"}}],"inLanguage":"de"},{"@type":"Organization","@id":"https:\/\/botrange.be\/de\/#organization","name":"Parc naturel Hautes Fagnes-Eifel","url":"https:\/\/botrange.be\/de\/","logo":{"@type":"ImageObject","inLanguage":"de","@id":"https:\/\/botrange.be\/de\/#\/schema\/logo\/image\/","url":"https:\/\/botrange.be\/wp-content\/uploads\/2021\/06\/logo.svg","contentUrl":"https:\/\/botrange.be\/wp-content\/uploads\/2021\/06\/logo.svg","caption":"Parc naturel Hautes Fagnes-Eifel"},"image":{"@id":"https:\/\/botrange.be\/de\/#\/schema\/logo\/image\/"}}]}},"_links":{"self":[{"href":"https:\/\/botrange.be\/de\/wp-json\/wp\/v2\/project\/13553","targetHints":{"allow":["GET"]}}],"collection":[{"href":"https:\/\/botrange.be\/de\/wp-json\/wp\/v2\/project"}],"about":[{"href":"https:\/\/botrange.be\/de\/wp-json\/wp\/v2\/types\/project"}],"author":[{"embeddable":true,"href":"https:\/\/botrange.be\/de\/wp-json\/wp\/v2\/users\/13"}],"version-history":[{"count":1,"href":"https:\/\/botrange.be\/de\/wp-json\/wp\/v2\/project\/13553\/revisions"}],"predecessor-version":[{"id":13967,"href":"https:\/\/botrange.be\/de\/wp-json\/wp\/v2\/project\/13553\/revisions\/13967"}],"wp:featuredmedia":[{"embeddable":true,"href":"https:\/\/botrange.be\/de\/wp-json\/wp\/v2\/media\/12471"}],"wp:attachment":[{"href":"https:\/\/botrange.be\/de\/wp-json\/wp\/v2\/media?parent=13553"}],"wp:term":[{"taxonomy":"category","embeddable":true,"href":"https:\/\/botrange.be\/de\/wp-json\/wp\/v2\/categories?post=13553"},{"taxonomy":"project_type","embeddable":true,"href":"https:\/\/botrange.be\/de\/wp-json\/wp\/v2\/project_type?post=13553"}],"curies":[{"name":"wp","href":"https:\/\/api.w.org\/{rel}","templated":true}]}}