{"id":13614,"date":"2024-12-24T10:49:54","date_gmt":"2024-12-24T09:49:54","guid":{"rendered":"https:\/\/botrange.be\/project\/life-vallees-ardennaises-2020-2028\/"},"modified":"2026-02-17T16:28:32","modified_gmt":"2026-02-17T15:28:32","slug":"life-vallees-ardennaises-2020-2028","status":"publish","type":"project","link":"https:\/\/botrange.be\/de\/project\/life-vallees-ardennaises-2020-2028\/","title":{"rendered":"Life Vall\u00e9es ardennaises (2020-2028)"},"content":{"rendered":"<h2><strong>\u00d6kologische Wiederherstellung von Fl\u00fcssen und W\u00e4ldern in den eingeschnittenen T\u00e4lern der Ardennen<\/strong><\/h2>\n<p>LIFE Natur und Biodiversit\u00e4t &#8222;\u00d6kologische Wiederherstellung von Fl\u00fcssen und W\u00e4ldern in den eingeschnittenen T\u00e4lern der Einzugsgebiete von Ourthe, Amel, Weser und Our&#8220; (2020-2028) ist ein Projekt, das darauf abzielt, die Flussbetten, \u00dcberschwemmungsgebiete und bewaldeten H\u00e4nge der eingeschnittenen Ardennent\u00e4ler wiederherzustellen. Durch die Arbeit an den Quellgebieten der Flusseinzugsgebiete hofft das Projekt, die Wasserqualit\u00e4t der Ardennenfl\u00fcsse zu verbessern und ein \u00f6kologisches Kontinuum zugunsten dieser Lebensr\u00e4ume und Gemeinschaftsarten wiederherzustellen. Dies ist zudem das erste LIFE-Projekt in Wallonien, das die ganzheitliche \u00f6kologische Wiederherstellung von T\u00e4lern angeht.<\/p>\n<p>Ein Gesamtbudget von <strong>8.975.945 \u20ac<\/strong> wurde gemeinsam von Wallonien (40 %) und der Europ\u00e4ischen Kommission (60 %) bereitgestellt, um die Ma\u00dfnahmen des Projekts umzusetzen.<\/p>\n<p>Das Projekt wird von der<a href=\"http:\/\/www.berinzenne.be\/\"> asbl Domaine de B\u00e9rinzenne<\/a> in enger Zusammenarbeit mit dem <a href=\"https:\/\/www.wallonie.be\/fr\/acteurs-et-institutions\/wallonie\/service-public-de-wallonie\/spw-agriculture-ressources-naturelles-et-environnement\">\u00d6ffentlichen Dienst Walloniens \u2013 Landwirtschaft, nat\u00fcrliche Ressourcen &amp; Umwelt (SPW-ARNE)<\/a> initiiert. Drei Naturparks (<a href=\"https:\/\/pndo.be\/fr\/\">Naturpark Deux Ourthes<\/a>, <a href=\"https:\/\/botrange.be\/de\/\">Naturpark Hohes Venn-Eifel<\/a>, <a href=\"https:\/\/www.parcnatureldessources.be\/fr\">Naturpark der Quellen<\/a>) und zwei Provinzen (<a href=\"https:\/\/www.provincedeliege.be\/\">L\u00fcttich<\/a> und Luxemburg) arbeiten zusammen, um die Ziele zu erreichen. Auch zahlreiche externe Akteure sind am LIFE-Projekt beteiligt.<\/p>\n<p>Die Ma\u00dfnahmen des Projekts werden in einem Arbeitsgebiet von<strong> 25.966 ha<\/strong> umgesetzt, das sich auf <strong>36 Natura 2000-Gebiete<\/strong> verteilt.<\/p>\n<p>Das Projekt wird auch Synergien mit dem integrierten<a href=\"https:\/\/biodiversite.wallonie.be\/fr\/life-integre.html?IDC=6006\"> LIFE-Naturprojekt Belgien 2015-2023 (BNIP)<\/a> aufweisen. Au\u00dferdem erg\u00e4nzt es das gro\u00df angelegte <a href=\"https:\/\/biodiversite.wallonie.be\/fr\/meta-projet-life-de-restauration-des-tourbieres-de-haute-ardenne.html?IDC=5778\">Metaprojekt zur Wiederherstellung von Moorgebieten<\/a> in Wallonien, das zwischen 2002 und 2020 im Rahmen von sechs LIFE-Projekten durchgef\u00fchrt wurde (<a href=\"https:\/\/www.life-croixscaille.eu\/\">Croix-Scaille<\/a>, <a href=\"https:\/\/biodiversite.wallonie.be\/fr\/life-tourbieres-hautes-fagnes-2007-2012.html?IDC=3391\">Moore des Hohen Venns<\/a>, <a href=\"https:\/\/biodiversite.wallonie.be\/fr\/life-tourbieres-lomme-2010-2015.html?IDC=3142\">Moor Lomme<\/a>, <a href=\"https:\/\/biodiversite.wallonie.be\/fr\/life-tourbieres-saint-hubert-2003-2007.html?IDC=3077\">Saint-Hubert<\/a>, <a href=\"https:\/\/biodiversite.wallonie.be\/fr\/life-tourbieres-plateau-des-tailles.html?IDC=3197\">Plateau des Tailles<\/a> und <a href=\"https:\/\/biodiversite.wallonie.be\/fr\/life-ardenne-liegeoise-2012-2020.html?IDC=3590\">L\u00fctticher Ardennen<\/a>). Der besondere Aspekt des LIFE Vall\u00e9es ardennaises-Projekts ist die \u00f6kologische Wiederherstellung in den Unterl\u00e4ufen dieser Flusseinzugsgebiete.<\/p>\n<p><strong>ZIELE UNSERES NATURPARKS<\/strong><\/p>\n<p>Die beiden vom Projekt gesch\u00fctzten Muschelarten sind die Flussperlmuschel (<em>Margaritifera margaritifera<\/em>) und die dickschalige Flussmuschel (<em>Unio crassus<\/em>), die in Wallonien vom Aussterben bedroht sind.<\/p>\n","protected":false},"excerpt":{"rendered":"<p class=\"excerpt\">\u00d6kologische Wiederherstellung von Fl\u00fcssen und W\u00e4ldern in den eingeschnittenen T\u00e4lern der Ardennen<\/p>\n","protected":false},"author":1,"featured_media":4627,"template":"","categories":[],"project_type":[55],"class_list":["post-13614","project","type-project","status-publish","has-post-thumbnail","hentry","project_type-nature"],"acf":[],"yoast_head":"<!-- This site is optimized with the Yoast SEO plugin v27.4 - https:\/\/yoast.com\/product\/yoast-seo-wordpress\/ -->\n<title>Life Vall\u00e9es ardennaises (2020-2028) - Parc naturel Hautes Fagnes-Eifel<\/title>\n<meta name=\"robots\" content=\"index, follow, max-snippet:-1, max-image-preview:large, max-video-preview:-1\" \/>\n<link rel=\"canonical\" href=\"https:\/\/botrange.be\/de\/project\/life-vallees-ardennaises-2020-2028\/\" \/>\n<meta property=\"og:locale\" content=\"de_DE\" \/>\n<meta property=\"og:type\" content=\"article\" \/>\n<meta property=\"og:title\" content=\"Life Vall\u00e9es ardennaises (2020-2028) - Parc naturel Hautes Fagnes-Eifel\" \/>\n<meta property=\"og:description\" content=\"\u00d6kologische Wiederherstellung von Fl\u00fcssen und W\u00e4ldern in den eingeschnittenen T\u00e4lern der Ardennen\" \/>\n<meta property=\"og:url\" content=\"https:\/\/botrange.be\/de\/project\/life-vallees-ardennaises-2020-2028\/\" \/>\n<meta property=\"og:site_name\" content=\"Parc naturel Hautes Fagnes-Eifel\" \/>\n<meta property=\"article:modified_time\" content=\"2026-02-17T15:28:32+00:00\" \/>\n<meta property=\"og:image\" content=\"https:\/\/botrange.be\/wp-content\/uploads\/2021\/11\/C9_Margaretifera_margaretifera_Cght_R.-CORS.jpg\" \/>\n\t<meta property=\"og:image:width\" content=\"1500\" \/>\n\t<meta property=\"og:image:height\" content=\"1000\" \/>\n\t<meta property=\"og:image:type\" content=\"image\/jpeg\" \/>\n<meta name=\"twitter:card\" content=\"summary_large_image\" \/>\n<meta name=\"twitter:label1\" content=\"Gesch\u00e4tzte Lesezeit\" \/>\n\t<meta name=\"twitter:data1\" content=\"2\u00a0Minuten\" \/>\n<script type=\"application\/ld+json\" class=\"yoast-schema-graph\">{\"@context\":\"https:\\\/\\\/schema.org\",\"@graph\":[{\"@type\":\"WebPage\",\"@id\":\"https:\\\/\\\/botrange.be\\\/de\\\/project\\\/life-vallees-ardennaises-2020-2028\\\/\",\"url\":\"https:\\\/\\\/botrange.be\\\/de\\\/project\\\/life-vallees-ardennaises-2020-2028\\\/\",\"name\":\"Life Vall\u00e9es ardennaises (2020-2028) - Parc naturel Hautes Fagnes-Eifel\",\"isPartOf\":{\"@id\":\"https:\\\/\\\/botrange.be\\\/de\\\/#website\"},\"primaryImageOfPage\":{\"@id\":\"https:\\\/\\\/botrange.be\\\/de\\\/project\\\/life-vallees-ardennaises-2020-2028\\\/#primaryimage\"},\"image\":{\"@id\":\"https:\\\/\\\/botrange.be\\\/de\\\/project\\\/life-vallees-ardennaises-2020-2028\\\/#primaryimage\"},\"thumbnailUrl\":\"https:\\\/\\\/botrange.be\\\/wp-content\\\/uploads\\\/2021\\\/11\\\/C9_Margaretifera_margaretifera_Cght_R.-CORS.jpg\",\"datePublished\":\"2024-12-24T09:49:54+00:00\",\"dateModified\":\"2026-02-17T15:28:32+00:00\",\"breadcrumb\":{\"@id\":\"https:\\\/\\\/botrange.be\\\/de\\\/project\\\/life-vallees-ardennaises-2020-2028\\\/#breadcrumb\"},\"inLanguage\":\"de\",\"potentialAction\":[{\"@type\":\"ReadAction\",\"target\":[\"https:\\\/\\\/botrange.be\\\/de\\\/project\\\/life-vallees-ardennaises-2020-2028\\\/\"]}]},{\"@type\":\"ImageObject\",\"inLanguage\":\"de\",\"@id\":\"https:\\\/\\\/botrange.be\\\/de\\\/project\\\/life-vallees-ardennaises-2020-2028\\\/#primaryimage\",\"url\":\"https:\\\/\\\/botrange.be\\\/wp-content\\\/uploads\\\/2021\\\/11\\\/C9_Margaretifera_margaretifera_Cght_R.-CORS.jpg\",\"contentUrl\":\"https:\\\/\\\/botrange.be\\\/wp-content\\\/uploads\\\/2021\\\/11\\\/C9_Margaretifera_margaretifera_Cght_R.-CORS.jpg\",\"width\":1500,\"height\":1000,\"caption\":\"Margaretifera\"},{\"@type\":\"BreadcrumbList\",\"@id\":\"https:\\\/\\\/botrange.be\\\/de\\\/project\\\/life-vallees-ardennaises-2020-2028\\\/#breadcrumb\",\"itemListElement\":[{\"@type\":\"ListItem\",\"position\":1,\"name\":\"Accueil\",\"item\":\"https:\\\/\\\/botrange.be\\\/de\\\/\"},{\"@type\":\"ListItem\",\"position\":2,\"name\":\"Projects\",\"item\":\"https:\\\/\\\/botrange.be\\\/de\\\/project\\\/\"},{\"@type\":\"ListItem\",\"position\":3,\"name\":\"Life Vall\u00e9es ardennaises (2020-2028)\"}]},{\"@type\":\"WebSite\",\"@id\":\"https:\\\/\\\/botrange.be\\\/de\\\/#website\",\"url\":\"https:\\\/\\\/botrange.be\\\/de\\\/\",\"name\":\"Parc naturel Hautes Fagnes-Eifel\",\"description\":\"50 ANS 1971-2021\",\"publisher\":{\"@id\":\"https:\\\/\\\/botrange.be\\\/de\\\/#organization\"},\"potentialAction\":[{\"@type\":\"SearchAction\",\"target\":{\"@type\":\"EntryPoint\",\"urlTemplate\":\"https:\\\/\\\/botrange.be\\\/de\\\/?s={search_term_string}\"},\"query-input\":{\"@type\":\"PropertyValueSpecification\",\"valueRequired\":true,\"valueName\":\"search_term_string\"}}],\"inLanguage\":\"de\"},{\"@type\":\"Organization\",\"@id\":\"https:\\\/\\\/botrange.be\\\/de\\\/#organization\",\"name\":\"Parc naturel Hautes Fagnes-Eifel\",\"url\":\"https:\\\/\\\/botrange.be\\\/de\\\/\",\"logo\":{\"@type\":\"ImageObject\",\"inLanguage\":\"de\",\"@id\":\"https:\\\/\\\/botrange.be\\\/de\\\/#\\\/schema\\\/logo\\\/image\\\/\",\"url\":\"https:\\\/\\\/botrange.be\\\/wp-content\\\/uploads\\\/2021\\\/06\\\/logo.svg\",\"contentUrl\":\"https:\\\/\\\/botrange.be\\\/wp-content\\\/uploads\\\/2021\\\/06\\\/logo.svg\",\"caption\":\"Parc naturel Hautes Fagnes-Eifel\"},\"image\":{\"@id\":\"https:\\\/\\\/botrange.be\\\/de\\\/#\\\/schema\\\/logo\\\/image\\\/\"}}]}<\/script>\n<!-- \/ Yoast SEO plugin. -->","yoast_head_json":{"title":"Life Vall\u00e9es ardennaises (2020-2028) - Parc naturel Hautes Fagnes-Eifel","robots":{"index":"index","follow":"follow","max-snippet":"max-snippet:-1","max-image-preview":"max-image-preview:large","max-video-preview":"max-video-preview:-1"},"canonical":"https:\/\/botrange.be\/de\/project\/life-vallees-ardennaises-2020-2028\/","og_locale":"de_DE","og_type":"article","og_title":"Life Vall\u00e9es ardennaises (2020-2028) - Parc naturel Hautes Fagnes-Eifel","og_description":"\u00d6kologische Wiederherstellung von Fl\u00fcssen und W\u00e4ldern in den eingeschnittenen T\u00e4lern der Ardennen","og_url":"https:\/\/botrange.be\/de\/project\/life-vallees-ardennaises-2020-2028\/","og_site_name":"Parc naturel Hautes Fagnes-Eifel","article_modified_time":"2026-02-17T15:28:32+00:00","og_image":[{"width":1500,"height":1000,"url":"https:\/\/botrange.be\/wp-content\/uploads\/2021\/11\/C9_Margaretifera_margaretifera_Cght_R.-CORS.jpg","type":"image\/jpeg"}],"twitter_card":"summary_large_image","twitter_misc":{"Gesch\u00e4tzte Lesezeit":"2\u00a0Minuten"},"schema":{"@context":"https:\/\/schema.org","@graph":[{"@type":"WebPage","@id":"https:\/\/botrange.be\/de\/project\/life-vallees-ardennaises-2020-2028\/","url":"https:\/\/botrange.be\/de\/project\/life-vallees-ardennaises-2020-2028\/","name":"Life Vall\u00e9es ardennaises (2020-2028) - Parc naturel Hautes Fagnes-Eifel","isPartOf":{"@id":"https:\/\/botrange.be\/de\/#website"},"primaryImageOfPage":{"@id":"https:\/\/botrange.be\/de\/project\/life-vallees-ardennaises-2020-2028\/#primaryimage"},"image":{"@id":"https:\/\/botrange.be\/de\/project\/life-vallees-ardennaises-2020-2028\/#primaryimage"},"thumbnailUrl":"https:\/\/botrange.be\/wp-content\/uploads\/2021\/11\/C9_Margaretifera_margaretifera_Cght_R.-CORS.jpg","datePublished":"2024-12-24T09:49:54+00:00","dateModified":"2026-02-17T15:28:32+00:00","breadcrumb":{"@id":"https:\/\/botrange.be\/de\/project\/life-vallees-ardennaises-2020-2028\/#breadcrumb"},"inLanguage":"de","potentialAction":[{"@type":"ReadAction","target":["https:\/\/botrange.be\/de\/project\/life-vallees-ardennaises-2020-2028\/"]}]},{"@type":"ImageObject","inLanguage":"de","@id":"https:\/\/botrange.be\/de\/project\/life-vallees-ardennaises-2020-2028\/#primaryimage","url":"https:\/\/botrange.be\/wp-content\/uploads\/2021\/11\/C9_Margaretifera_margaretifera_Cght_R.-CORS.jpg","contentUrl":"https:\/\/botrange.be\/wp-content\/uploads\/2021\/11\/C9_Margaretifera_margaretifera_Cght_R.-CORS.jpg","width":1500,"height":1000,"caption":"Margaretifera"},{"@type":"BreadcrumbList","@id":"https:\/\/botrange.be\/de\/project\/life-vallees-ardennaises-2020-2028\/#breadcrumb","itemListElement":[{"@type":"ListItem","position":1,"name":"Accueil","item":"https:\/\/botrange.be\/de\/"},{"@type":"ListItem","position":2,"name":"Projects","item":"https:\/\/botrange.be\/de\/project\/"},{"@type":"ListItem","position":3,"name":"Life Vall\u00e9es ardennaises (2020-2028)"}]},{"@type":"WebSite","@id":"https:\/\/botrange.be\/de\/#website","url":"https:\/\/botrange.be\/de\/","name":"Parc naturel Hautes Fagnes-Eifel","description":"50 ANS 1971-2021","publisher":{"@id":"https:\/\/botrange.be\/de\/#organization"},"potentialAction":[{"@type":"SearchAction","target":{"@type":"EntryPoint","urlTemplate":"https:\/\/botrange.be\/de\/?s={search_term_string}"},"query-input":{"@type":"PropertyValueSpecification","valueRequired":true,"valueName":"search_term_string"}}],"inLanguage":"de"},{"@type":"Organization","@id":"https:\/\/botrange.be\/de\/#organization","name":"Parc naturel Hautes Fagnes-Eifel","url":"https:\/\/botrange.be\/de\/","logo":{"@type":"ImageObject","inLanguage":"de","@id":"https:\/\/botrange.be\/de\/#\/schema\/logo\/image\/","url":"https:\/\/botrange.be\/wp-content\/uploads\/2021\/06\/logo.svg","contentUrl":"https:\/\/botrange.be\/wp-content\/uploads\/2021\/06\/logo.svg","caption":"Parc naturel Hautes Fagnes-Eifel"},"image":{"@id":"https:\/\/botrange.be\/de\/#\/schema\/logo\/image\/"}}]}},"_links":{"self":[{"href":"https:\/\/botrange.be\/de\/wp-json\/wp\/v2\/project\/13614","targetHints":{"allow":["GET"]}}],"collection":[{"href":"https:\/\/botrange.be\/de\/wp-json\/wp\/v2\/project"}],"about":[{"href":"https:\/\/botrange.be\/de\/wp-json\/wp\/v2\/types\/project"}],"author":[{"embeddable":true,"href":"https:\/\/botrange.be\/de\/wp-json\/wp\/v2\/users\/1"}],"version-history":[{"count":1,"href":"https:\/\/botrange.be\/de\/wp-json\/wp\/v2\/project\/13614\/revisions"}],"predecessor-version":[{"id":16061,"href":"https:\/\/botrange.be\/de\/wp-json\/wp\/v2\/project\/13614\/revisions\/16061"}],"wp:featuredmedia":[{"embeddable":true,"href":"https:\/\/botrange.be\/de\/wp-json\/wp\/v2\/media\/4627"}],"wp:attachment":[{"href":"https:\/\/botrange.be\/de\/wp-json\/wp\/v2\/media?parent=13614"}],"wp:term":[{"taxonomy":"category","embeddable":true,"href":"https:\/\/botrange.be\/de\/wp-json\/wp\/v2\/categories?post=13614"},{"taxonomy":"project_type","embeddable":true,"href":"https:\/\/botrange.be\/de\/wp-json\/wp\/v2\/project_type?post=13614"}],"curies":[{"name":"wp","href":"https:\/\/api.w.org\/{rel}","templated":true}]}}